{"id":91,"date":"2018-01-11T20:00:18","date_gmt":"2018-01-11T19:00:18","guid":{"rendered":"http:\/\/michelcremerfoundation.eu\/?page_id=91"},"modified":"2018-04-16T11:38:28","modified_gmt":"2018-04-16T09:38:28","slug":"nos-specificites","status":"publish","type":"page","link":"https:\/\/michelcremerfoundation.eu\/index.php\/nos-specificites\/","title":{"rendered":"Nos sp\u00e9cificit\u00e9s"},"content":{"rendered":"<p><strong>L\u2019endoscopie <\/strong>th\u00e9rapeutique\u00a0est une chirurgie pratiqu\u00e9e par voie naturelle. Elle\u00a0<strong>a profond\u00e9ment chang\u00e9 le pronostic <\/strong>de nombreuses maladies. Son invasivit\u00e9 minimale\u00a0<strong>r\u00e9duit de mani\u00e8re drastique les traumatismes <\/strong>op\u00e9ratoires et les<strong> dur\u00e9es d\u2019hospitalisation<\/strong>.<\/p>\n<p>La poursuite du d\u00e9veloppement de\u00a0cette m\u00e9decine de pointe<strong> n\u00e9cessite la mise au point <\/strong><\/p>\n<p><strong>d\u2019ou<\/strong><img decoding=\"async\" class=\"alignright  wp-image-33\" src=\"https:\/\/fondationmichelcremer.files.wordpress.com\/2018\/01\/dsc_2794.jpg?w=200\" alt=\"DSC_2794\" width=\"163\" height=\"245\" \/><strong>ti<\/strong><strong>ls sp\u00e9cifiques <\/strong>diff\u00e9rents de ceux d\u2019une chirurgie conventionnelle.<\/p>\n<p>&nbsp;<\/p>\n<p><strong>Afin de d\u00e9velopper cette m\u00e9decine du futur<\/strong>, les\u00a0<strong>m\u00e9decins<\/strong>\u00a0du Laboratoire de Gastro-Ent\u00e9rologie de l\u2019h\u00f4pital Erasme,\u00a0<strong>et les ing\u00e9nieurs<\/strong>\u00a0du service Bio-, Electro- And Mechanical Systems (BEAMS) de l\u2019Universit\u00e9 libre de Bruxelles,\u00a0<strong>collaborent<\/strong>\u00a0depuis 2003\u00a0en vue de la<strong> conception de nouveaux instruments chirurgicaux.<\/strong><\/p>\n<p><strong>Cette collaboration<\/strong> unique a pris de l\u2019ampleur et a pu faire \u00e9tat d\u2019une <strong>grande capacit\u00e9 d\u2019innovation<\/strong>\u00a0; elle est <strong>devenue une r\u00e9f\u00e9rence internationale<\/strong> dans le monde de la gastro-ent\u00e9rologie.<\/p>\n<p style=\"text-align: justify;\">Cette collaboration a mis en place une structu<img fetchpriority=\"high\" decoding=\"async\" class=\"wp-image-83 size-medium alignright\" src=\"http:\/\/michelcremerfoundation.eu\/wp-content\/uploads\/2018\/01\/Med-equipe-1-200x300.jpg\" alt=\"\" width=\"200\" height=\"300\" srcset=\"https:\/\/michelcremerfoundation.eu\/wp-content\/uploads\/2018\/01\/Med-equipe-1-200x300.jpg 200w, https:\/\/michelcremerfoundation.eu\/wp-content\/uploads\/2018\/01\/Med-equipe-1.jpg 550w\" sizes=\"(max-width: 200px) 100vw, 200px\" \/>re non\u00a0profit (Brussels Medical Device Center<span style=\"font-size: 1rem;\"> \u2013 <\/span><a style=\"font-size: 1rem;\" href=\"https:\/\/fr.linkedin.com\/company\/bmdc\" target=\"_blank\" rel=\"noopener\">BMDC<\/a><span style=\"font-size: 1rem;\">) et un syst\u00e8me qualit\u00e9 r\u00e9pondant aux normes internationales <\/span>permettant d\u2019acc\u00e9l\u00e9rer le d\u00e9veloppement de dispositifs m\u00e9dicaux dans le domaine de l\u2019endoscopie, de favoriser le transfert des r\u00e9sultats de la recherche sur les dispositifs m\u00e9dicaux vers le monde industriel et de fournir aux h\u00f4pitaux des instruments capables de soulager les maladies rares rest\u00e9es sans solution ou traitement efficace<span style=\"font-size: 1rem;\">.<\/span><\/p>\n<p>&nbsp;<\/p>\n","protected":false},"excerpt":{"rendered":"<p>L\u2019endoscopie th\u00e9rapeutique\u00a0est une chirurgie pratiqu\u00e9e par voie naturelle. Elle\u00a0a profond\u00e9ment chang\u00e9 le pronostic de nombreuses maladies. Son invasivit\u00e9 minimale\u00a0r\u00e9duit de mani\u00e8re drastique les traumatismes op\u00e9ratoires et les dur\u00e9es d\u2019hospitalisation. La poursuite du d\u00e9veloppement de\u00a0cette m\u00e9decine de pointe n\u00e9cessite la mise au point d\u2019outils sp\u00e9cifiques diff\u00e9rents de ceux d\u2019une chirurgie conventionnelle. &nbsp; Afin de d\u00e9velopper cette m\u00e9decine du futur, les\u00a0m\u00e9decins\u00a0du Laboratoire de Gastro-Ent\u00e9rologie de l\u2019h\u00f4pital Erasme,\u00a0et les ing\u00e9nieurs\u00a0du service Bio-, Electro- And Mechanical Systems (BEAMS) de l\u2019Universit\u00e9 libre de Bruxelles,\u00a0collaborent\u00a0depuis 2003\u00a0en vue de la conception de nouveaux instruments chirurgicaux. Cette collaboration unique a pris de l\u2019ampleur et a pu faire \u00e9tat d\u2019une grande capacit\u00e9 d\u2019innovation\u00a0; elle est devenue une r\u00e9f\u00e9rence internationale dans le monde de la gastro-ent\u00e9rologie. Cette collaboration a mis en place une structure non\u00a0profit (Brussels Medical Device Center \u2013 BMDC) et un syst\u00e8me qualit\u00e9 r\u00e9pondant aux normes internationales permettant d\u2019acc\u00e9l\u00e9rer le d\u00e9veloppement de dispositifs m\u00e9dicaux dans le domaine de l\u2019endoscopie, de favoriser le transfert des r\u00e9sultats de la recherche sur les dispositifs m\u00e9dicaux vers le monde industriel et de fournir aux h\u00f4pitaux des instruments capables de soulager les maladies rares rest\u00e9es sans solution ou traitement efficace. &nbsp;<\/p>\n","protected":false},"author":1,"featured_media":0,"parent":0,"menu_order":0,"comment_status":"closed","ping_status":"closed","template":"","meta":{"give_campaign_id":0,"footnotes":""},"class_list":["post-91","page","type-page","status-publish","hentry"],"yoast_head":"<!-- This site is optimized with the Yoast SEO plugin v27.5 - https:\/\/yoast.com\/product\/yoast-seo-wordpress\/ -->\n<title>Nos sp\u00e9cificit\u00e9s - Fondation Michel Cremer<\/title>\n<meta name=\"robots\" content=\"index, follow, max-snippet:-1, max-image-preview:large, max-video-preview:-1\" \/>\n<link rel=\"canonical\" href=\"https:\/\/michelcremerfoundation.eu\/index.php\/nos-specificites\/\" \/>\n<meta property=\"og:locale\" content=\"fr_FR\" \/>\n<meta property=\"og:type\" content=\"article\" \/>\n<meta property=\"og:title\" content=\"Nos sp\u00e9cificit\u00e9s - Fondation Michel Cremer\" \/>\n<meta property=\"og:description\" content=\"L\u2019endoscopie th\u00e9rapeutique\u00a0est une chirurgie pratiqu\u00e9e par voie naturelle. Elle\u00a0a profond\u00e9ment chang\u00e9 le pronostic de nombreuses maladies. Son invasivit\u00e9 minimale\u00a0r\u00e9duit de mani\u00e8re drastique les traumatismes op\u00e9ratoires et les dur\u00e9es d\u2019hospitalisation. La poursuite du d\u00e9veloppement de\u00a0cette m\u00e9decine de pointe n\u00e9cessite la mise au point d\u2019outils sp\u00e9cifiques diff\u00e9rents de ceux d\u2019une chirurgie conventionnelle. &nbsp; Afin de d\u00e9velopper cette m\u00e9decine du futur, les\u00a0m\u00e9decins\u00a0du Laboratoire de Gastro-Ent\u00e9rologie de l\u2019h\u00f4pital Erasme,\u00a0et les ing\u00e9nieurs\u00a0du service Bio-, Electro- And Mechanical Systems (BEAMS) de l\u2019Universit\u00e9 libre de Bruxelles,\u00a0collaborent\u00a0depuis 2003\u00a0en vue de la conception de nouveaux instruments chirurgicaux. Cette collaboration unique a pris de l\u2019ampleur et a pu faire \u00e9tat d\u2019une grande capacit\u00e9 d\u2019innovation\u00a0; elle est devenue une r\u00e9f\u00e9rence internationale dans le monde de la gastro-ent\u00e9rologie. Cette collaboration a mis en place une structure non\u00a0profit (Brussels Medical Device Center \u2013 BMDC) et un syst\u00e8me qualit\u00e9 r\u00e9pondant aux normes internationales permettant d\u2019acc\u00e9l\u00e9rer le d\u00e9veloppement de dispositifs m\u00e9dicaux dans le domaine de l\u2019endoscopie, de favoriser le transfert des r\u00e9sultats de la recherche sur les dispositifs m\u00e9dicaux vers le monde industriel et de fournir aux h\u00f4pitaux des instruments capables de soulager les maladies rares rest\u00e9es sans solution ou traitement efficace. &nbsp;\" \/>\n<meta property=\"og:url\" content=\"https:\/\/michelcremerfoundation.eu\/index.php\/nos-specificites\/\" \/>\n<meta property=\"og:site_name\" content=\"Fondation Michel Cremer\" \/>\n<meta property=\"article:publisher\" content=\"https:\/\/www.facebook.com\/fondationmichelcremer\" \/>\n<meta property=\"article:modified_time\" content=\"2018-04-16T09:38:28+00:00\" \/>\n<meta property=\"og:image\" content=\"https:\/\/fondationmichelcremer.files.wordpress.com\/2018\/01\/dsc_2794.jpg?w=200\" \/>\n<meta name=\"twitter:card\" content=\"summary_large_image\" \/>\n<meta name=\"twitter:label1\" content=\"Dur\u00e9e de lecture estim\u00e9e\" \/>\n\t<meta name=\"twitter:data1\" content=\"1 minute\" \/>\n<script type=\"application\/ld+json\" class=\"yoast-schema-graph\">{\"@context\":\"https:\\\/\\\/schema.org\",\"@graph\":[{\"@type\":\"WebPage\",\"@id\":\"https:\\\/\\\/michelcremerfoundation.eu\\\/index.php\\\/nos-specificites\\\/\",\"url\":\"https:\\\/\\\/michelcremerfoundation.eu\\\/index.php\\\/nos-specificites\\\/\",\"name\":\"Nos sp\u00e9cificit\u00e9s - Fondation Michel Cremer\",\"isPartOf\":{\"@id\":\"https:\\\/\\\/michelcremerfoundation.eu\\\/#website\"},\"primaryImageOfPage\":{\"@id\":\"https:\\\/\\\/michelcremerfoundation.eu\\\/index.php\\\/nos-specificites\\\/#primaryimage\"},\"image\":{\"@id\":\"https:\\\/\\\/michelcremerfoundation.eu\\\/index.php\\\/nos-specificites\\\/#primaryimage\"},\"thumbnailUrl\":\"https:\\\/\\\/fondationmichelcremer.files.wordpress.com\\\/2018\\\/01\\\/dsc_2794.jpg?w=200\",\"datePublished\":\"2018-01-11T19:00:18+00:00\",\"dateModified\":\"2018-04-16T09:38:28+00:00\",\"breadcrumb\":{\"@id\":\"https:\\\/\\\/michelcremerfoundation.eu\\\/index.php\\\/nos-specificites\\\/#breadcrumb\"},\"inLanguage\":\"fr-FR\",\"potentialAction\":[{\"@type\":\"ReadAction\",\"target\":[\"https:\\\/\\\/michelcremerfoundation.eu\\\/index.php\\\/nos-specificites\\\/\"]}]},{\"@type\":\"ImageObject\",\"inLanguage\":\"fr-FR\",\"@id\":\"https:\\\/\\\/michelcremerfoundation.eu\\\/index.php\\\/nos-specificites\\\/#primaryimage\",\"url\":\"https:\\\/\\\/fondationmichelcremer.files.wordpress.com\\\/2018\\\/01\\\/dsc_2794.jpg?w=200\",\"contentUrl\":\"https:\\\/\\\/fondationmichelcremer.files.wordpress.com\\\/2018\\\/01\\\/dsc_2794.jpg?w=200\"},{\"@type\":\"BreadcrumbList\",\"@id\":\"https:\\\/\\\/michelcremerfoundation.eu\\\/index.php\\\/nos-specificites\\\/#breadcrumb\",\"itemListElement\":[{\"@type\":\"ListItem\",\"position\":1,\"name\":\"Accueil\",\"item\":\"https:\\\/\\\/michelcremerfoundation.eu\\\/\"},{\"@type\":\"ListItem\",\"position\":2,\"name\":\"Nos sp\u00e9cificit\u00e9s\"}]},{\"@type\":\"WebSite\",\"@id\":\"https:\\\/\\\/michelcremerfoundation.eu\\\/#website\",\"url\":\"https:\\\/\\\/michelcremerfoundation.eu\\\/\",\"name\":\"Fondation Michel Cremer\",\"description\":\"Ensemble, vers la m\u00e9decine du futur\",\"publisher\":{\"@id\":\"https:\\\/\\\/michelcremerfoundation.eu\\\/#organization\"},\"potentialAction\":[{\"@type\":\"SearchAction\",\"target\":{\"@type\":\"EntryPoint\",\"urlTemplate\":\"https:\\\/\\\/michelcremerfoundation.eu\\\/?s={search_term_string}\"},\"query-input\":{\"@type\":\"PropertyValueSpecification\",\"valueRequired\":true,\"valueName\":\"search_term_string\"}}],\"inLanguage\":\"fr-FR\"},{\"@type\":\"Organization\",\"@id\":\"https:\\\/\\\/michelcremerfoundation.eu\\\/#organization\",\"name\":\"Fondation Michel Cremer\",\"url\":\"https:\\\/\\\/michelcremerfoundation.eu\\\/\",\"logo\":{\"@type\":\"ImageObject\",\"inLanguage\":\"fr-FR\",\"@id\":\"https:\\\/\\\/michelcremerfoundation.eu\\\/#\\\/schema\\\/logo\\\/image\\\/\",\"url\":\"https:\\\/\\\/michelcremerfoundation.eu\\\/wp-content\\\/uploads\\\/2018\\\/03\\\/Logo-FMC-e1520765525490.jpg\",\"contentUrl\":\"https:\\\/\\\/michelcremerfoundation.eu\\\/wp-content\\\/uploads\\\/2018\\\/03\\\/Logo-FMC-e1520765525490.jpg\",\"width\":100,\"height\":66,\"caption\":\"Fondation Michel Cremer\"},\"image\":{\"@id\":\"https:\\\/\\\/michelcremerfoundation.eu\\\/#\\\/schema\\\/logo\\\/image\\\/\"},\"sameAs\":[\"https:\\\/\\\/www.facebook.com\\\/fondationmichelcremer\",\"https:\\\/\\\/www.linkedin.com\\\/company\\\/18897844\"]}]}<\/script>\n<!-- \/ Yoast SEO plugin. -->","yoast_head_json":{"title":"Nos sp\u00e9cificit\u00e9s - Fondation Michel Cremer","robots":{"index":"index","follow":"follow","max-snippet":"max-snippet:-1","max-image-preview":"max-image-preview:large","max-video-preview":"max-video-preview:-1"},"canonical":"https:\/\/michelcremerfoundation.eu\/index.php\/nos-specificites\/","og_locale":"fr_FR","og_type":"article","og_title":"Nos sp\u00e9cificit\u00e9s - Fondation Michel Cremer","og_description":"L\u2019endoscopie th\u00e9rapeutique\u00a0est une chirurgie pratiqu\u00e9e par voie naturelle. Elle\u00a0a profond\u00e9ment chang\u00e9 le pronostic de nombreuses maladies. Son invasivit\u00e9 minimale\u00a0r\u00e9duit de mani\u00e8re drastique les traumatismes op\u00e9ratoires et les dur\u00e9es d\u2019hospitalisation. La poursuite du d\u00e9veloppement de\u00a0cette m\u00e9decine de pointe n\u00e9cessite la mise au point d\u2019outils sp\u00e9cifiques diff\u00e9rents de ceux d\u2019une chirurgie conventionnelle. &nbsp; Afin de d\u00e9velopper cette m\u00e9decine du futur, les\u00a0m\u00e9decins\u00a0du Laboratoire de Gastro-Ent\u00e9rologie de l\u2019h\u00f4pital Erasme,\u00a0et les ing\u00e9nieurs\u00a0du service Bio-, Electro- And Mechanical Systems (BEAMS) de l\u2019Universit\u00e9 libre de Bruxelles,\u00a0collaborent\u00a0depuis 2003\u00a0en vue de la conception de nouveaux instruments chirurgicaux. Cette collaboration unique a pris de l\u2019ampleur et a pu faire \u00e9tat d\u2019une grande capacit\u00e9 d\u2019innovation\u00a0; elle est devenue une r\u00e9f\u00e9rence internationale dans le monde de la gastro-ent\u00e9rologie. Cette collaboration a mis en place une structure non\u00a0profit (Brussels Medical Device Center \u2013 BMDC) et un syst\u00e8me qualit\u00e9 r\u00e9pondant aux normes internationales permettant d\u2019acc\u00e9l\u00e9rer le d\u00e9veloppement de dispositifs m\u00e9dicaux dans le domaine de l\u2019endoscopie, de favoriser le transfert des r\u00e9sultats de la recherche sur les dispositifs m\u00e9dicaux vers le monde industriel et de fournir aux h\u00f4pitaux des instruments capables de soulager les maladies rares rest\u00e9es sans solution ou traitement efficace. &nbsp;","og_url":"https:\/\/michelcremerfoundation.eu\/index.php\/nos-specificites\/","og_site_name":"Fondation Michel Cremer","article_publisher":"https:\/\/www.facebook.com\/fondationmichelcremer","article_modified_time":"2018-04-16T09:38:28+00:00","og_image":[{"url":"https:\/\/fondationmichelcremer.files.wordpress.com\/2018\/01\/dsc_2794.jpg?w=200","type":"","width":"","height":""}],"twitter_card":"summary_large_image","twitter_misc":{"Dur\u00e9e de lecture estim\u00e9e":"1 minute"},"schema":{"@context":"https:\/\/schema.org","@graph":[{"@type":"WebPage","@id":"https:\/\/michelcremerfoundation.eu\/index.php\/nos-specificites\/","url":"https:\/\/michelcremerfoundation.eu\/index.php\/nos-specificites\/","name":"Nos sp\u00e9cificit\u00e9s - Fondation Michel Cremer","isPartOf":{"@id":"https:\/\/michelcremerfoundation.eu\/#website"},"primaryImageOfPage":{"@id":"https:\/\/michelcremerfoundation.eu\/index.php\/nos-specificites\/#primaryimage"},"image":{"@id":"https:\/\/michelcremerfoundation.eu\/index.php\/nos-specificites\/#primaryimage"},"thumbnailUrl":"https:\/\/fondationmichelcremer.files.wordpress.com\/2018\/01\/dsc_2794.jpg?w=200","datePublished":"2018-01-11T19:00:18+00:00","dateModified":"2018-04-16T09:38:28+00:00","breadcrumb":{"@id":"https:\/\/michelcremerfoundation.eu\/index.php\/nos-specificites\/#breadcrumb"},"inLanguage":"fr-FR","potentialAction":[{"@type":"ReadAction","target":["https:\/\/michelcremerfoundation.eu\/index.php\/nos-specificites\/"]}]},{"@type":"ImageObject","inLanguage":"fr-FR","@id":"https:\/\/michelcremerfoundation.eu\/index.php\/nos-specificites\/#primaryimage","url":"https:\/\/fondationmichelcremer.files.wordpress.com\/2018\/01\/dsc_2794.jpg?w=200","contentUrl":"https:\/\/fondationmichelcremer.files.wordpress.com\/2018\/01\/dsc_2794.jpg?w=200"},{"@type":"BreadcrumbList","@id":"https:\/\/michelcremerfoundation.eu\/index.php\/nos-specificites\/#breadcrumb","itemListElement":[{"@type":"ListItem","position":1,"name":"Accueil","item":"https:\/\/michelcremerfoundation.eu\/"},{"@type":"ListItem","position":2,"name":"Nos sp\u00e9cificit\u00e9s"}]},{"@type":"WebSite","@id":"https:\/\/michelcremerfoundation.eu\/#website","url":"https:\/\/michelcremerfoundation.eu\/","name":"Fondation Michel Cremer","description":"Ensemble, vers la m\u00e9decine du futur","publisher":{"@id":"https:\/\/michelcremerfoundation.eu\/#organization"},"potentialAction":[{"@type":"SearchAction","target":{"@type":"EntryPoint","urlTemplate":"https:\/\/michelcremerfoundation.eu\/?s={search_term_string}"},"query-input":{"@type":"PropertyValueSpecification","valueRequired":true,"valueName":"search_term_string"}}],"inLanguage":"fr-FR"},{"@type":"Organization","@id":"https:\/\/michelcremerfoundation.eu\/#organization","name":"Fondation Michel Cremer","url":"https:\/\/michelcremerfoundation.eu\/","logo":{"@type":"ImageObject","inLanguage":"fr-FR","@id":"https:\/\/michelcremerfoundation.eu\/#\/schema\/logo\/image\/","url":"https:\/\/michelcremerfoundation.eu\/wp-content\/uploads\/2018\/03\/Logo-FMC-e1520765525490.jpg","contentUrl":"https:\/\/michelcremerfoundation.eu\/wp-content\/uploads\/2018\/03\/Logo-FMC-e1520765525490.jpg","width":100,"height":66,"caption":"Fondation Michel Cremer"},"image":{"@id":"https:\/\/michelcremerfoundation.eu\/#\/schema\/logo\/image\/"},"sameAs":["https:\/\/www.facebook.com\/fondationmichelcremer","https:\/\/www.linkedin.com\/company\/18897844"]}]}},"campaignId":"","jetpack_shortlink":"https:\/\/wp.me\/PapkNB-1t","jetpack_sharing_enabled":true,"_links":{"self":[{"href":"https:\/\/michelcremerfoundation.eu\/index.php\/wp-json\/wp\/v2\/pages\/91","targetHints":{"allow":["GET"]}}],"collection":[{"href":"https:\/\/michelcremerfoundation.eu\/index.php\/wp-json\/wp\/v2\/pages"}],"about":[{"href":"https:\/\/michelcremerfoundation.eu\/index.php\/wp-json\/wp\/v2\/types\/page"}],"author":[{"embeddable":true,"href":"https:\/\/michelcremerfoundation.eu\/index.php\/wp-json\/wp\/v2\/users\/1"}],"replies":[{"embeddable":true,"href":"https:\/\/michelcremerfoundation.eu\/index.php\/wp-json\/wp\/v2\/comments?post=91"}],"version-history":[{"count":5,"href":"https:\/\/michelcremerfoundation.eu\/index.php\/wp-json\/wp\/v2\/pages\/91\/revisions"}],"predecessor-version":[{"id":273,"href":"https:\/\/michelcremerfoundation.eu\/index.php\/wp-json\/wp\/v2\/pages\/91\/revisions\/273"}],"wp:attachment":[{"href":"https:\/\/michelcremerfoundation.eu\/index.php\/wp-json\/wp\/v2\/media?parent=91"}],"curies":[{"name":"wp","href":"https:\/\/api.w.org\/{rel}","templated":true}]}}