{"id":3509,"date":"2020-05-19T19:54:01","date_gmt":"2020-05-19T17:54:01","guid":{"rendered":"https:\/\/michelcremerfoundation.eu\/?page_id=3509"},"modified":"2021-02-01T21:42:58","modified_gmt":"2021-02-01T20:42:58","slug":"michel-cremer-1","status":"publish","type":"page","link":"https:\/\/michelcremerfoundation.eu\/index.php\/nl\/michel-cremer-1\/","title":{"rendered":"Michel Cremer"},"content":{"rendered":"\t\t<div data-elementor-type=\"wp-post\" data-elementor-id=\"3509\" class=\"elementor elementor-3509\">\n\t\t\t\t\t\t<section class=\"elementor-section elementor-top-section elementor-element elementor-element-cfb13d0 elementor-section-boxed elementor-section-height-default elementor-section-height-default\" data-id=\"cfb13d0\" data-element_type=\"section\" data-e-type=\"section\">\n\t\t\t\t\t\t<div class=\"elementor-container elementor-column-gap-default\">\n\t\t\t\t\t<div class=\"elementor-column elementor-col-33 elementor-top-column elementor-element elementor-element-75d2b30\" data-id=\"75d2b30\" data-element_type=\"column\" data-e-type=\"column\">\n\t\t\t<div class=\"elementor-widget-wrap elementor-element-populated\">\n\t\t\t\t\t\t<div class=\"elementor-element elementor-element-324487f elementor-widget elementor-widget-image\" data-id=\"324487f\" data-element_type=\"widget\" data-e-type=\"widget\" data-widget_type=\"image.default\">\n\t\t\t\t<div class=\"elementor-widget-container\">\n\t\t\t\t\t\t\t\t\t\t\t\t<figure class=\"wp-caption\">\n\t\t\t\t\t\t\t\t\t\t<img fetchpriority=\"high\" decoding=\"async\" width=\"271\" height=\"379\" src=\"https:\/\/michelcremerfoundation.eu\/wp-content\/uploads\/2018\/10\/Michel-Cremer.jpg\" class=\"attachment-large size-large wp-image-1387\" alt=\"Michel Cremer\" srcset=\"https:\/\/michelcremerfoundation.eu\/wp-content\/uploads\/2018\/10\/Michel-Cremer-200x280.jpg 200w, https:\/\/michelcremerfoundation.eu\/wp-content\/uploads\/2018\/10\/Michel-Cremer-215x300.jpg 215w, https:\/\/michelcremerfoundation.eu\/wp-content\/uploads\/2018\/10\/Michel-Cremer.jpg 271w\" sizes=\"(max-width: 271px) 100vw, 271px\" \/>\t\t\t\t\t\t\t\t\t\t\t<figcaption class=\"widget-image-caption wp-caption-text\">Michel Cremer<\/figcaption>\n\t\t\t\t\t\t\t\t\t\t<\/figure>\n\t\t\t\t\t\t\t\t\t<\/div>\n\t\t\t\t<\/div>\n\t\t\t\t\t<\/div>\n\t\t<\/div>\n\t\t\t\t<div class=\"elementor-column elementor-col-66 elementor-top-column elementor-element elementor-element-b893d6e\" data-id=\"b893d6e\" data-element_type=\"column\" data-e-type=\"column\">\n\t\t\t<div class=\"elementor-widget-wrap elementor-element-populated\">\n\t\t\t\t\t\t<div class=\"elementor-element elementor-element-47a2246 elementor-widget elementor-widget-heading\" data-id=\"47a2246\" data-element_type=\"widget\" data-e-type=\"widget\" data-widget_type=\"heading.default\">\n\t\t\t\t<div class=\"elementor-widget-container\">\n\t\t\t\t\t<h2 class=\"elementor-heading-title elementor-size-default\">Een waardevolle steun aan de vorming<\/h2>\t\t\t\t<\/div>\n\t\t\t\t<\/div>\n\t\t\t\t<div class=\"elementor-element elementor-element-3a8bac0 elementor-widget elementor-widget-text-editor\" data-id=\"3a8bac0\" data-element_type=\"widget\" data-e-type=\"widget\" data-widget_type=\"text-editor.default\">\n\t\t\t\t<div class=\"elementor-widget-container\">\n\t\t\t\t\t\t\t\t\t<div class=\"fusion-text\"><p>Een Stichting op naam van Michel Cremer is net opgericht als een mooi eerbetoon aan diegene die jarenlang, tot zijn pensioen in 1998, het hoofd was van de dienst gastro-enterologie en hepato-pancreatologie van het ULB Erasmus ziekenhuis. De Stichting heeft o.a. als doel de ontwikkeling van het onderwijs, van het onderzoek en van de klinische kwaliteit inzake de gastro-enterologie, met bijzondere aandacht voor de endotherapie. Professor Michel Cremer is een jaar geleden overleden (op 25 maart 2009) op 74 jarige leeftijd. Hij heeft sporen achtergelaten bij een ganse generatie van gastro-enterologen die hij heeft opgeleid. Gediplomeerd van de ULB in 1958 \u2013 op het moment dat de allereerste flexibele endoscopie door Hirchovitz werd uitgevoerd \u2013 begon Michel Cremer zijn carri\u00e8re als internist in Brugmann, eerst onder de leiding van Pr Lambert, daarna van Jean-Jacques Desneux, pionier van de semi-rigide endoscopie en van de behandeling van digestieve bloedingen. \u2018\u2019 Wij beseffen niet hoeveel vooruitgangen in 50 jaar tijd zijn geboekt\u2019\u2019. Het kunnen lokaliseren van de plaats van de digestieve bloeding vooraleer de buik te openen, was toen iets heel bijzonders, legt Pr Jacques Devi\u00e8re uit. Hij is hoofd van het departement gastro-enterologie van het Erasmus ziekenhuis en heeft Michel Cremer als meester gehad. De flexibele endoscopie, toen nog in een pril stadium, werd met semi-rigide systemen uitgevoerd die in de \u2018\u2019slokdarm\u2019\u2019 werden ge\u00efntroduceerd. Naar aanleiding van het overlijden van Robert Desneux door een ongeval, grijpt Michel Cremer zijn kans om in deze evolutie een rol te spelen. Zo werd hij heel snel \u00e9\u00e9n van de wereldwijde pioniers inzake de endoscopie van de galpancreas of cholangiopancreatografie. Hij is \u00e9\u00e9n van de eerste die de opacificatie van de galweg heeft uitgevoerd. Dit was een revolutie in het behandelen van deze pathologie\u00ebn. In die tijd gebeurde dat enkel door een paar bijzonder talentvolle personen, vertelt Pr Devi\u00e8re. Bijvoorbeeld, de galstenen, die de oorzaak waren van geelzucht en koorts, veroorzaakten een sterftecijfer van ongeveer 40% in de jaren 60 omdat hun behandeling chirurgisch was. Men wachtte toen dat het voorbij ging. Dit gebeurde in dramatische omstandigheden\u2026. Vandaag de dag is het sterftecijfer minder dan 2%. Men behandelt de chronische pancreatitis en de galstenen. Men pakt galtumoren aan en men doet pre-operatieve drainage. Men draineert doorheen de maag alle ophopingen die zich errond bevinden\u2026<\/p><p>Michel Cremer heeft ook in januari 1974 de eerste therapeutische galbehandeling in Belgi\u00eb uitgevoerd \u2013 een gal sfincterotomie. Dit gebeurde pas 4 maanden na deze eerste wereldwijde premi\u00e8re die door een Duitser en een Japanner werd uitgevoerd. Zijn school voor endoscopie in Brugmann, al heel bekend, kreeg toen nog een grotere reputatie. Daarna, vanaf het begin van de Stichting van het Erasmus ziekenhuis in 1977, richtte Michel Cremer het medisch chirurgisch departement van gastro-enterologie op, samen met zijn rechterhand Jean-Pierre Lambilliote, hoofd van de gastro in Brugmann. Het was toen best revolutionair om chirurgen en artsen te willen laten samenwerken om dezelfde pati\u00ebnten te behandelen. Michel Cremer besloot om zijn school voor endoscopie te verplaatsen van Brugmann naar Erasmus, waar er zich een wachtdienst, een dienst intensieve zorgen en een dienst gastro-enterologie bevonden.<\/p><\/div>\t\t\t\t\t\t\t\t<\/div>\n\t\t\t\t<\/div>\n\t\t\t\t\t<\/div>\n\t\t<\/div>\n\t\t\t\t\t<\/div>\n\t\t<\/section>\n\t\t\t\t<section class=\"elementor-section elementor-top-section elementor-element elementor-element-16055af elementor-section-boxed elementor-section-height-default elementor-section-height-default\" data-id=\"16055af\" data-element_type=\"section\" data-e-type=\"section\">\n\t\t\t\t\t\t<div class=\"elementor-container elementor-column-gap-default\">\n\t\t\t\t\t<div class=\"elementor-column elementor-col-100 elementor-top-column elementor-element elementor-element-94a7e26\" data-id=\"94a7e26\" data-element_type=\"column\" data-e-type=\"column\">\n\t\t\t<div class=\"elementor-widget-wrap elementor-element-populated\">\n\t\t\t\t\t\t<div class=\"elementor-element elementor-element-cb61225 elementor-widget elementor-widget-heading\" data-id=\"cb61225\" data-element_type=\"widget\" data-e-type=\"widget\" data-widget_type=\"heading.default\">\n\t\t\t\t<div class=\"elementor-widget-container\">\n\t\t\t\t\t<h3 class=\"elementor-heading-title elementor-size-default\">Medische chirurgische samenwerking<\/h3>\t\t\t\t<\/div>\n\t\t\t\t<\/div>\n\t\t\t\t<div class=\"elementor-element elementor-element-89d5ec2 elementor-widget elementor-widget-text-editor\" data-id=\"89d5ec2\" data-element_type=\"widget\" data-e-type=\"widget\" data-widget_type=\"text-editor.default\">\n\t\t\t\t<div class=\"elementor-widget-container\">\n\t\t\t\t\t\t\t\t\t<p>Een flinke veertigtal artsen werken op vandaag in het departement, \u00e9\u00e9n van de belangrijkste in Belgi\u00eb, buiten de KUL. Samen beheren ze de diensten endoscopie, hepatologie van digestieve chirurgie en gastro-enterologie. \u2018\u2019Een van de bijzonderheden inzake de ontwikkeling van de dienst, is ook om de eerste te zijn geweest op wereldniveau om endoscopisch de alvleesklierziekten te behandelen, vertelt Jacques Devi\u00e8re verder. Dankzij Michel Cremer zijn de eerste pancreas sfincterotomie\u00ebn in 1976 uitgevoerd, maar ook de eerste drainages van cysten via de wand van het spijsverteringskanaal, al in 1980. Men moest toen moed hebben om deze operatie uit te voeren omdat wij toen niet dezelfde apparatuur hadden dan nu. Daardoor is onze School een wereldwijd referentiecentrum gebleven inzake de behandeling van de chronische pancreatitis, een inflammatoire en littekenvormende ziekte van de alvleesklier. Voor deze ziekte bestaan chirurgische en medische of endoscopische behandelingen. Op het gebied van de endoscopische behandeling zijn wij, dankzij Michel Cremer, de pioniers geweest. Daarnaast heeft Michel Cremer het slim gespeeld door de dienst te openen voor andere disciplines (digestieve oncologie, hepathologie, voeding) die zoals de endoscopie belangrijk zijn.\u2019\u2019 Hij heeft me ook nog geholpen om het onderzoekslaboratorium voor de gastro-enterologie op te richten. Dit laboratorium is verbonden aan de diensten cultaires. Het is een laboratorium voor fundamenteel en translationnelle onderzoek, vertelt in alle vertrouwen zijn opvolger als hoofd van de dienst gastro-enterologie en hepato-pancreatologie van het Academisch ziekenhuis van de ULB, op het Erasmus Campus. Na zijn pensioen heeft Michel Cremer gedurende een paar jaar vrijwillig zijn passie verdergezet in de dienst, die hem op het moment van zijn vertrek een schilderij heeft geschonken. Zijn overlijden, vorig jaar, heeft een enorme leegte bij zijn vrienden achtergelaten en ook veel emotie teweeggebracht bij zijn medewerkers en leerlingen uit alle uithoeken van de wereld. \u2019\u2019Wij hebben beslist om een Stichting op zijn naam op te richten omdat er, op internationaal niveau, mensen waren die wat geld wilden geven. Hij had \u201clive\u201d onderwijs en cursussen gemaakt, die wij elk jaar in juni organiseren, met alle voorzichtigheid en ethiek die erbij horen t.o.v. de pati\u00ebnt, ter gelegenheid van ons \u2018\u2019gastro-enterology and endotherapy\u2019\u2019 congres waarop bijna 1000 deelnemers van de hele wereld aanwezig zijn. Het oprichten van deze Stichting was dus de wil van de hele dienst, die sterk aan hem gehecht was.<\/p><p>Het doel van deze Stichting is de ontwikkeling van het onderwijs, van het onderzoek en de klinische kwaliteit inzake gastro-enterologie, met een bijzondere aandacht voor de endotherapie. Dit brede doel maakt het mogelijk om o.a. beurzen toe te kennen aan artsen in opleiding \u2013 blijkbaar talrijk om zich bij ons te komen specialiseren, om een of andere prijs uit te reiken voor onderzoekswerken en om in de functionerings- en personeelskosten tussen te komen. Op termijn zou de Stichting kunnen helpen om een onderwijscentrum te ontwikkelen inzake de gastro-enterologie en de endotherapie. In eerste instantie zouden deze cursussen kunnen plaatsvinden in lokalen die in het ziekenhuis ter beschikking zijn. Maar, waarom zouden wij op middellange termijn geen structuur, met een redelijke dimensie, kunnen uitbouwen die hoofzakelijk bestemd zou zijn voor dit soort onderwijs. Dergelijke structuur zou ook de evaluatie van nieuwe technieken en van theoretische opleidingen kunnen doen, en zelfs de preklinische evaluaties van nieuwe behandelingen. Iets waar zijn leerling, Pr Jacques Devi\u00e8re, al van droomt.<\/p><p><span style=\"font-weight: 400;\"><i>Opgesteld door : \u00a0\u00bb Thierry Goorden \u00a0\u00bb\u00a0<\/i><\/span><\/p>\t\t\t\t\t\t\t\t<\/div>\n\t\t\t\t<\/div>\n\t\t\t\t\t<\/div>\n\t\t<\/div>\n\t\t\t\t\t<\/div>\n\t\t<\/section>\n\t\t\t\t<\/div>\n\t\t","protected":false},"excerpt":{"rendered":"<p>Michel Cremer Een waardevolle steun aan de vorming Een Stichting op naam van Michel Cremer is net opgericht als een mooi eerbetoon aan diegene die jarenlang, tot zijn pensioen in 1998, het hoofd was van de dienst gastro-enterologie en hepato-pancreatologie van het ULB Erasmus ziekenhuis. De Stichting heeft o.a. als doel de ontwikkeling van het onderwijs, van het onderzoek en van de klinische kwaliteit inzake de gastro-enterologie, met bijzondere aandacht voor de endotherapie. Professor Michel Cremer is een jaar geleden overleden (op 25 maart 2009) op 74 jarige leeftijd. Hij heeft sporen achtergelaten bij een ganse generatie van gastro-enterologen die hij heeft opgeleid. Gediplomeerd van de ULB in 1958 \u2013 op het moment dat de allereerste flexibele endoscopie door Hirchovitz werd uitgevoerd \u2013 begon Michel Cremer zijn carri\u00e8re als internist in Brugmann, eerst onder de leiding van Pr Lambert, daarna van Jean-Jacques Desneux, pionier van de semi-rigide endoscopie en van de behandeling van digestieve bloedingen. \u2018\u2019 Wij beseffen niet hoeveel vooruitgangen in 50 jaar tijd zijn geboekt\u2019\u2019. Het kunnen lokaliseren van de plaats van de digestieve bloeding vooraleer de buik te openen, was toen iets heel bijzonders, legt Pr Jacques Devi\u00e8re uit. Hij is hoofd van het departement gastro-enterologie van het Erasmus ziekenhuis en heeft Michel Cremer als meester gehad. De flexibele endoscopie, toen nog in een pril stadium, werd [&hellip;]<\/p>\n","protected":false},"author":8,"featured_media":0,"parent":0,"menu_order":0,"comment_status":"closed","ping_status":"closed","template":"","meta":{"give_campaign_id":0,"footnotes":""},"class_list":["post-3509","page","type-page","status-publish","hentry"],"yoast_head":"<!-- This site is optimized with the Yoast SEO plugin v27.4 - https:\/\/yoast.com\/product\/yoast-seo-wordpress\/ -->\n<title>Michel Cremer - Fondation Michel Cremer<\/title>\n<meta name=\"robots\" content=\"index, follow, max-snippet:-1, max-image-preview:large, max-video-preview:-1\" \/>\n<link rel=\"canonical\" href=\"https:\/\/michelcremerfoundation.eu\/index.php\/nl\/michel-cremer-1\/\" \/>\n<meta property=\"og:locale\" content=\"fr_FR\" \/>\n<meta property=\"og:type\" content=\"article\" \/>\n<meta property=\"og:title\" content=\"Michel Cremer - Fondation Michel Cremer\" \/>\n<meta property=\"og:description\" content=\"Michel Cremer Een waardevolle steun aan de vorming Een Stichting op naam van Michel Cremer is net opgericht als een mooi eerbetoon aan diegene die jarenlang, tot zijn pensioen in 1998, het hoofd was van de dienst gastro-enterologie en hepato-pancreatologie van het ULB Erasmus ziekenhuis. De Stichting heeft o.a. als doel de ontwikkeling van het onderwijs, van het onderzoek en van de klinische kwaliteit inzake de gastro-enterologie, met bijzondere aandacht voor de endotherapie. Professor Michel Cremer is een jaar geleden overleden (op 25 maart 2009) op 74 jarige leeftijd. Hij heeft sporen achtergelaten bij een ganse generatie van gastro-enterologen die hij heeft opgeleid. Gediplomeerd van de ULB in 1958 \u2013 op het moment dat de allereerste flexibele endoscopie door Hirchovitz werd uitgevoerd \u2013 begon Michel Cremer zijn carri\u00e8re als internist in Brugmann, eerst onder de leiding van Pr Lambert, daarna van Jean-Jacques Desneux, pionier van de semi-rigide endoscopie en van de behandeling van digestieve bloedingen. \u2018\u2019 Wij beseffen niet hoeveel vooruitgangen in 50 jaar tijd zijn geboekt\u2019\u2019. Het kunnen lokaliseren van de plaats van de digestieve bloeding vooraleer de buik te openen, was toen iets heel bijzonders, legt Pr Jacques Devi\u00e8re uit. Hij is hoofd van het departement gastro-enterologie van het Erasmus ziekenhuis en heeft Michel Cremer als meester gehad. De flexibele endoscopie, toen nog in een pril stadium, werd [&hellip;]\" \/>\n<meta property=\"og:url\" content=\"https:\/\/michelcremerfoundation.eu\/index.php\/nl\/michel-cremer-1\/\" \/>\n<meta property=\"og:site_name\" content=\"Fondation Michel Cremer\" \/>\n<meta property=\"article:publisher\" content=\"https:\/\/www.facebook.com\/fondationmichelcremer\" \/>\n<meta property=\"article:modified_time\" content=\"2021-02-01T20:42:58+00:00\" \/>\n<meta property=\"og:image\" content=\"https:\/\/michelcremerfoundation.eu\/wp-content\/uploads\/2018\/10\/Michel-Cremer.jpg\" \/>\n<meta name=\"twitter:card\" content=\"summary_large_image\" \/>\n<meta name=\"twitter:label1\" content=\"Dur\u00e9e de lecture estim\u00e9e\" \/>\n\t<meta name=\"twitter:data1\" content=\"5 minutes\" \/>\n<script type=\"application\/ld+json\" class=\"yoast-schema-graph\">{\"@context\":\"https:\\\/\\\/schema.org\",\"@graph\":[{\"@type\":\"WebPage\",\"@id\":\"https:\\\/\\\/michelcremerfoundation.eu\\\/index.php\\\/nl\\\/michel-cremer-1\\\/\",\"url\":\"https:\\\/\\\/michelcremerfoundation.eu\\\/index.php\\\/nl\\\/michel-cremer-1\\\/\",\"name\":\"Michel Cremer - Fondation Michel Cremer\",\"isPartOf\":{\"@id\":\"https:\\\/\\\/michelcremerfoundation.eu\\\/#website\"},\"primaryImageOfPage\":{\"@id\":\"https:\\\/\\\/michelcremerfoundation.eu\\\/index.php\\\/nl\\\/michel-cremer-1\\\/#primaryimage\"},\"image\":{\"@id\":\"https:\\\/\\\/michelcremerfoundation.eu\\\/index.php\\\/nl\\\/michel-cremer-1\\\/#primaryimage\"},\"thumbnailUrl\":\"https:\\\/\\\/michelcremerfoundation.eu\\\/wp-content\\\/uploads\\\/2018\\\/10\\\/Michel-Cremer.jpg\",\"datePublished\":\"2020-05-19T17:54:01+00:00\",\"dateModified\":\"2021-02-01T20:42:58+00:00\",\"breadcrumb\":{\"@id\":\"https:\\\/\\\/michelcremerfoundation.eu\\\/index.php\\\/nl\\\/michel-cremer-1\\\/#breadcrumb\"},\"inLanguage\":\"fr-FR\",\"potentialAction\":[{\"@type\":\"ReadAction\",\"target\":[\"https:\\\/\\\/michelcremerfoundation.eu\\\/index.php\\\/nl\\\/michel-cremer-1\\\/\"]}]},{\"@type\":\"ImageObject\",\"inLanguage\":\"fr-FR\",\"@id\":\"https:\\\/\\\/michelcremerfoundation.eu\\\/index.php\\\/nl\\\/michel-cremer-1\\\/#primaryimage\",\"url\":\"https:\\\/\\\/michelcremerfoundation.eu\\\/wp-content\\\/uploads\\\/2018\\\/10\\\/Michel-Cremer.jpg\",\"contentUrl\":\"https:\\\/\\\/michelcremerfoundation.eu\\\/wp-content\\\/uploads\\\/2018\\\/10\\\/Michel-Cremer.jpg\"},{\"@type\":\"BreadcrumbList\",\"@id\":\"https:\\\/\\\/michelcremerfoundation.eu\\\/index.php\\\/nl\\\/michel-cremer-1\\\/#breadcrumb\",\"itemListElement\":[{\"@type\":\"ListItem\",\"position\":1,\"name\":\"Accueil\",\"item\":\"https:\\\/\\\/michelcremerfoundation.eu\\\/\"},{\"@type\":\"ListItem\",\"position\":2,\"name\":\"Michel Cremer\"}]},{\"@type\":\"WebSite\",\"@id\":\"https:\\\/\\\/michelcremerfoundation.eu\\\/#website\",\"url\":\"https:\\\/\\\/michelcremerfoundation.eu\\\/\",\"name\":\"Fondation Michel Cremer\",\"description\":\"Ensemble, vers la m\u00e9decine du futur\",\"publisher\":{\"@id\":\"https:\\\/\\\/michelcremerfoundation.eu\\\/#organization\"},\"potentialAction\":[{\"@type\":\"SearchAction\",\"target\":{\"@type\":\"EntryPoint\",\"urlTemplate\":\"https:\\\/\\\/michelcremerfoundation.eu\\\/?s={search_term_string}\"},\"query-input\":{\"@type\":\"PropertyValueSpecification\",\"valueRequired\":true,\"valueName\":\"search_term_string\"}}],\"inLanguage\":\"fr-FR\"},{\"@type\":\"Organization\",\"@id\":\"https:\\\/\\\/michelcremerfoundation.eu\\\/#organization\",\"name\":\"Fondation Michel Cremer\",\"url\":\"https:\\\/\\\/michelcremerfoundation.eu\\\/\",\"logo\":{\"@type\":\"ImageObject\",\"inLanguage\":\"fr-FR\",\"@id\":\"https:\\\/\\\/michelcremerfoundation.eu\\\/#\\\/schema\\\/logo\\\/image\\\/\",\"url\":\"https:\\\/\\\/michelcremerfoundation.eu\\\/wp-content\\\/uploads\\\/2018\\\/03\\\/Logo-FMC-e1520765525490.jpg\",\"contentUrl\":\"https:\\\/\\\/michelcremerfoundation.eu\\\/wp-content\\\/uploads\\\/2018\\\/03\\\/Logo-FMC-e1520765525490.jpg\",\"width\":100,\"height\":66,\"caption\":\"Fondation Michel Cremer\"},\"image\":{\"@id\":\"https:\\\/\\\/michelcremerfoundation.eu\\\/#\\\/schema\\\/logo\\\/image\\\/\"},\"sameAs\":[\"https:\\\/\\\/www.facebook.com\\\/fondationmichelcremer\",\"https:\\\/\\\/www.linkedin.com\\\/company\\\/18897844\"]}]}<\/script>\n<!-- \/ Yoast SEO plugin. -->","yoast_head_json":{"title":"Michel Cremer - Fondation Michel Cremer","robots":{"index":"index","follow":"follow","max-snippet":"max-snippet:-1","max-image-preview":"max-image-preview:large","max-video-preview":"max-video-preview:-1"},"canonical":"https:\/\/michelcremerfoundation.eu\/index.php\/nl\/michel-cremer-1\/","og_locale":"fr_FR","og_type":"article","og_title":"Michel Cremer - Fondation Michel Cremer","og_description":"Michel Cremer Een waardevolle steun aan de vorming Een Stichting op naam van Michel Cremer is net opgericht als een mooi eerbetoon aan diegene die jarenlang, tot zijn pensioen in 1998, het hoofd was van de dienst gastro-enterologie en hepato-pancreatologie van het ULB Erasmus ziekenhuis. De Stichting heeft o.a. als doel de ontwikkeling van het onderwijs, van het onderzoek en van de klinische kwaliteit inzake de gastro-enterologie, met bijzondere aandacht voor de endotherapie. Professor Michel Cremer is een jaar geleden overleden (op 25 maart 2009) op 74 jarige leeftijd. Hij heeft sporen achtergelaten bij een ganse generatie van gastro-enterologen die hij heeft opgeleid. Gediplomeerd van de ULB in 1958 \u2013 op het moment dat de allereerste flexibele endoscopie door Hirchovitz werd uitgevoerd \u2013 begon Michel Cremer zijn carri\u00e8re als internist in Brugmann, eerst onder de leiding van Pr Lambert, daarna van Jean-Jacques Desneux, pionier van de semi-rigide endoscopie en van de behandeling van digestieve bloedingen. \u2018\u2019 Wij beseffen niet hoeveel vooruitgangen in 50 jaar tijd zijn geboekt\u2019\u2019. Het kunnen lokaliseren van de plaats van de digestieve bloeding vooraleer de buik te openen, was toen iets heel bijzonders, legt Pr Jacques Devi\u00e8re uit. Hij is hoofd van het departement gastro-enterologie van het Erasmus ziekenhuis en heeft Michel Cremer als meester gehad. De flexibele endoscopie, toen nog in een pril stadium, werd [&hellip;]","og_url":"https:\/\/michelcremerfoundation.eu\/index.php\/nl\/michel-cremer-1\/","og_site_name":"Fondation Michel Cremer","article_publisher":"https:\/\/www.facebook.com\/fondationmichelcremer","article_modified_time":"2021-02-01T20:42:58+00:00","og_image":[{"url":"https:\/\/michelcremerfoundation.eu\/wp-content\/uploads\/2018\/10\/Michel-Cremer.jpg","type":"","width":"","height":""}],"twitter_card":"summary_large_image","twitter_misc":{"Dur\u00e9e de lecture estim\u00e9e":"5 minutes"},"schema":{"@context":"https:\/\/schema.org","@graph":[{"@type":"WebPage","@id":"https:\/\/michelcremerfoundation.eu\/index.php\/nl\/michel-cremer-1\/","url":"https:\/\/michelcremerfoundation.eu\/index.php\/nl\/michel-cremer-1\/","name":"Michel Cremer - Fondation Michel Cremer","isPartOf":{"@id":"https:\/\/michelcremerfoundation.eu\/#website"},"primaryImageOfPage":{"@id":"https:\/\/michelcremerfoundation.eu\/index.php\/nl\/michel-cremer-1\/#primaryimage"},"image":{"@id":"https:\/\/michelcremerfoundation.eu\/index.php\/nl\/michel-cremer-1\/#primaryimage"},"thumbnailUrl":"https:\/\/michelcremerfoundation.eu\/wp-content\/uploads\/2018\/10\/Michel-Cremer.jpg","datePublished":"2020-05-19T17:54:01+00:00","dateModified":"2021-02-01T20:42:58+00:00","breadcrumb":{"@id":"https:\/\/michelcremerfoundation.eu\/index.php\/nl\/michel-cremer-1\/#breadcrumb"},"inLanguage":"fr-FR","potentialAction":[{"@type":"ReadAction","target":["https:\/\/michelcremerfoundation.eu\/index.php\/nl\/michel-cremer-1\/"]}]},{"@type":"ImageObject","inLanguage":"fr-FR","@id":"https:\/\/michelcremerfoundation.eu\/index.php\/nl\/michel-cremer-1\/#primaryimage","url":"https:\/\/michelcremerfoundation.eu\/wp-content\/uploads\/2018\/10\/Michel-Cremer.jpg","contentUrl":"https:\/\/michelcremerfoundation.eu\/wp-content\/uploads\/2018\/10\/Michel-Cremer.jpg"},{"@type":"BreadcrumbList","@id":"https:\/\/michelcremerfoundation.eu\/index.php\/nl\/michel-cremer-1\/#breadcrumb","itemListElement":[{"@type":"ListItem","position":1,"name":"Accueil","item":"https:\/\/michelcremerfoundation.eu\/"},{"@type":"ListItem","position":2,"name":"Michel Cremer"}]},{"@type":"WebSite","@id":"https:\/\/michelcremerfoundation.eu\/#website","url":"https:\/\/michelcremerfoundation.eu\/","name":"Fondation Michel Cremer","description":"Ensemble, vers la m\u00e9decine du futur","publisher":{"@id":"https:\/\/michelcremerfoundation.eu\/#organization"},"potentialAction":[{"@type":"SearchAction","target":{"@type":"EntryPoint","urlTemplate":"https:\/\/michelcremerfoundation.eu\/?s={search_term_string}"},"query-input":{"@type":"PropertyValueSpecification","valueRequired":true,"valueName":"search_term_string"}}],"inLanguage":"fr-FR"},{"@type":"Organization","@id":"https:\/\/michelcremerfoundation.eu\/#organization","name":"Fondation Michel Cremer","url":"https:\/\/michelcremerfoundation.eu\/","logo":{"@type":"ImageObject","inLanguage":"fr-FR","@id":"https:\/\/michelcremerfoundation.eu\/#\/schema\/logo\/image\/","url":"https:\/\/michelcremerfoundation.eu\/wp-content\/uploads\/2018\/03\/Logo-FMC-e1520765525490.jpg","contentUrl":"https:\/\/michelcremerfoundation.eu\/wp-content\/uploads\/2018\/03\/Logo-FMC-e1520765525490.jpg","width":100,"height":66,"caption":"Fondation Michel Cremer"},"image":{"@id":"https:\/\/michelcremerfoundation.eu\/#\/schema\/logo\/image\/"},"sameAs":["https:\/\/www.facebook.com\/fondationmichelcremer","https:\/\/www.linkedin.com\/company\/18897844"]}]}},"campaignId":"","jetpack_shortlink":"https:\/\/wp.me\/PapkNB-UB","jetpack_sharing_enabled":true,"_links":{"self":[{"href":"https:\/\/michelcremerfoundation.eu\/index.php\/wp-json\/wp\/v2\/pages\/3509","targetHints":{"allow":["GET"]}}],"collection":[{"href":"https:\/\/michelcremerfoundation.eu\/index.php\/wp-json\/wp\/v2\/pages"}],"about":[{"href":"https:\/\/michelcremerfoundation.eu\/index.php\/wp-json\/wp\/v2\/types\/page"}],"author":[{"embeddable":true,"href":"https:\/\/michelcremerfoundation.eu\/index.php\/wp-json\/wp\/v2\/users\/8"}],"replies":[{"embeddable":true,"href":"https:\/\/michelcremerfoundation.eu\/index.php\/wp-json\/wp\/v2\/comments?post=3509"}],"version-history":[{"count":6,"href":"https:\/\/michelcremerfoundation.eu\/index.php\/wp-json\/wp\/v2\/pages\/3509\/revisions"}],"predecessor-version":[{"id":4467,"href":"https:\/\/michelcremerfoundation.eu\/index.php\/wp-json\/wp\/v2\/pages\/3509\/revisions\/4467"}],"wp:attachment":[{"href":"https:\/\/michelcremerfoundation.eu\/index.php\/wp-json\/wp\/v2\/media?parent=3509"}],"curies":[{"name":"wp","href":"https:\/\/api.w.org\/{rel}","templated":true}]}}