{"id":7151,"date":"2021-11-28T14:56:08","date_gmt":"2021-11-28T13:56:08","guid":{"rendered":"https:\/\/michelcremerfoundation.eu\/?post_type=mec-events&#038;p=7151"},"modified":"2023-10-09T16:50:49","modified_gmt":"2023-10-09T14:50:49","slug":"bxltour-29-june-2021-40km-race-by-cycle-in-bxl-uk-598-284","status":"publish","type":"mec-events","link":"https:\/\/michelcremerfoundation.eu\/index.php\/en\/mec-events\/bxltour-29-june-2021-40km-race-by-cycle-in-bxl-uk-598-284\/","title":{"rendered":"BXL TOUR-BICYCLE RACE"},"content":{"rendered":"\t\t<div data-elementor-type=\"wp-post\" data-elementor-id=\"7151\" class=\"elementor elementor-7151\">\n\t\t\t\t\t\t<section class=\"elementor-section elementor-top-section elementor-element elementor-element-b9a4b44 elementor-section-boxed elementor-section-height-default elementor-section-height-default\" data-id=\"b9a4b44\" data-element_type=\"section\" data-e-type=\"section\">\n\t\t\t\t\t\t<div class=\"elementor-container elementor-column-gap-default\">\n\t\t\t\t\t<div class=\"elementor-column elementor-col-100 elementor-top-column elementor-element elementor-element-13511cb\" data-id=\"13511cb\" data-element_type=\"column\" data-e-type=\"column\">\n\t\t\t<div class=\"elementor-widget-wrap elementor-element-populated\">\n\t\t\t\t\t\t<div class=\"elementor-element elementor-element-49b44d5 elementor-widget elementor-widget-heading\" data-id=\"49b44d5\" data-element_type=\"widget\" data-e-type=\"widget\" data-widget_type=\"heading.default\">\n\t\t\t\t<div class=\"elementor-widget-container\">\n\t\t\t\t\t<h1 class=\"elementor-heading-title elementor-size-large\">JOIN OUR TEAM AND CYCLE TODAY TO SAVE LIVES TOMORROW!<\/h1>\t\t\t\t<\/div>\n\t\t\t\t<\/div>\n\t\t\t\t\t<\/div>\n\t\t<\/div>\n\t\t\t\t\t<\/div>\n\t\t<\/section>\n\t\t\t\t<section class=\"elementor-section elementor-top-section elementor-element elementor-element-fc08b94 elementor-section-boxed elementor-section-height-default elementor-section-height-default\" data-id=\"fc08b94\" data-element_type=\"section\" data-e-type=\"section\">\n\t\t\t\t\t\t<div class=\"elementor-container elementor-column-gap-default\">\n\t\t\t\t\t<div class=\"elementor-column elementor-col-33 elementor-top-column elementor-element elementor-element-f8f6ee9\" data-id=\"f8f6ee9\" data-element_type=\"column\" data-e-type=\"column\">\n\t\t\t<div class=\"elementor-widget-wrap elementor-element-populated\">\n\t\t\t\t\t\t<div class=\"elementor-element elementor-element-fe727e0 elementor-widget elementor-widget-image\" data-id=\"fe727e0\" data-element_type=\"widget\" data-e-type=\"widget\" data-widget_type=\"image.default\">\n\t\t\t\t<div class=\"elementor-widget-container\">\n\t\t\t\t\t\t\t\t\t\t\t\t\t\t\t<img fetchpriority=\"high\" decoding=\"async\" width=\"300\" height=\"225\" src=\"https:\/\/michelcremerfoundation.eu\/wp-content\/uploads\/2021\/06\/XFTZ6458-300x225.jpg\" class=\"attachment-medium size-medium wp-image-6048\" alt=\"\" srcset=\"https:\/\/michelcremerfoundation.eu\/wp-content\/uploads\/2021\/06\/XFTZ6458-200x150.jpg 200w, https:\/\/michelcremerfoundation.eu\/wp-content\/uploads\/2021\/06\/XFTZ6458-300x225.jpg 300w, https:\/\/michelcremerfoundation.eu\/wp-content\/uploads\/2021\/06\/XFTZ6458-400x300.jpg 400w, https:\/\/michelcremerfoundation.eu\/wp-content\/uploads\/2021\/06\/XFTZ6458-600x450.jpg 600w, https:\/\/michelcremerfoundation.eu\/wp-content\/uploads\/2021\/06\/XFTZ6458-768x576.jpg 768w, https:\/\/michelcremerfoundation.eu\/wp-content\/uploads\/2021\/06\/XFTZ6458-800x600.jpg 800w, https:\/\/michelcremerfoundation.eu\/wp-content\/uploads\/2021\/06\/XFTZ6458.jpg 1024w\" sizes=\"(max-width: 300px) 100vw, 300px\" \/>\t\t\t\t\t\t\t\t\t\t\t\t\t\t\t<\/div>\n\t\t\t\t<\/div>\n\t\t\t\t\t<\/div>\n\t\t<\/div>\n\t\t\t\t<div class=\"elementor-column elementor-col-33 elementor-top-column elementor-element elementor-element-c4d2b40\" data-id=\"c4d2b40\" data-element_type=\"column\" data-e-type=\"column\">\n\t\t\t<div class=\"elementor-widget-wrap elementor-element-populated\">\n\t\t\t\t\t\t<div class=\"elementor-element elementor-element-711caf7 elementor-widget elementor-widget-image\" data-id=\"711caf7\" data-element_type=\"widget\" data-e-type=\"widget\" data-widget_type=\"image.default\">\n\t\t\t\t<div class=\"elementor-widget-container\">\n\t\t\t\t\t\t\t\t\t\t\t\t\t\t\t<img decoding=\"async\" src=\"https:\/\/michelcremerfoundation.eu\/wp-content\/uploads\/elementor\/thumbs\/FMC-LOGO-NEW-TXT-BLEU-ns1c1ghui9uk6pjm1jgx64d25smhd4d9pi07ssf0zc.png\" title=\"FMC-LOGO-NEW-TXT-BLEU\" alt=\"FMC-LOGO-NEW-TXT-BLEU\" loading=\"lazy\" \/>\t\t\t\t\t\t\t\t\t\t\t\t\t\t\t<\/div>\n\t\t\t\t<\/div>\n\t\t\t\t\t<\/div>\n\t\t<\/div>\n\t\t\t\t<div class=\"elementor-column elementor-col-33 elementor-top-column elementor-element elementor-element-0181d7a\" data-id=\"0181d7a\" data-element_type=\"column\" data-e-type=\"column\">\n\t\t\t<div class=\"elementor-widget-wrap elementor-element-populated\">\n\t\t\t\t\t\t<div class=\"elementor-element elementor-element-fc8fff3 elementor-widget__width-inherit elementor-widget elementor-widget-image\" data-id=\"fc8fff3\" data-element_type=\"widget\" data-e-type=\"widget\" data-widget_type=\"image.default\">\n\t\t\t\t<div class=\"elementor-widget-container\">\n\t\t\t\t\t\t\t\t\t\t\t\t\t\t\t<img decoding=\"async\" width=\"300\" height=\"225\" src=\"https:\/\/michelcremerfoundation.eu\/wp-content\/uploads\/2021\/06\/IMG_3166-300x225.jpg\" class=\"attachment-medium size-medium wp-image-6047\" alt=\"\" srcset=\"https:\/\/michelcremerfoundation.eu\/wp-content\/uploads\/2021\/06\/IMG_3166-200x150.jpg 200w, https:\/\/michelcremerfoundation.eu\/wp-content\/uploads\/2021\/06\/IMG_3166-300x225.jpg 300w, https:\/\/michelcremerfoundation.eu\/wp-content\/uploads\/2021\/06\/IMG_3166-400x300.jpg 400w, https:\/\/michelcremerfoundation.eu\/wp-content\/uploads\/2021\/06\/IMG_3166-600x450.jpg 600w, https:\/\/michelcremerfoundation.eu\/wp-content\/uploads\/2021\/06\/IMG_3166-768x576.jpg 768w, https:\/\/michelcremerfoundation.eu\/wp-content\/uploads\/2021\/06\/IMG_3166-800x600.jpg 800w, https:\/\/michelcremerfoundation.eu\/wp-content\/uploads\/2021\/06\/IMG_3166-1024x768.jpg 1024w, https:\/\/michelcremerfoundation.eu\/wp-content\/uploads\/2021\/06\/IMG_3166-1200x900.jpg 1200w, https:\/\/michelcremerfoundation.eu\/wp-content\/uploads\/2021\/06\/IMG_3166-1536x1152.jpg 1536w\" sizes=\"(max-width: 300px) 100vw, 300px\" \/>\t\t\t\t\t\t\t\t\t\t\t\t\t\t\t<\/div>\n\t\t\t\t<\/div>\n\t\t\t\t\t<\/div>\n\t\t<\/div>\n\t\t\t\t\t<\/div>\n\t\t<\/section>\n\t\t\t\t<section class=\"elementor-section elementor-top-section elementor-element elementor-element-4101f05 elementor-section-boxed elementor-section-height-default elementor-section-height-default\" data-id=\"4101f05\" data-element_type=\"section\" data-e-type=\"section\">\n\t\t\t\t\t\t<div class=\"elementor-container elementor-column-gap-default\">\n\t\t\t\t\t<div class=\"elementor-column elementor-col-100 elementor-top-column elementor-element elementor-element-ea4d367\" data-id=\"ea4d367\" data-element_type=\"column\" data-e-type=\"column\">\n\t\t\t<div class=\"elementor-widget-wrap elementor-element-populated\">\n\t\t\t\t\t\t<div class=\"elementor-element elementor-element-a816b0b elementor-widget elementor-widget-heading\" data-id=\"a816b0b\" data-element_type=\"widget\" data-e-type=\"widget\" data-widget_type=\"heading.default\">\n\t\t\t\t<div class=\"elementor-widget-container\">\n\t\t\t\t\t<h1 class=\"elementor-heading-title elementor-size-medium\"><br>THANKS TO YOU AND YOUR SUPPORT, OUR ACTION IN FAVOUR OF RESEARCH IS STRENGTHENED. <br><\/h1>\t\t\t\t<\/div>\n\t\t\t\t<\/div>\n\t\t\t\t\t<\/div>\n\t\t<\/div>\n\t\t\t\t\t<\/div>\n\t\t<\/section>\n\t\t\t\t<section class=\"elementor-section elementor-top-section elementor-element elementor-element-c94bfa6 elementor-section-boxed elementor-section-height-default elementor-section-height-default\" data-id=\"c94bfa6\" data-element_type=\"section\" data-e-type=\"section\">\n\t\t\t\t\t\t<div class=\"elementor-container elementor-column-gap-default\">\n\t\t\t\t\t<div class=\"elementor-column elementor-col-50 elementor-top-column elementor-element elementor-element-3815220\" data-id=\"3815220\" data-element_type=\"column\" data-e-type=\"column\" data-settings=\"{&quot;background_background&quot;:&quot;gradient&quot;}\">\n\t\t\t<div class=\"elementor-widget-wrap elementor-element-populated\">\n\t\t\t\t\t\t<div class=\"elementor-element elementor-element-e4a37c8 elementor-widget elementor-widget-text-editor\" data-id=\"e4a37c8\" data-element_type=\"widget\" data-e-type=\"widget\" data-widget_type=\"text-editor.default\">\n\t\t\t\t<div class=\"elementor-widget-container\">\n\t\t\t\t\t\t\t\t\t<p><span style=\"color: #ffffff;\">The team of \u00ab\u00a0Brussels Major Events\u00a0\u00bb of the City of Brussels that sponsors us this year offers us a course for two categories:<\/span><\/p><ul><li><span style=\"color: #ffffff;\"><strong>the \u00ab\u00a0Master\u00a0\u00bb :<\/strong> composed of 150 experienced riders of at least 19 years old, with an official license from a cycling federation, biathlon or triathlon<\/span><\/li><li><span style=\"color: #ffffff;\"><strong>the \u00ab\u00a0Cyclo\u00a0\u00bb :<\/strong> intended for cyclists aged 14 and over, able to ride at min 16 km\/h. The speed of the ride will be taken into account and the fastest will leave before the slowest<\/span><\/li><li><span style=\"color: #ffffff;\">the\u00a0<b>\u201cRide\u201d <\/b>: as a walk with a min speed of\u00a0 16 km\/h, including the e-bike\u00a0<\/span><\/li><\/ul>\t\t\t\t\t\t\t\t<\/div>\n\t\t\t\t<\/div>\n\t\t\t\t\t<\/div>\n\t\t<\/div>\n\t\t\t\t<div class=\"elementor-column elementor-col-50 elementor-top-column elementor-element elementor-element-2a021fa\" data-id=\"2a021fa\" data-element_type=\"column\" data-e-type=\"column\">\n\t\t\t<div class=\"elementor-widget-wrap elementor-element-populated\">\n\t\t\t\t\t\t<div class=\"elementor-element elementor-element-2a3949a elementor-widget elementor-widget-image\" data-id=\"2a3949a\" data-element_type=\"widget\" data-e-type=\"widget\" data-widget_type=\"image.default\">\n\t\t\t\t<div class=\"elementor-widget-container\">\n\t\t\t\t\t\t\t\t\t\t\t\t\t\t\t<img decoding=\"async\" width=\"812\" height=\"568\" src=\"https:\/\/michelcremerfoundation.eu\/wp-content\/uploads\/2021\/06\/BXL-TOUR-Illustration-SM.png\" class=\"attachment-large size-large wp-image-6314\" alt=\"\" srcset=\"https:\/\/michelcremerfoundation.eu\/wp-content\/uploads\/2021\/06\/BXL-TOUR-Illustration-SM-200x140.png 200w, https:\/\/michelcremerfoundation.eu\/wp-content\/uploads\/2021\/06\/BXL-TOUR-Illustration-SM-300x210.png 300w, https:\/\/michelcremerfoundation.eu\/wp-content\/uploads\/2021\/06\/BXL-TOUR-Illustration-SM-400x280.png 400w, https:\/\/michelcremerfoundation.eu\/wp-content\/uploads\/2021\/06\/BXL-TOUR-Illustration-SM-600x420.png 600w, https:\/\/michelcremerfoundation.eu\/wp-content\/uploads\/2021\/06\/BXL-TOUR-Illustration-SM-768x537.png 768w, https:\/\/michelcremerfoundation.eu\/wp-content\/uploads\/2021\/06\/BXL-TOUR-Illustration-SM-800x560.png 800w, https:\/\/michelcremerfoundation.eu\/wp-content\/uploads\/2021\/06\/BXL-TOUR-Illustration-SM.png 812w\" sizes=\"(max-width: 812px) 100vw, 812px\" \/>\t\t\t\t\t\t\t\t\t\t\t\t\t\t\t<\/div>\n\t\t\t\t<\/div>\n\t\t\t\t\t<\/div>\n\t\t<\/div>\n\t\t\t\t\t<\/div>\n\t\t<\/section>\n\t\t\t\t<section class=\"elementor-section elementor-top-section elementor-element elementor-element-f92c2fa elementor-section-boxed elementor-section-height-default elementor-section-height-default\" data-id=\"f92c2fa\" data-element_type=\"section\" data-e-type=\"section\">\n\t\t\t\t\t\t<div class=\"elementor-container elementor-column-gap-default\">\n\t\t\t\t\t<div class=\"elementor-column elementor-col-100 elementor-top-column elementor-element elementor-element-0ebe713\" data-id=\"0ebe713\" data-element_type=\"column\" data-e-type=\"column\">\n\t\t\t<div class=\"elementor-widget-wrap\">\n\t\t\t\t\t\t\t<\/div>\n\t\t<\/div>\n\t\t\t\t\t<\/div>\n\t\t<\/section>\n\t\t\t\t<section class=\"elementor-section elementor-top-section elementor-element elementor-element-f8475df elementor-section-boxed elementor-section-height-default elementor-section-height-default\" data-id=\"f8475df\" data-element_type=\"section\" data-e-type=\"section\">\n\t\t\t\t\t\t<div class=\"elementor-container elementor-column-gap-default\">\n\t\t\t\t\t<div class=\"elementor-column elementor-col-50 elementor-top-column elementor-element elementor-element-b01d7d8\" data-id=\"b01d7d8\" data-element_type=\"column\" data-e-type=\"column\">\n\t\t\t<div class=\"elementor-widget-wrap elementor-element-populated\">\n\t\t\t\t\t\t<div class=\"elementor-element elementor-element-36731ee elementor-widget elementor-widget-image\" data-id=\"36731ee\" data-element_type=\"widget\" data-e-type=\"widget\" data-widget_type=\"image.default\">\n\t\t\t\t<div class=\"elementor-widget-container\">\n\t\t\t\t\t\t\t\t\t\t\t\t\t\t\t\t<a href=\"https:\/\/michelcremerfoundation.eu\/wp-content\/uploads\/2020\/03\/BXL-TOUTR-POINT-RV.png\">\n\t\t\t\t\t\t\t<img loading=\"lazy\" decoding=\"async\" width=\"1024\" height=\"602\" src=\"https:\/\/michelcremerfoundation.eu\/wp-content\/uploads\/2020\/03\/BXL-TOUTR-POINT-RV-1024x602.png\" class=\"attachment-large size-large wp-image-2753\" alt=\"\" srcset=\"https:\/\/michelcremerfoundation.eu\/wp-content\/uploads\/2020\/03\/BXL-TOUTR-POINT-RV-200x118.png 200w, https:\/\/michelcremerfoundation.eu\/wp-content\/uploads\/2020\/03\/BXL-TOUTR-POINT-RV-300x176.png 300w, https:\/\/michelcremerfoundation.eu\/wp-content\/uploads\/2020\/03\/BXL-TOUTR-POINT-RV-400x235.png 400w, https:\/\/michelcremerfoundation.eu\/wp-content\/uploads\/2020\/03\/BXL-TOUTR-POINT-RV-600x353.png 600w, https:\/\/michelcremerfoundation.eu\/wp-content\/uploads\/2020\/03\/BXL-TOUTR-POINT-RV-700x411.png 700w, https:\/\/michelcremerfoundation.eu\/wp-content\/uploads\/2020\/03\/BXL-TOUTR-POINT-RV-768x451.png 768w, https:\/\/michelcremerfoundation.eu\/wp-content\/uploads\/2020\/03\/BXL-TOUTR-POINT-RV-800x470.png 800w, https:\/\/michelcremerfoundation.eu\/wp-content\/uploads\/2020\/03\/BXL-TOUTR-POINT-RV-1024x602.png 1024w, https:\/\/michelcremerfoundation.eu\/wp-content\/uploads\/2020\/03\/BXL-TOUTR-POINT-RV-1200x705.png 1200w, https:\/\/michelcremerfoundation.eu\/wp-content\/uploads\/2020\/03\/BXL-TOUTR-POINT-RV.png 1504w\" sizes=\"(max-width: 1024px) 100vw, 1024px\" \/>\t\t\t\t\t\t\t\t<\/a>\n\t\t\t\t\t\t\t\t\t\t\t\t\t\t\t<\/div>\n\t\t\t\t<\/div>\n\t\t\t\t\t<\/div>\n\t\t<\/div>\n\t\t\t\t<div class=\"elementor-column elementor-col-50 elementor-top-column elementor-element elementor-element-95f0d47\" data-id=\"95f0d47\" data-element_type=\"column\" data-e-type=\"column\" data-settings=\"{&quot;background_background&quot;:&quot;gradient&quot;}\">\n\t\t\t<div class=\"elementor-widget-wrap elementor-element-populated\">\n\t\t\t\t\t\t<div class=\"elementor-element elementor-element-d124846 elementor-widget elementor-widget-text-editor\" data-id=\"d124846\" data-element_type=\"widget\" data-e-type=\"widget\" data-widget_type=\"text-editor.default\">\n\t\t\t\t<div class=\"elementor-widget-container\">\n\t\t\t\t\t\t\t\t\t<p><span style=\"color: #ffffff;\">Welcome SUNDAY 28 AUGUST 2022 at 8:30 am <b>(to be confirmed)<\/b>: Place des Palais \u00e0 la Fontaine (roundabout) near the Th\u00e9\u00e2tre du Parc (cf. red star on the<\/span> <span style=\"text-decoration: underline; color: #ccffff;\"><span style=\"color: #ff99cc; text-decoration: underline;\"><a style=\"color: #ff99cc; text-decoration: underline;\" href=\"https:\/\/michelcremerfoundation.eu\/wp-content\/uploads\/2020\/03\/BXL-TOUTR-POINT-RV.png\"><strong>MAP<\/strong><\/a><\/span><span style=\"color: #ffffff; text-decoration: underline;\">)<\/span><\/span><span style=\"color: #ffffff;\">\u00a0<\/span><\/p><ul><li><span style=\"color: #ffffff;\"><b>Departure<\/b><\/span><ul><li><span style=\"color: #ffffff;\">at 9 am for the Masters<\/span><\/li><li><span style=\"color: #ffffff;\">from 9:10 for the Cyclos<\/span><ul><li><span style=\"color: #ffffff;\">9h10 for + 35 km\/h Cyclos<\/span><\/li><li><span style=\"color: #ffffff;\">9.20 am for the Cyclos of 30-35 km\/h<\/span><\/li><li><span style=\"color: #ffffff;\">9h30 for the Cyclos of 25-30 km\/h<\/span><\/li><li><span style=\"color: #ffffff;\">9h40 for the Cyclos of 20-25 km\/h<\/span><\/li><\/ul><\/li><li><span style=\"color: #ffffff;\">9h50 for Ride more than 16 km\/h<\/span><\/li><\/ul><\/li><li><span style=\"color: #ffffff;\"><strong>Arrival:<\/strong> Avenue du Gros Tilleul (Heysel)<\/span><\/li><li><span style=\"color: #ffffff;\"><b>Distance <\/b>: 40 km for the Masters and Cyclo&rsquo;s an 32 km for the Ride<\/span><\/li><li><span style=\"color: #ffffff;\"><strong>Minimum speed<\/strong>: 20 km\/h for the Masters and the Cyclo&rsquo;s and 16 km\/h for the Ride<\/span><\/li><\/ul>\t\t\t\t\t\t\t\t<\/div>\n\t\t\t\t<\/div>\n\t\t\t\t\t<\/div>\n\t\t<\/div>\n\t\t\t\t\t<\/div>\n\t\t<\/section>\n\t\t\t\t<section class=\"elementor-section elementor-top-section elementor-element elementor-element-cf47831 elementor-section-boxed elementor-section-height-default elementor-section-height-default\" data-id=\"cf47831\" data-element_type=\"section\" data-e-type=\"section\">\n\t\t\t\t\t\t<div class=\"elementor-container elementor-column-gap-default\">\n\t\t\t\t\t<div class=\"elementor-column elementor-col-50 elementor-top-column elementor-element elementor-element-e4dd7db\" data-id=\"e4dd7db\" data-element_type=\"column\" data-e-type=\"column\" data-settings=\"{&quot;background_background&quot;:&quot;gradient&quot;}\">\n\t\t\t<div class=\"elementor-widget-wrap elementor-element-populated\">\n\t\t\t\t\t\t<div class=\"elementor-element elementor-element-3be3c2f elementor-widget elementor-widget-heading\" data-id=\"3be3c2f\" data-element_type=\"widget\" data-e-type=\"widget\" data-widget_type=\"heading.default\">\n\t\t\t\t<div class=\"elementor-widget-container\">\n\t\t\t\t\t<h4 class=\"elementor-heading-title elementor-size-small\">\nPlaquette\n<\/h4>\t\t\t\t<\/div>\n\t\t\t\t<\/div>\n\t\t\t\t<div class=\"elementor-element elementor-element-9e18028 elementor-widget elementor-widget-text-editor\" data-id=\"9e18028\" data-element_type=\"widget\" data-e-type=\"widget\" data-widget_type=\"text-editor.default\">\n\t\t\t\t<div class=\"elementor-widget-container\">\n\t\t\t\t\t\t\t\t\t<p><span style=\"color: #ffffff;\"><span id=\"s2_1\" style=\"font-family: Tahoma, Verdana, Arial, Helvetica, sans-serif; text-align: start; white-space: pre-wrap;\">The day of the race, Cyclo cyclists will need a numbered brochure, to be clearly displayed in front of the handlebars of their bike. This accessory is essential for racing.<\/span><\/span><\/p>\t\t\t\t\t\t\t\t<\/div>\n\t\t\t\t<\/div>\n\t\t\t\t<div class=\"elementor-element elementor-element-774bfea elementor-widget elementor-widget-text-editor\" data-id=\"774bfea\" data-element_type=\"widget\" data-e-type=\"widget\" data-widget_type=\"text-editor.default\">\n\t\t\t\t<div class=\"elementor-widget-container\">\n\t\t\t\t\t\t\t\t\t<p><span style=\"color: #ffffff;\">The Foundation will collect your \u00ab\u00a0dossard\u00a0\u00bb: it will be at your disposal from 8:30 am at the meeting point.<\/span><\/p><p><span style=\"color: #ffffff;\"><b>More info&rsquo;s<\/b> on BXLTour website via this\u00a0<span style=\"color: #ff99cc;\"><a style=\"color: #ff99cc;\" href=\"https:\/\/www.bxltour.be\/en\/practical-info\/\"><span style=\"text-decoration: underline;\"><strong>LIN<\/strong><\/span><\/a><\/span><\/span><span style=\"text-decoration: underline; color: #ff99cc;\"><strong>K<\/strong><\/span><\/p>\t\t\t\t\t\t\t\t<\/div>\n\t\t\t\t<\/div>\n\t\t\t\t<div class=\"elementor-element elementor-element-5394d3e elementor-widget elementor-widget-heading\" data-id=\"5394d3e\" data-element_type=\"widget\" data-e-type=\"widget\" data-widget_type=\"heading.default\">\n\t\t\t\t<div class=\"elementor-widget-container\">\n\t\t\t\t\t<h3 class=\"elementor-heading-title elementor-size-small\">rEGISTRAtion<\/h3>\t\t\t\t<\/div>\n\t\t\t\t<\/div>\n\t\t\t\t<div class=\"elementor-element elementor-element-ea419e1 elementor-widget elementor-widget-text-editor\" data-id=\"ea419e1\" data-element_type=\"widget\" data-e-type=\"widget\" data-widget_type=\"text-editor.default\">\n\t\t\t\t<div class=\"elementor-widget-container\">\n\t\t\t\t\t\t\t\t\t<p><span style=\"color: #ffffff;\">1. Register for the race or as a supporter and order your T-Shirt via the google form\u00a0<\/span><strong><span style=\"text-decoration: underline;\"><span style=\"color: #ff99cc; text-decoration: underline;\"><a style=\"color: #ff99cc; text-decoration: underline;\" href=\"https:\/\/docs.google.com\/forms\/d\/e\/1FAIpQLScuyzdr6izxFkXG4nHkZ72nB0YpwAykQ9gMnWyV5z_nfWyg4g\/viewform?usp=sf_link\" target=\"_blank\" rel=\"noopener\">LINK<\/a><\/span><\/span><\/strong><span style=\"color: #ffffff;\"><strong><span style=\"text-decoration: underline;\"><span style=\"color: #ff99cc; text-decoration: underline;\">\u00a0<\/span><\/span><\/strong><\/span><\/p>\t\t\t\t\t\t\t\t<\/div>\n\t\t\t\t<\/div>\n\t\t\t\t<div class=\"elementor-element elementor-element-7d96e5e elementor-widget elementor-widget-text-editor\" data-id=\"7d96e5e\" data-element_type=\"widget\" data-e-type=\"widget\" data-widget_type=\"text-editor.default\">\n\t\t\t\t<div class=\"elementor-widget-container\">\n\t\t\t\t\t\t\t\t\t<p><span style=\"color: #ffffff;\">2.\u00a0<span style=\"background-color: transparent;\">Pay for your registration and\/or purchase of the T-shirt\u00a0<\/span><span style=\"background-color: transparent; letter-spacing: 0px;\"><b>before 01\/06\/2022<\/b>:<\/span><span style=\"background-color: transparent; letter-spacing: 0px;\">\u00a0<\/span><\/span><\/p><ul><li><span style=\"color: #ffffff;\">\u20ac 12 for Ride\u00a0registration<\/span><\/li><li><span style=\"color: #ffffff;\">\u20ac 15 for Cylco&rsquo;s and Master&rsquo;s registration<\/span><\/li><li><span style=\"color: #ffffff;\">\u20ac 15 for your t-shirt in the colors of the Foundation<\/span><\/li><\/ul>\t\t\t\t\t\t\t\t<\/div>\n\t\t\t\t<\/div>\n\t\t\t\t<div class=\"elementor-element elementor-element-e4618ae elementor-widget elementor-widget-text-editor\" data-id=\"e4618ae\" data-element_type=\"widget\" data-e-type=\"widget\" data-widget_type=\"text-editor.default\">\n\t\t\t\t<div class=\"elementor-widget-container\">\n\t\t\t\t\t\t\t\t\t<h5><span style=\"color: #ffffff;\"><span style=\"background-color: transparent; letter-spacing: 0px;\">3<\/span><span style=\"background-color: transparent; letter-spacing: 0px;\">.\u00a0<\/span><span style=\"background-color: transparent;\">Register with the Foundation team on the B<\/span><span style=\"font-family: Lato, sans-serif; background-color: transparent; letter-spacing: 0px;\">XL Tour website and\u00a0\u00a0<\/span><\/span><\/h5><p><span style=\"color: #ffffff; font-family: Lato, sans-serif; text-indent: 35.4pt; background-color: transparent; letter-spacing: 0px;\">\u00a0<\/span><span style=\"background-color: transparent; color: #ffffff; font-family: Lato, sans-serif; letter-spacing: 0px; text-indent: 35.4pt;\">a) \u00a0join the Foundation team whose team (group) code <strong>is\u00a0<\/strong><\/span><strong><span style=\"color: #ffffff;\"><span style=\"font-size: 10.0pt; font-family: 'Lato',sans-serif; mso-fareast-font-family: Calibri; mso-bidi-font-family: Calibri; mso-ansi-language: FR-BE; mso-fareast-language: FR-BE; mso-bidi-language: AR-SA;\">FOND14061<\/span><span style=\"background-color: transparent; letter-spacing: 0px; font-size: 10pt; font-family: Lato, sans-serif;\">\u00a0<\/span><\/span><\/strong><\/p><ul><li style=\"list-style-type: none;\"><ul><li><span style=\"font-family: Lato, sans-serif; text-indent: 35.4pt; color: #ffffff;\">by typing on Cyclo then join group and complete the group code <\/span><\/li><li><span style=\"color: #ffffff;\">or by clicking on the\u00a0<span style=\"color: #ff99cc;\"><a style=\"color: #ff99cc;\" href=\"https:\/\/prod.chronorace.be\/registration\/SelectActivity.aspx?iframe=0&amp;eventId=2159183138916026&amp;v=3&amp;lng=FR&amp;hash=bs5ApteursvnePAH9mLw7vzCEqY\"><span style=\"text-decoration: underline;\"><span style=\"text-indent: 35.4pt;\"><strong>LINK<\/strong><\/span><\/span><\/a><\/span><\/span><\/li><\/ul><\/li><\/ul><p><span style=\"color: #ffffff;\">b) then complete the form following the instructions<\/span><\/p>\t\t\t\t\t\t\t\t<\/div>\n\t\t\t\t<\/div>\n\t\t\t\t\t<\/div>\n\t\t<\/div>\n\t\t\t\t<div class=\"elementor-column elementor-col-50 elementor-top-column elementor-element elementor-element-7ce9750\" data-id=\"7ce9750\" data-element_type=\"column\" data-e-type=\"column\">\n\t\t\t<div class=\"elementor-widget-wrap elementor-element-populated\">\n\t\t\t\t\t\t<div class=\"elementor-element elementor-element-08c44cc elementor-widget elementor-widget-image\" data-id=\"08c44cc\" data-element_type=\"widget\" data-e-type=\"widget\" data-widget_type=\"image.default\">\n\t\t\t\t<div class=\"elementor-widget-container\">\n\t\t\t\t\t\t\t\t\t\t\t\t\t\t\t\t<a href=\"https:\/\/www.bxltour.be\/plan\/\">\n\t\t\t\t\t\t\t<img loading=\"lazy\" decoding=\"async\" width=\"566\" height=\"800\" src=\"https:\/\/michelcremerfoundation.eu\/wp-content\/uploads\/2021\/06\/bxltour-plan-2021.jpg\" class=\"attachment-large size-large wp-image-6278\" alt=\"\" srcset=\"https:\/\/michelcremerfoundation.eu\/wp-content\/uploads\/2021\/06\/bxltour-plan-2021-200x283.jpg 200w, https:\/\/michelcremerfoundation.eu\/wp-content\/uploads\/2021\/06\/bxltour-plan-2021-212x300.jpg 212w, https:\/\/michelcremerfoundation.eu\/wp-content\/uploads\/2021\/06\/bxltour-plan-2021-400x565.jpg 400w, https:\/\/michelcremerfoundation.eu\/wp-content\/uploads\/2021\/06\/bxltour-plan-2021.jpg 566w\" sizes=\"(max-width: 566px) 100vw, 566px\" \/>\t\t\t\t\t\t\t\t<\/a>\n\t\t\t\t\t\t\t\t\t\t\t\t\t\t\t<\/div>\n\t\t\t\t<\/div>\n\t\t\t\t\t<\/div>\n\t\t<\/div>\n\t\t\t\t\t<\/div>\n\t\t<\/section>\n\t\t\t\t<section class=\"elementor-section elementor-top-section elementor-element elementor-element-6335cc2 elementor-section-boxed elementor-section-height-default elementor-section-height-default\" data-id=\"6335cc2\" data-element_type=\"section\" data-e-type=\"section\">\n\t\t\t\t\t\t<div class=\"elementor-container elementor-column-gap-default\">\n\t\t\t\t\t<div class=\"elementor-column elementor-col-50 elementor-top-column elementor-element elementor-element-f082de9\" data-id=\"f082de9\" data-element_type=\"column\" data-e-type=\"column\">\n\t\t\t<div class=\"elementor-widget-wrap elementor-element-populated\">\n\t\t\t\t\t\t<div class=\"elementor-element elementor-element-9d2cac2 elementor-widget elementor-widget-heading\" data-id=\"9d2cac2\" data-element_type=\"widget\" data-e-type=\"widget\" data-widget_type=\"heading.default\">\n\t\t\t\t<div class=\"elementor-widget-container\">\n\t\t\t\t\t<h3 class=\"elementor-heading-title elementor-size-medium\"><br>Payment<\/h3>\t\t\t\t<\/div>\n\t\t\t\t<\/div>\n\t\t\t\t<div class=\"elementor-element elementor-element-7386463 elementor-widget elementor-widget-text-editor\" data-id=\"7386463\" data-element_type=\"widget\" data-e-type=\"widget\" data-widget_type=\"text-editor.default\">\n\t\t\t\t<div class=\"elementor-widget-container\">\n\t\t\t\t\t\t\t\t\t<p><span style=\"color: #0e76bc;\">The amount is to be paid into account BE35 0689 1098 6237 on behalf of the Foundation by specifying<\/span><\/p><ul><li><span style=\"color: #0e76bc;\">&#8211; \u00ab\u00a0BXL Tour 2022\u00a0\u00bb<\/span><\/li><li><span style=\"color: #0e76bc;\">&#8211; Name and first name<\/span><\/li><li><span style=\"color: #0e76bc;\">&#8211; Cycle race cyclo or master<\/span><\/li><li><span style=\"color: #0e76bc;\">&#8211; and\/ orT-Shirt W\/M and size<\/span><\/li><\/ul><p><span style=\"color: #0e76bc;\">Your registration will be effective after these 3 steps and upon receipt of your payment on the account of the Foundation.<\/span><\/p>\t\t\t\t\t\t\t\t<\/div>\n\t\t\t\t<\/div>\n\t\t\t\t<div class=\"elementor-element elementor-element-60317ce elementor-widget elementor-widget-text-editor\" data-id=\"60317ce\" data-element_type=\"widget\" data-e-type=\"widget\" data-widget_type=\"text-editor.default\">\n\t\t\t\t<div class=\"elementor-widget-container\">\n\t\t\t\t\t\t\t\t\t<p><span style=\"color: #0e76bc;\">The Foundation will pay the amount of your registration with Chronorace.<\/span><\/p>\t\t\t\t\t\t\t\t<\/div>\n\t\t\t\t<\/div>\n\t\t\t\t\t<\/div>\n\t\t<\/div>\n\t\t\t\t<div class=\"elementor-column elementor-col-50 elementor-top-column elementor-element elementor-element-8029b9b\" data-id=\"8029b9b\" data-element_type=\"column\" data-e-type=\"column\" data-settings=\"{&quot;background_background&quot;:&quot;gradient&quot;}\">\n\t\t\t<div class=\"elementor-widget-wrap elementor-element-populated\">\n\t\t\t\t\t\t<div class=\"elementor-element elementor-element-15e1fb7 elementor-widget elementor-widget-heading\" data-id=\"15e1fb7\" data-element_type=\"widget\" data-e-type=\"widget\" data-widget_type=\"heading.default\">\n\t\t\t\t<div class=\"elementor-widget-container\">\n\t\t\t\t\t<h4 class=\"elementor-heading-title elementor-size-medium\"><br>REMOVAL OF YOUR plaquettes<br><\/h4>\t\t\t\t<\/div>\n\t\t\t\t<\/div>\n\t\t\t\t<div class=\"elementor-element elementor-element-dc57789 elementor-widget elementor-widget-text-editor\" data-id=\"dc57789\" data-element_type=\"widget\" data-e-type=\"widget\" data-widget_type=\"text-editor.default\">\n\t\t\t\t<div class=\"elementor-widget-container\">\n\t\t\t\t\t\t\t\t\t<p><span style=\"color: #ffffff;\">You can pick up your pads on race day at the meeting point from 8:30 am.<\/span><\/p>\t\t\t\t\t\t\t\t<\/div>\n\t\t\t\t<\/div>\n\t\t\t\t<div class=\"elementor-element elementor-element-7572300 elementor-widget elementor-widget-heading\" data-id=\"7572300\" data-element_type=\"widget\" data-e-type=\"widget\" data-widget_type=\"heading.default\">\n\t\t\t\t<div class=\"elementor-widget-container\">\n\t\t\t\t\t<div class=\"elementor-heading-title elementor-size-medium\"><br>FREE FOR THE  FIRST 15 REGISTERED\n<\/div>\t\t\t\t<\/div>\n\t\t\t\t<\/div>\n\t\t\t\t<div class=\"elementor-element elementor-element-0dc371b elementor-widget elementor-widget-text-editor\" data-id=\"0dc371b\" data-element_type=\"widget\" data-e-type=\"widget\" data-widget_type=\"text-editor.default\">\n\t\t\t\t<div class=\"elementor-widget-container\">\n\t\t\t\t\t\t\t\t\t<p><span style=\"color: #ffffff;\">This year, the organiser of the race, the Brussels Major Events, has agreed to sponsor the Foundation: the first 15 registered will have their registration refunded.<\/span><\/p>\t\t\t\t\t\t\t\t<\/div>\n\t\t\t\t<\/div>\n\t\t\t\t\t<\/div>\n\t\t<\/div>\n\t\t\t\t\t<\/div>\n\t\t<\/section>\n\t\t\t\t<section class=\"elementor-section elementor-top-section elementor-element elementor-element-3cbeac9 elementor-section-boxed elementor-section-height-default elementor-section-height-default\" data-id=\"3cbeac9\" data-element_type=\"section\" data-e-type=\"section\">\n\t\t\t\t\t\t<div class=\"elementor-container elementor-column-gap-default\">\n\t\t\t\t\t<div class=\"elementor-column elementor-col-50 elementor-top-column elementor-element elementor-element-3f11ca7\" data-id=\"3f11ca7\" data-element_type=\"column\" data-e-type=\"column\" data-settings=\"{&quot;background_background&quot;:&quot;gradient&quot;}\">\n\t\t\t<div class=\"elementor-widget-wrap elementor-element-populated\">\n\t\t\t\t\t\t<div class=\"elementor-element elementor-element-4b29215 elementor-widget elementor-widget-text-editor\" data-id=\"4b29215\" data-element_type=\"widget\" data-e-type=\"widget\" data-widget_type=\"text-editor.default\">\n\t\t\t\t<div class=\"elementor-widget-container\">\n\t\t\t\t\t\t\t\t\t<p><span style=\"color: #ffffff;\"><b>More Info on the website\u00a0<\/b>: <\/span><span style=\"color: #ff99cc;\"><a style=\"color: #ff99cc;\" href=\"https:\/\/www.bxltour.be\/en\/practical-info\/\"><span style=\"text-decoration: underline;\"><strong><span>BXLTOUR.BE<\/span><\/strong><\/span><\/a><\/span><\/p>\t\t\t\t\t\t\t\t<\/div>\n\t\t\t\t<\/div>\n\t\t\t\t\t<\/div>\n\t\t<\/div>\n\t\t\t\t<div class=\"elementor-column elementor-col-50 elementor-top-column elementor-element elementor-element-3ff680d\" data-id=\"3ff680d\" data-element_type=\"column\" data-e-type=\"column\">\n\t\t\t<div class=\"elementor-widget-wrap elementor-element-populated\">\n\t\t\t\t\t\t<div class=\"elementor-element elementor-element-0b851ef elementor-widget elementor-widget-text-editor\" data-id=\"0b851ef\" data-element_type=\"widget\" data-e-type=\"widget\" data-widget_type=\"text-editor.default\">\n\t\t\t\t<div class=\"elementor-widget-container\">\n\t\t\t\t\t\t\t\t\t<p style=\"text-align: center;\"><span style=\"color: #0e76bc;\"><strong>Closing oh the registration<\/strong><\/span><\/p><p style=\"text-align: center;\"><strong style=\"color: rgb(255, 255, 255);\"><span style=\"color: #0e76bc;\">Wednesday 01\/06\/2022<\/span>21<\/strong><span style=\"color: rgb(255, 255, 255);\">&nbsp;5309\/08<\/span><\/p>\t\t\t\t\t\t\t\t<\/div>\n\t\t\t\t<\/div>\n\t\t\t\t\t<\/div>\n\t\t<\/div>\n\t\t\t\t\t<\/div>\n\t\t<\/section>\n\t\t\t\t<section class=\"elementor-section elementor-top-section elementor-element elementor-element-3e3ebfe elementor-section-boxed elementor-section-height-default elementor-section-height-default\" data-id=\"3e3ebfe\" data-element_type=\"section\" data-e-type=\"section\">\n\t\t\t\t\t\t<div class=\"elementor-container elementor-column-gap-default\">\n\t\t\t\t\t<div class=\"elementor-column elementor-col-50 elementor-top-column elementor-element elementor-element-b737b18\" data-id=\"b737b18\" data-element_type=\"column\" data-e-type=\"column\">\n\t\t\t<div class=\"elementor-widget-wrap elementor-element-populated\">\n\t\t\t\t\t\t<div class=\"elementor-element elementor-element-215d8d2 elementor-widget elementor-widget-image\" data-id=\"215d8d2\" data-element_type=\"widget\" data-e-type=\"widget\" data-widget_type=\"image.default\">\n\t\t\t\t<div class=\"elementor-widget-container\">\n\t\t\t\t\t\t\t\t\t\t\t\t\t\t\t<img decoding=\"async\" src=\"https:\/\/michelcremerfoundation.eu\/wp-content\/uploads\/elementor\/thumbs\/OMQP9466-p8u52dzsfvejxqz3iteisott56yvwmu9h0rydzz6fs.jpg\" title=\"OMQP9466\" alt=\"OMQP9466\" loading=\"lazy\" \/>\t\t\t\t\t\t\t\t\t\t\t\t\t\t\t<\/div>\n\t\t\t\t<\/div>\n\t\t\t\t\t<\/div>\n\t\t<\/div>\n\t\t\t\t<div class=\"elementor-column elementor-col-50 elementor-top-column elementor-element elementor-element-1ea088c\" data-id=\"1ea088c\" data-element_type=\"column\" data-e-type=\"column\" data-settings=\"{&quot;background_background&quot;:&quot;gradient&quot;}\">\n\t\t\t<div class=\"elementor-widget-wrap elementor-element-populated\">\n\t\t\t\t\t\t<div class=\"elementor-element elementor-element-e867007 elementor-widget elementor-widget-heading\" data-id=\"e867007\" data-element_type=\"widget\" data-e-type=\"widget\" data-widget_type=\"heading.default\">\n\t\t\t\t<div class=\"elementor-widget-container\">\n\t\t\t\t\t<h3 class=\"elementor-heading-title elementor-size-medium\">BECOME AN AMBASSADOR OF THE FOUNDATION AND BE SPONSORED !<\/h3>\t\t\t\t<\/div>\n\t\t\t\t<\/div>\n\t\t\t\t<div class=\"elementor-element elementor-element-6a894f3 elementor-widget elementor-widget-text-editor\" data-id=\"6a894f3\" data-element_type=\"widget\" data-e-type=\"widget\" data-widget_type=\"text-editor.default\">\n\t\t\t\t<div class=\"elementor-widget-container\">\n\t\t\t\t\t\t\t\t\t<p><span style=\"color: #ffffff;\">Help us raise funds to support research between doctors, engineers and other scientists and get sponsored during this BXL Tour.<\/span><\/p>\t\t\t\t\t\t\t\t<\/div>\n\t\t\t\t<\/div>\n\t\t\t\t<div class=\"elementor-element elementor-element-0555679 elementor-widget elementor-widget-text-editor\" data-id=\"0555679\" data-element_type=\"widget\" data-e-type=\"widget\" data-widget_type=\"text-editor.default\">\n\t\t\t\t<div class=\"elementor-widget-container\">\n\t\t\t\t\t\t\t\t\t<p><span style=\"color: #ffffff;\">Ask your friends and relatives to donate to the Foundation instead of giving you a gift for your birthday, birth, wedding, etc. or on the occasion of any other event.<\/span><\/p>\t\t\t\t\t\t\t\t<\/div>\n\t\t\t\t<\/div>\n\t\t\t\t<div class=\"elementor-element elementor-element-5f8cd4d elementor-widget elementor-widget-text-editor\" data-id=\"5f8cd4d\" data-element_type=\"widget\" data-e-type=\"widget\" data-widget_type=\"text-editor.default\">\n\t\t\t\t<div class=\"elementor-widget-container\">\n\t\t\t\t\t\t\t\t\t<p><span style=\"color: #ffffff;\">The participant having collected the largest amount, he or she, will be offered a drink upon arrival and his\/her registration to the next activity of the Foundation.<\/span><\/p>\t\t\t\t\t\t\t\t<\/div>\n\t\t\t\t<\/div>\n\t\t\t\t<div class=\"elementor-element elementor-element-0b41a8c elementor-widget elementor-widget-text-editor\" data-id=\"0b41a8c\" data-element_type=\"widget\" data-e-type=\"widget\" data-widget_type=\"text-editor.default\">\n\t\t\t\t<div class=\"elementor-widget-container\">\n\t\t\t\t\t\t\t\t\t<p><span style=\"color: #ffffff;\">Your collect must be paid into the Foundation\u2019s account<\/span><\/p><p><span style=\"color: #ffffff;\">BE35 0689 1098 6237 with your full name, BXL Tour and DONATION.<\/span><\/p>\t\t\t\t\t\t\t\t<\/div>\n\t\t\t\t<\/div>\n\t\t\t\t<div class=\"elementor-element elementor-element-a81246c elementor-widget elementor-widget-text-editor\" data-id=\"a81246c\" data-element_type=\"widget\" data-e-type=\"widget\" data-widget_type=\"text-editor.default\">\n\t\t\t\t<div class=\"elementor-widget-container\">\n\t\t\t\t\t\t\t\t\t<p><span style=\"background-color: transparent; color: #ffffff;\">* All donations are fiscally deductible from \u20ac 40 according to Belgian law.<\/span><\/p>\t\t\t\t\t\t\t\t<\/div>\n\t\t\t\t<\/div>\n\t\t\t\t\t<\/div>\n\t\t<\/div>\n\t\t\t\t\t<\/div>\n\t\t<\/section>\n\t\t\t\t<section class=\"elementor-section elementor-top-section elementor-element elementor-element-c720453 elementor-section-boxed elementor-section-height-default elementor-section-height-default\" data-id=\"c720453\" data-element_type=\"section\" data-e-type=\"section\">\n\t\t\t\t\t\t<div class=\"elementor-container elementor-column-gap-default\">\n\t\t\t\t\t<div class=\"elementor-column elementor-col-100 elementor-top-column elementor-element elementor-element-4107204\" data-id=\"4107204\" data-element_type=\"column\" data-e-type=\"column\">\n\t\t\t<div class=\"elementor-widget-wrap elementor-element-populated\">\n\t\t\t\t\t\t<div class=\"elementor-element elementor-element-f4142c4 elementor-widget-divider--view-line elementor-widget elementor-widget-divider\" data-id=\"f4142c4\" data-element_type=\"widget\" data-e-type=\"widget\" data-widget_type=\"divider.default\">\n\t\t\t\t<div class=\"elementor-widget-container\">\n\t\t\t\t\t\t\t<div class=\"elementor-divider\">\n\t\t\t<span class=\"elementor-divider-separator\">\n\t\t\t\t\t\t<\/span>\n\t\t<\/div>\n\t\t\t\t\t\t<\/div>\n\t\t\t\t<\/div>\n\t\t\t\t<div class=\"elementor-element elementor-element-bab3507 elementor-align-justify elementor-widget elementor-widget-button\" data-id=\"bab3507\" data-element_type=\"widget\" data-e-type=\"widget\" data-widget_type=\"button.default\">\n\t\t\t\t<div class=\"elementor-widget-container\">\n\t\t\t\t\t\t\t\t\t<div class=\"elementor-button-wrapper\">\n\t\t\t\t\t<a class=\"elementor-button elementor-button-link elementor-size-xl\" href=\"https:\/\/michelcremerfoundation.eu\/wp-admin\/post.php?post=3232&#038;action=elementor#\" target=\"_blank\">\n\t\t\t\t\t\t<span class=\"elementor-button-content-wrapper\">\n\t\t\t\t\t\t\t\t\t<span class=\"elementor-button-text\">Support our work and make a donation<\/span>\n\t\t\t\t\t<\/span>\n\t\t\t\t\t<\/a>\n\t\t\t\t<\/div>\n\t\t\t\t\t\t\t\t<\/div>\n\t\t\t\t<\/div>\n\t\t\t\t<div class=\"elementor-element elementor-element-59493d4 elementor-widget-divider--view-line elementor-widget elementor-widget-divider\" data-id=\"59493d4\" data-element_type=\"widget\" data-e-type=\"widget\" data-widget_type=\"divider.default\">\n\t\t\t\t<div class=\"elementor-widget-container\">\n\t\t\t\t\t\t\t<div class=\"elementor-divider\">\n\t\t\t<span class=\"elementor-divider-separator\">\n\t\t\t\t\t\t<\/span>\n\t\t<\/div>\n\t\t\t\t\t\t<\/div>\n\t\t\t\t<\/div>\n\t\t\t\t<div class=\"elementor-element elementor-element-ef8d481 elementor-widget elementor-widget-text-editor\" data-id=\"ef8d481\" data-element_type=\"widget\" data-e-type=\"widget\" data-widget_type=\"text-editor.default\">\n\t\t\t\t<div class=\"elementor-widget-container\">\n\t\t\t\t\t\t\t\t\t<p style=\"text-align: center;\"><span style=\"color: #0e76bc; font-family: Roboto, 'Helvetica Neue', sans-serif; font-size: 24px; letter-spacing: 0px;\">Please relay information via your channels and social networks<\/span><\/p>\t\t\t\t\t\t\t\t<\/div>\n\t\t\t\t<\/div>\n\t\t\t\t<div class=\"elementor-element elementor-element-8e8c227 elementor-shape-rounded elementor-grid-0 e-grid-align-center elementor-widget elementor-widget-social-icons\" data-id=\"8e8c227\" data-element_type=\"widget\" data-e-type=\"widget\" data-widget_type=\"social-icons.default\">\n\t\t\t\t<div class=\"elementor-widget-container\">\n\t\t\t\t\t\t\t<div class=\"elementor-social-icons-wrapper elementor-grid\" role=\"list\">\n\t\t\t\t\t\t\t<span class=\"elementor-grid-item\" role=\"listitem\">\n\t\t\t\t\t<a class=\"elementor-icon elementor-social-icon elementor-social-icon-facebook elementor-repeater-item-7fcf72a\" href=\"https:\/\/www.facebook.com\/fondationmichelcremer\/\" target=\"_blank\">\n\t\t\t\t\t\t<span class=\"elementor-screen-only\">Facebook<\/span>\n\t\t\t\t\t\t<i aria-hidden=\"true\" class=\"fab fa-facebook\"><\/i>\t\t\t\t\t<\/a>\n\t\t\t\t<\/span>\n\t\t\t\t\t\t\t<span class=\"elementor-grid-item\" role=\"listitem\">\n\t\t\t\t\t<a class=\"elementor-icon elementor-social-icon elementor-social-icon-linkedin elementor-repeater-item-2dbf01b\" href=\"https:\/\/www.linkedin.com\/company\/18897844\/admin\/\" target=\"_blank\">\n\t\t\t\t\t\t<span class=\"elementor-screen-only\">Linkedin<\/span>\n\t\t\t\t\t\t<i aria-hidden=\"true\" class=\"fab fa-linkedin\"><\/i>\t\t\t\t\t<\/a>\n\t\t\t\t<\/span>\n\t\t\t\t\t\t\t<span class=\"elementor-grid-item\" role=\"listitem\">\n\t\t\t\t\t<a class=\"elementor-icon elementor-social-icon elementor-social-icon-twitter elementor-repeater-item-8a723de\" href=\"https:\/\/twitter.com\/cremer_michel\" target=\"_blank\">\n\t\t\t\t\t\t<span class=\"elementor-screen-only\">Twitter<\/span>\n\t\t\t\t\t\t<i aria-hidden=\"true\" class=\"fab fa-twitter\"><\/i>\t\t\t\t\t<\/a>\n\t\t\t\t<\/span>\n\t\t\t\t\t\t\t<span class=\"elementor-grid-item\" role=\"listitem\">\n\t\t\t\t\t<a class=\"elementor-icon elementor-social-icon elementor-social-icon-instagram elementor-repeater-item-b782dd5\" href=\"https:\/\/www.instagram.com\/csztalb\/\" target=\"_blank\">\n\t\t\t\t\t\t<span class=\"elementor-screen-only\">Instagram<\/span>\n\t\t\t\t\t\t<i aria-hidden=\"true\" class=\"fab fa-instagram\"><\/i>\t\t\t\t\t<\/a>\n\t\t\t\t<\/span>\n\t\t\t\t\t\t\t<span class=\"elementor-grid-item\" role=\"listitem\">\n\t\t\t\t\t<a class=\"elementor-icon elementor-social-icon elementor-social-icon-youtube elementor-repeater-item-fa25b1b\" href=\"https:\/\/www.youtube.com\/channel\/UCpqwv8IuVl5Cbk2dvDVvqDw\" target=\"_blank\">\n\t\t\t\t\t\t<span class=\"elementor-screen-only\">Youtube<\/span>\n\t\t\t\t\t\t<i aria-hidden=\"true\" class=\"fab fa-youtube\"><\/i>\t\t\t\t\t<\/a>\n\t\t\t\t<\/span>\n\t\t\t\t\t<\/div>\n\t\t\t\t\t\t<\/div>\n\t\t\t\t<\/div>\n\t\t\t\t\t<\/div>\n\t\t<\/div>\n\t\t\t\t\t<\/div>\n\t\t<\/section>\n\t\t\t\t<\/div>\n\t\t","protected":false},"excerpt":{"rendered":"<p>You are invited. e to join the Foundation for the Race of the BXLTour of 40 km by bike in Brussels<\/p>\n","protected":false},"author":2,"featured_media":6367,"comment_status":"open","ping_status":"closed","template":"","tags":[],"mec_category":[159,197],"class_list":["post-7151","mec-events","type-mec-events","status-publish","has-post-thumbnail","hentry","mec_category-nouvelles-de-la-fondation-michel-cremer","mec_category-sport-en"],"yoast_head":"<!-- This site is optimized with the Yoast SEO plugin v27.4 - https:\/\/yoast.com\/product\/yoast-seo-wordpress\/ -->\n<title>BXL TOUR-BICYCLE RACE - Fondation Michel Cremer<\/title>\n<meta name=\"description\" content=\"You are invited. e to join the Foundation for the Race of the BXLTour of 40 km by bike in Brussels\" \/>\n<meta name=\"robots\" content=\"index, follow, max-snippet:-1, max-image-preview:large, max-video-preview:-1\" \/>\n<link rel=\"canonical\" href=\"https:\/\/michelcremerfoundation.eu\/index.php\/en\/mec-events\/bxltour-29-june-2021-40km-race-by-cycle-in-bxl-uk-598-284\/\" \/>\n<meta property=\"og:locale\" content=\"fr_FR\" \/>\n<meta property=\"og:type\" content=\"article\" \/>\n<meta property=\"og:title\" content=\"BXL TOUR-BICYCLE RACE - Fondation Michel Cremer\" \/>\n<meta property=\"og:description\" content=\"You are invited. e to join the Foundation for the Race of the BXLTour of 40 km by bike in Brussels\" \/>\n<meta property=\"og:url\" content=\"https:\/\/michelcremerfoundation.eu\/index.php\/en\/mec-events\/bxltour-29-june-2021-40km-race-by-cycle-in-bxl-uk-598-284\/\" \/>\n<meta property=\"og:site_name\" content=\"Fondation Michel Cremer\" \/>\n<meta property=\"article:publisher\" content=\"https:\/\/www.facebook.com\/fondationmichelcremer\" \/>\n<meta property=\"article:modified_time\" content=\"2023-10-09T14:50:49+00:00\" \/>\n<meta property=\"og:image\" content=\"https:\/\/michelcremerfoundation.eu\/wp-content\/uploads\/2021\/06\/BXL-Tour-Image-mise-en-avant-site-web.png\" \/>\n\t<meta property=\"og:image:width\" content=\"484\" \/>\n\t<meta property=\"og:image:height\" content=\"381\" \/>\n\t<meta property=\"og:image:type\" content=\"image\/png\" \/>\n<meta name=\"twitter:card\" content=\"summary_large_image\" \/>\n<meta name=\"twitter:label1\" content=\"Dur\u00e9e de lecture estim\u00e9e\" \/>\n\t<meta name=\"twitter:data1\" content=\"5 minutes\" \/>\n<script type=\"application\/ld+json\" class=\"yoast-schema-graph\">{\"@context\":\"https:\\\/\\\/schema.org\",\"@graph\":[{\"@type\":\"WebPage\",\"@id\":\"https:\\\/\\\/michelcremerfoundation.eu\\\/index.php\\\/en\\\/mec-events\\\/bxltour-29-june-2021-40km-race-by-cycle-in-bxl-uk-598-284\\\/\",\"url\":\"https:\\\/\\\/michelcremerfoundation.eu\\\/index.php\\\/en\\\/mec-events\\\/bxltour-29-june-2021-40km-race-by-cycle-in-bxl-uk-598-284\\\/\",\"name\":\"BXL TOUR-BICYCLE RACE - Fondation Michel Cremer\",\"isPartOf\":{\"@id\":\"https:\\\/\\\/michelcremerfoundation.eu\\\/#website\"},\"primaryImageOfPage\":{\"@id\":\"https:\\\/\\\/michelcremerfoundation.eu\\\/index.php\\\/en\\\/mec-events\\\/bxltour-29-june-2021-40km-race-by-cycle-in-bxl-uk-598-284\\\/#primaryimage\"},\"image\":{\"@id\":\"https:\\\/\\\/michelcremerfoundation.eu\\\/index.php\\\/en\\\/mec-events\\\/bxltour-29-june-2021-40km-race-by-cycle-in-bxl-uk-598-284\\\/#primaryimage\"},\"thumbnailUrl\":\"https:\\\/\\\/michelcremerfoundation.eu\\\/wp-content\\\/uploads\\\/2021\\\/06\\\/BXL-Tour-Image-mise-en-avant-site-web.png\",\"datePublished\":\"2021-11-28T13:56:08+00:00\",\"dateModified\":\"2023-10-09T14:50:49+00:00\",\"description\":\"You are invited. e to join the Foundation for the Race of the BXLTour of 40 km by bike in Brussels\",\"breadcrumb\":{\"@id\":\"https:\\\/\\\/michelcremerfoundation.eu\\\/index.php\\\/en\\\/mec-events\\\/bxltour-29-june-2021-40km-race-by-cycle-in-bxl-uk-598-284\\\/#breadcrumb\"},\"inLanguage\":\"fr-FR\",\"potentialAction\":[{\"@type\":\"ReadAction\",\"target\":[\"https:\\\/\\\/michelcremerfoundation.eu\\\/index.php\\\/en\\\/mec-events\\\/bxltour-29-june-2021-40km-race-by-cycle-in-bxl-uk-598-284\\\/\"]}]},{\"@type\":\"ImageObject\",\"inLanguage\":\"fr-FR\",\"@id\":\"https:\\\/\\\/michelcremerfoundation.eu\\\/index.php\\\/en\\\/mec-events\\\/bxltour-29-june-2021-40km-race-by-cycle-in-bxl-uk-598-284\\\/#primaryimage\",\"url\":\"https:\\\/\\\/michelcremerfoundation.eu\\\/wp-content\\\/uploads\\\/2021\\\/06\\\/BXL-Tour-Image-mise-en-avant-site-web.png\",\"contentUrl\":\"https:\\\/\\\/michelcremerfoundation.eu\\\/wp-content\\\/uploads\\\/2021\\\/06\\\/BXL-Tour-Image-mise-en-avant-site-web.png\",\"width\":484,\"height\":381},{\"@type\":\"BreadcrumbList\",\"@id\":\"https:\\\/\\\/michelcremerfoundation.eu\\\/index.php\\\/en\\\/mec-events\\\/bxltour-29-june-2021-40km-race-by-cycle-in-bxl-uk-598-284\\\/#breadcrumb\",\"itemListElement\":[{\"@type\":\"ListItem\",\"position\":1,\"name\":\"Accueil\",\"item\":\"https:\\\/\\\/michelcremerfoundation.eu\\\/\"},{\"@type\":\"ListItem\",\"position\":2,\"name\":\"Events\",\"item\":\"https:\\\/\\\/michelcremerfoundation.eu\\\/index.php\\\/nl\\\/mec-events\\\/\"},{\"@type\":\"ListItem\",\"position\":3,\"name\":\"BXL TOUR-BICYCLE RACE\"}]},{\"@type\":\"WebSite\",\"@id\":\"https:\\\/\\\/michelcremerfoundation.eu\\\/#website\",\"url\":\"https:\\\/\\\/michelcremerfoundation.eu\\\/\",\"name\":\"Fondation Michel Cremer\",\"description\":\"Ensemble, vers la m\u00e9decine du futur\",\"publisher\":{\"@id\":\"https:\\\/\\\/michelcremerfoundation.eu\\\/#organization\"},\"potentialAction\":[{\"@type\":\"SearchAction\",\"target\":{\"@type\":\"EntryPoint\",\"urlTemplate\":\"https:\\\/\\\/michelcremerfoundation.eu\\\/?s={search_term_string}\"},\"query-input\":{\"@type\":\"PropertyValueSpecification\",\"valueRequired\":true,\"valueName\":\"search_term_string\"}}],\"inLanguage\":\"fr-FR\"},{\"@type\":\"Organization\",\"@id\":\"https:\\\/\\\/michelcremerfoundation.eu\\\/#organization\",\"name\":\"Fondation Michel Cremer\",\"url\":\"https:\\\/\\\/michelcremerfoundation.eu\\\/\",\"logo\":{\"@type\":\"ImageObject\",\"inLanguage\":\"fr-FR\",\"@id\":\"https:\\\/\\\/michelcremerfoundation.eu\\\/#\\\/schema\\\/logo\\\/image\\\/\",\"url\":\"https:\\\/\\\/michelcremerfoundation.eu\\\/wp-content\\\/uploads\\\/2018\\\/03\\\/Logo-FMC-e1520765525490.jpg\",\"contentUrl\":\"https:\\\/\\\/michelcremerfoundation.eu\\\/wp-content\\\/uploads\\\/2018\\\/03\\\/Logo-FMC-e1520765525490.jpg\",\"width\":100,\"height\":66,\"caption\":\"Fondation Michel Cremer\"},\"image\":{\"@id\":\"https:\\\/\\\/michelcremerfoundation.eu\\\/#\\\/schema\\\/logo\\\/image\\\/\"},\"sameAs\":[\"https:\\\/\\\/www.facebook.com\\\/fondationmichelcremer\",\"https:\\\/\\\/www.linkedin.com\\\/company\\\/18897844\"]}]}<\/script>\n<!-- \/ Yoast SEO plugin. -->","yoast_head_json":{"title":"BXL TOUR-BICYCLE RACE - Fondation Michel Cremer","description":"You are invited. e to join the Foundation for the Race of the BXLTour of 40 km by bike in Brussels","robots":{"index":"index","follow":"follow","max-snippet":"max-snippet:-1","max-image-preview":"max-image-preview:large","max-video-preview":"max-video-preview:-1"},"canonical":"https:\/\/michelcremerfoundation.eu\/index.php\/en\/mec-events\/bxltour-29-june-2021-40km-race-by-cycle-in-bxl-uk-598-284\/","og_locale":"fr_FR","og_type":"article","og_title":"BXL TOUR-BICYCLE RACE - Fondation Michel Cremer","og_description":"You are invited. e to join the Foundation for the Race of the BXLTour of 40 km by bike in Brussels","og_url":"https:\/\/michelcremerfoundation.eu\/index.php\/en\/mec-events\/bxltour-29-june-2021-40km-race-by-cycle-in-bxl-uk-598-284\/","og_site_name":"Fondation Michel Cremer","article_publisher":"https:\/\/www.facebook.com\/fondationmichelcremer","article_modified_time":"2023-10-09T14:50:49+00:00","og_image":[{"width":484,"height":381,"url":"https:\/\/michelcremerfoundation.eu\/wp-content\/uploads\/2021\/06\/BXL-Tour-Image-mise-en-avant-site-web.png","type":"image\/png"}],"twitter_card":"summary_large_image","twitter_misc":{"Dur\u00e9e de lecture estim\u00e9e":"5 minutes"},"schema":{"@context":"https:\/\/schema.org","@graph":[{"@type":"WebPage","@id":"https:\/\/michelcremerfoundation.eu\/index.php\/en\/mec-events\/bxltour-29-june-2021-40km-race-by-cycle-in-bxl-uk-598-284\/","url":"https:\/\/michelcremerfoundation.eu\/index.php\/en\/mec-events\/bxltour-29-june-2021-40km-race-by-cycle-in-bxl-uk-598-284\/","name":"BXL TOUR-BICYCLE RACE - Fondation Michel Cremer","isPartOf":{"@id":"https:\/\/michelcremerfoundation.eu\/#website"},"primaryImageOfPage":{"@id":"https:\/\/michelcremerfoundation.eu\/index.php\/en\/mec-events\/bxltour-29-june-2021-40km-race-by-cycle-in-bxl-uk-598-284\/#primaryimage"},"image":{"@id":"https:\/\/michelcremerfoundation.eu\/index.php\/en\/mec-events\/bxltour-29-june-2021-40km-race-by-cycle-in-bxl-uk-598-284\/#primaryimage"},"thumbnailUrl":"https:\/\/michelcremerfoundation.eu\/wp-content\/uploads\/2021\/06\/BXL-Tour-Image-mise-en-avant-site-web.png","datePublished":"2021-11-28T13:56:08+00:00","dateModified":"2023-10-09T14:50:49+00:00","description":"You are invited. e to join the Foundation for the Race of the BXLTour of 40 km by bike in Brussels","breadcrumb":{"@id":"https:\/\/michelcremerfoundation.eu\/index.php\/en\/mec-events\/bxltour-29-june-2021-40km-race-by-cycle-in-bxl-uk-598-284\/#breadcrumb"},"inLanguage":"fr-FR","potentialAction":[{"@type":"ReadAction","target":["https:\/\/michelcremerfoundation.eu\/index.php\/en\/mec-events\/bxltour-29-june-2021-40km-race-by-cycle-in-bxl-uk-598-284\/"]}]},{"@type":"ImageObject","inLanguage":"fr-FR","@id":"https:\/\/michelcremerfoundation.eu\/index.php\/en\/mec-events\/bxltour-29-june-2021-40km-race-by-cycle-in-bxl-uk-598-284\/#primaryimage","url":"https:\/\/michelcremerfoundation.eu\/wp-content\/uploads\/2021\/06\/BXL-Tour-Image-mise-en-avant-site-web.png","contentUrl":"https:\/\/michelcremerfoundation.eu\/wp-content\/uploads\/2021\/06\/BXL-Tour-Image-mise-en-avant-site-web.png","width":484,"height":381},{"@type":"BreadcrumbList","@id":"https:\/\/michelcremerfoundation.eu\/index.php\/en\/mec-events\/bxltour-29-june-2021-40km-race-by-cycle-in-bxl-uk-598-284\/#breadcrumb","itemListElement":[{"@type":"ListItem","position":1,"name":"Accueil","item":"https:\/\/michelcremerfoundation.eu\/"},{"@type":"ListItem","position":2,"name":"Events","item":"https:\/\/michelcremerfoundation.eu\/index.php\/nl\/mec-events\/"},{"@type":"ListItem","position":3,"name":"BXL TOUR-BICYCLE RACE"}]},{"@type":"WebSite","@id":"https:\/\/michelcremerfoundation.eu\/#website","url":"https:\/\/michelcremerfoundation.eu\/","name":"Fondation Michel Cremer","description":"Ensemble, vers la m\u00e9decine du futur","publisher":{"@id":"https:\/\/michelcremerfoundation.eu\/#organization"},"potentialAction":[{"@type":"SearchAction","target":{"@type":"EntryPoint","urlTemplate":"https:\/\/michelcremerfoundation.eu\/?s={search_term_string}"},"query-input":{"@type":"PropertyValueSpecification","valueRequired":true,"valueName":"search_term_string"}}],"inLanguage":"fr-FR"},{"@type":"Organization","@id":"https:\/\/michelcremerfoundation.eu\/#organization","name":"Fondation Michel Cremer","url":"https:\/\/michelcremerfoundation.eu\/","logo":{"@type":"ImageObject","inLanguage":"fr-FR","@id":"https:\/\/michelcremerfoundation.eu\/#\/schema\/logo\/image\/","url":"https:\/\/michelcremerfoundation.eu\/wp-content\/uploads\/2018\/03\/Logo-FMC-e1520765525490.jpg","contentUrl":"https:\/\/michelcremerfoundation.eu\/wp-content\/uploads\/2018\/03\/Logo-FMC-e1520765525490.jpg","width":100,"height":66,"caption":"Fondation Michel Cremer"},"image":{"@id":"https:\/\/michelcremerfoundation.eu\/#\/schema\/logo\/image\/"},"sameAs":["https:\/\/www.facebook.com\/fondationmichelcremer","https:\/\/www.linkedin.com\/company\/18897844"]}]}},"jetpack_sharing_enabled":true,"_links":{"self":[{"href":"https:\/\/michelcremerfoundation.eu\/index.php\/wp-json\/wp\/v2\/mec-events\/7151","targetHints":{"allow":["GET"]}}],"collection":[{"href":"https:\/\/michelcremerfoundation.eu\/index.php\/wp-json\/wp\/v2\/mec-events"}],"about":[{"href":"https:\/\/michelcremerfoundation.eu\/index.php\/wp-json\/wp\/v2\/types\/mec-events"}],"author":[{"embeddable":true,"href":"https:\/\/michelcremerfoundation.eu\/index.php\/wp-json\/wp\/v2\/users\/2"}],"replies":[{"embeddable":true,"href":"https:\/\/michelcremerfoundation.eu\/index.php\/wp-json\/wp\/v2\/comments?post=7151"}],"version-history":[{"count":44,"href":"https:\/\/michelcremerfoundation.eu\/index.php\/wp-json\/wp\/v2\/mec-events\/7151\/revisions"}],"predecessor-version":[{"id":12943,"href":"https:\/\/michelcremerfoundation.eu\/index.php\/wp-json\/wp\/v2\/mec-events\/7151\/revisions\/12943"}],"wp:featuredmedia":[{"embeddable":true,"href":"https:\/\/michelcremerfoundation.eu\/index.php\/wp-json\/wp\/v2\/media\/6367"}],"wp:attachment":[{"href":"https:\/\/michelcremerfoundation.eu\/index.php\/wp-json\/wp\/v2\/media?parent=7151"}],"wp:term":[{"taxonomy":"post_tag","embeddable":true,"href":"https:\/\/michelcremerfoundation.eu\/index.php\/wp-json\/wp\/v2\/tags?post=7151"},{"taxonomy":"mec_category","embeddable":true,"href":"https:\/\/michelcremerfoundation.eu\/index.php\/wp-json\/wp\/v2\/mec_category?post=7151"}],"curies":[{"name":"wp","href":"https:\/\/api.w.org\/{rel}","templated":true}]}}