{"id":4838,"date":"2021-02-28T20:39:02","date_gmt":"2021-02-28T19:39:02","guid":{"rendered":"https:\/\/michelcremerfoundation.eu\/index.php\/events\/endorun-rejoignez-nous-pour-un-moment-convivial-dimanche-15-09-des-9h30\/"},"modified":"2023-10-09T13:51:17","modified_gmt":"2023-10-09T11:51:17","slug":"endorun-rejoignez-nous-pour-un-moment-convivial-dimanche-15-09-des-9h30","status":"publish","type":"mec-events","link":"https:\/\/michelcremerfoundation.eu\/index.php\/mec-events\/endorun-rejoignez-nous-pour-un-moment-convivial-dimanche-15-09-des-9h30\/","title":{"rendered":"Endorun &#8211; Rejoignez-nous pour un moment convivial dimanche 15\/09 d\u00e8s 9h30"},"content":{"rendered":"<h2 style=\"text-align: center;\">Je marche, je cours ou je roule aujourd&rsquo;hui pour sauver des vies demain.<\/h2>\n<p><a role=\"button\" href=\"https:\/\/docs.google.com\/forms\/d\/e\/1FAIpQLSfCkRhGhSZOSRylziOpBD0gBUWw2Cr1IhuR-Q3NQ_EIfZaHGA\/viewform?usp=pp_url\"><br \/>\nRaccourci vers le formulaire d&rsquo;inscription<br \/>\n<\/a><\/p>\n<p><b style=\"color: #0e76bc; font-size: 38px; letter-spacing: 0px; text-transform: uppercase;\">en PRATIQUE\u00a0\u00a0<\/b><\/p>\n<ul>\n<li>\n<h4><strong>Course de 5 km ou 10 km<\/strong><\/h4>\n<\/li>\n<li>\n<h4><strong>Balade \u00e0 pied de 5 km<\/strong><\/h4>\n<\/li>\n<li>\n<h4><strong>Randonn\u00e9e \u00e0 v\u00e9lo de 20 km\u00a0<\/strong><\/h4>\n<\/li>\n<\/ul>\n<h3 data-fontsize=\"16\" data-lineheight=\"24\"><b>DATE ET HEURE<\/b>\u00a0: DIMANCHE 15\/09\/2019 \u00c0 PARTIR DE 9 H30<\/h3>\n<p><img fetchpriority=\"high\" decoding=\"async\" src=\"https:\/\/michelcremerfoundation.eu\/wp-content\/uploads\/2019\/04\/Diapositive3.png\" sizes=\"(max-width: 960px) 100vw, 960px\" srcset=\"https:\/\/michelcremerfoundation.eu\/wp-content\/uploads\/2019\/04\/Diapositive3-200x150.png 200w, https:\/\/michelcremerfoundation.eu\/wp-content\/uploads\/2019\/04\/Diapositive3-300x225.png 300w, https:\/\/michelcremerfoundation.eu\/wp-content\/uploads\/2019\/04\/Diapositive3-400x300.png 400w, https:\/\/michelcremerfoundation.eu\/wp-content\/uploads\/2019\/04\/Diapositive3-600x450.png 600w, https:\/\/michelcremerfoundation.eu\/wp-content\/uploads\/2019\/04\/Diapositive3-700x525.png 700w, https:\/\/michelcremerfoundation.eu\/wp-content\/uploads\/2019\/04\/Diapositive3-768x576.png 768w, https:\/\/michelcremerfoundation.eu\/wp-content\/uploads\/2019\/04\/Diapositive3-800x600.png 800w, https:\/\/michelcremerfoundation.eu\/wp-content\/uploads\/2019\/04\/Diapositive3.png 960w\" alt=\"\" width=\"960\" height=\"720\" \/><\/p>\n<h2 data-fontsize=\"16\" data-lineheight=\"24\">\u00a0<strong>Programme<\/strong><\/h2>\n<ul>\n<li data-fontsize=\"16\" data-lineheight=\"24\">\n<h3>9 H30 :\u00a0ACCUEIL AU STAND DE LA FONDATION \u2013 AU CERCLE DE M\u00c9DECINE SUR LE PARKING DE L\u2019H\u00d4PITAL ERASME, RUE DU MEYLEMEERSCH 5 &#8211; 1070 Bruxelles<\/h3>\n<\/li>\n<li>\n<h3>10h30 : D\u00c9PART DE LA COURSE SUR LES PARCOURS DE 5 KM ET 10 KM<\/h3>\n<\/li>\n<li>\n<h3>10H30 : D\u00c9PART DE LA RANDONN\u00c9E \u00c0 V\u00c9LO<\/h3>\n<\/li>\n<li>\n<h3>10H35 : D\u00c9PART DE LA BALADE \u00c0 PIed<\/h3>\n<\/li>\n<li>\n<h3>12H30 : Verre de l&rsquo;amiti\u00e9 et barbecue convivial<\/h3>\n<\/li>\n<\/ul>\n<p><img decoding=\"async\" src=\"https:\/\/michelcremerfoundation.eu\/wp-content\/uploads\/2019\/04\/Diapositive4.png\" sizes=\"(max-width: 960px) 100vw, 960px\" srcset=\"https:\/\/michelcremerfoundation.eu\/wp-content\/uploads\/2019\/04\/Diapositive4-200x150.png 200w, https:\/\/michelcremerfoundation.eu\/wp-content\/uploads\/2019\/04\/Diapositive4-300x225.png 300w, https:\/\/michelcremerfoundation.eu\/wp-content\/uploads\/2019\/04\/Diapositive4-400x300.png 400w, https:\/\/michelcremerfoundation.eu\/wp-content\/uploads\/2019\/04\/Diapositive4-600x450.png 600w, https:\/\/michelcremerfoundation.eu\/wp-content\/uploads\/2019\/04\/Diapositive4-700x525.png 700w, https:\/\/michelcremerfoundation.eu\/wp-content\/uploads\/2019\/04\/Diapositive4-768x576.png 768w, https:\/\/michelcremerfoundation.eu\/wp-content\/uploads\/2019\/04\/Diapositive4-800x600.png 800w, https:\/\/michelcremerfoundation.eu\/wp-content\/uploads\/2019\/04\/Diapositive4.png 960w\" alt=\"\" width=\"960\" height=\"720\" \/><\/p>\n<h3><b>D\u00e9part et arriv\u00e9e pr\u00e8s du cercle de m\u00e9decine sur la campus erasme<br \/>\n<\/b><\/h3>\n<h3><b>Rue de Meylemeersch, 5<br \/>\n1070 Anderlecht<br \/>\n<\/b><\/h3>\n<h3>Des petites restaurations y seront disponibles tout le long de la matin\u00e9e<\/h3>\n<h2>Inscription<\/h2>\n<h3 data-fontsize=\"16\" data-lineheight=\"24\">1) INSCRIVEZ-VOUS \u00c0 L\u2019AIDE DU formulaire CI-DESSOUs<\/h3>\n<p><a role=\"button\" href=\"https:\/\/docs.google.com\/forms\/d\/e\/1FAIpQLSfCkRhGhSZOSRylziOpBD0gBUWw2Cr1IhuR-Q3NQ_EIfZaHGA\/viewform?usp=pp_url\"><br \/>\nCliquez ici pour vous inscrire<br \/>\n<\/a><br \/>\n<img decoding=\"async\" src=\"https:\/\/michelcremerfoundation.eu\/wp-content\/uploads\/2019\/04\/Diapositive5.png\" sizes=\"(max-width: 960px) 100vw, 960px\" srcset=\"https:\/\/michelcremerfoundation.eu\/wp-content\/uploads\/2019\/04\/Diapositive5-200x150.png 200w, https:\/\/michelcremerfoundation.eu\/wp-content\/uploads\/2019\/04\/Diapositive5-300x225.png 300w, https:\/\/michelcremerfoundation.eu\/wp-content\/uploads\/2019\/04\/Diapositive5-400x300.png 400w, https:\/\/michelcremerfoundation.eu\/wp-content\/uploads\/2019\/04\/Diapositive5-600x450.png 600w, https:\/\/michelcremerfoundation.eu\/wp-content\/uploads\/2019\/04\/Diapositive5-700x525.png 700w, https:\/\/michelcremerfoundation.eu\/wp-content\/uploads\/2019\/04\/Diapositive5-768x576.png 768w, https:\/\/michelcremerfoundation.eu\/wp-content\/uploads\/2019\/04\/Diapositive5-800x600.png 800w, https:\/\/michelcremerfoundation.eu\/wp-content\/uploads\/2019\/04\/Diapositive5.png 960w\" alt=\"\" width=\"960\" height=\"720\" \/><br \/>\n<img loading=\"lazy\" decoding=\"async\" src=\"https:\/\/michelcremerfoundation.eu\/wp-content\/uploads\/2019\/04\/Diapositive6.png\" sizes=\"(max-width: 960px) 100vw, 960px\" srcset=\"https:\/\/michelcremerfoundation.eu\/wp-content\/uploads\/2019\/04\/Diapositive6-200x150.png 200w, https:\/\/michelcremerfoundation.eu\/wp-content\/uploads\/2019\/04\/Diapositive6-300x225.png 300w, https:\/\/michelcremerfoundation.eu\/wp-content\/uploads\/2019\/04\/Diapositive6-400x300.png 400w, https:\/\/michelcremerfoundation.eu\/wp-content\/uploads\/2019\/04\/Diapositive6-600x450.png 600w, https:\/\/michelcremerfoundation.eu\/wp-content\/uploads\/2019\/04\/Diapositive6-700x525.png 700w, https:\/\/michelcremerfoundation.eu\/wp-content\/uploads\/2019\/04\/Diapositive6-768x576.png 768w, https:\/\/michelcremerfoundation.eu\/wp-content\/uploads\/2019\/04\/Diapositive6-800x600.png 800w, https:\/\/michelcremerfoundation.eu\/wp-content\/uploads\/2019\/04\/Diapositive6.png 960w\" alt=\"\" width=\"960\" height=\"720\" \/><\/p>\n<h3 data-fontsize=\"16\" data-lineheight=\"24\">2) Confirmez votre inscription<\/h3>\n<h3>Tarif en pr\u00e9vente :<\/h3>\n<ul>\n<li>\n<h4>course : 8 \u20ac<\/h4>\n<\/li>\n<li>\n<h4>balades \u00e0 pied ou en v\u00e9lo : 4 \u20ac<\/h4>\n<\/li>\n<li>\n<h4><strong>Gratuit<\/strong>\u00a0pour les enfants de moins de 15 ans<\/h4>\n<\/li>\n<\/ul>\n<h4>Merci d&rsquo;effectuer le virement sur le compte de la Fondation : <strong>BE35068910986237<\/strong><\/h4>\n<h3 data-fontsize=\"38\" data-lineheight=\"45\"><b>Cl\u00f4ture des pr\u00e9-inscriptions : le 8\/09\/2019<\/b><\/h3>\n<h4><\/h4>\n<h4>Possibilit\u00e9 de s&rsquo;inscrire le jour de la course (course : 10 \u20ac &#8211; balades \u00e0 pied ou en v\u00e9lo : 5 \u20ac)<\/h4>\n<h2>D\u00e9tails des activit\u00e9s<\/h2>\n<h3>Parcours pour la course ou la balade de 5 km<\/h3>\n<p><img loading=\"lazy\" decoding=\"async\" src=\"https:\/\/michelcremerfoundation.eu\/wp-content\/uploads\/2019\/04\/Afficheannonce-site-web-Endorun-image-parcours-5km.png\" sizes=\"(max-width: 960px) 100vw, 960px\" srcset=\"https:\/\/michelcremerfoundation.eu\/wp-content\/uploads\/2019\/04\/Afficheannonce-site-web-Endorun-image-parcours-5km-200x150.png 200w, https:\/\/michelcremerfoundation.eu\/wp-content\/uploads\/2019\/04\/Afficheannonce-site-web-Endorun-image-parcours-5km-300x225.png 300w, https:\/\/michelcremerfoundation.eu\/wp-content\/uploads\/2019\/04\/Afficheannonce-site-web-Endorun-image-parcours-5km-400x300.png 400w, https:\/\/michelcremerfoundation.eu\/wp-content\/uploads\/2019\/04\/Afficheannonce-site-web-Endorun-image-parcours-5km-600x450.png 600w, https:\/\/michelcremerfoundation.eu\/wp-content\/uploads\/2019\/04\/Afficheannonce-site-web-Endorun-image-parcours-5km-700x525.png 700w, https:\/\/michelcremerfoundation.eu\/wp-content\/uploads\/2019\/04\/Afficheannonce-site-web-Endorun-image-parcours-5km-768x576.png 768w, https:\/\/michelcremerfoundation.eu\/wp-content\/uploads\/2019\/04\/Afficheannonce-site-web-Endorun-image-parcours-5km-800x600.png 800w, https:\/\/michelcremerfoundation.eu\/wp-content\/uploads\/2019\/04\/Afficheannonce-site-web-Endorun-image-parcours-5km.png 960w\" alt=\"\" width=\"960\" height=\"720\" \/><br \/>\n<img loading=\"lazy\" decoding=\"async\" src=\"https:\/\/michelcremerfoundation.eu\/wp-content\/uploads\/2019\/04\/Afficheannonce-site-web-Endorun-image-parcours-10-km.png\" sizes=\"(max-width: 960px) 100vw, 960px\" srcset=\"https:\/\/michelcremerfoundation.eu\/wp-content\/uploads\/2019\/04\/Afficheannonce-site-web-Endorun-image-parcours-10-km-200x150.png 200w, https:\/\/michelcremerfoundation.eu\/wp-content\/uploads\/2019\/04\/Afficheannonce-site-web-Endorun-image-parcours-10-km-300x225.png 300w, https:\/\/michelcremerfoundation.eu\/wp-content\/uploads\/2019\/04\/Afficheannonce-site-web-Endorun-image-parcours-10-km-400x300.png 400w, https:\/\/michelcremerfoundation.eu\/wp-content\/uploads\/2019\/04\/Afficheannonce-site-web-Endorun-image-parcours-10-km-600x450.png 600w, https:\/\/michelcremerfoundation.eu\/wp-content\/uploads\/2019\/04\/Afficheannonce-site-web-Endorun-image-parcours-10-km-700x525.png 700w, https:\/\/michelcremerfoundation.eu\/wp-content\/uploads\/2019\/04\/Afficheannonce-site-web-Endorun-image-parcours-10-km-768x576.png 768w, https:\/\/michelcremerfoundation.eu\/wp-content\/uploads\/2019\/04\/Afficheannonce-site-web-Endorun-image-parcours-10-km-800x600.png 800w, https:\/\/michelcremerfoundation.eu\/wp-content\/uploads\/2019\/04\/Afficheannonce-site-web-Endorun-image-parcours-10-km.png 960w\" alt=\"\" width=\"960\" height=\"720\" \/><\/p>\n<h3 style=\"text-align: center;\">PARCOURS POUR LA COURSE DE 10 KM<\/h3>\n<h4>Parcours de 5 km :<br \/>\nAller + 1 petite boucle + retour<\/h4>\n<h4>Parcours de 10 km :<br \/>\nAller + 2 grandes boucles + retour<\/h4>\n<p><img loading=\"lazy\" decoding=\"async\" src=\"https:\/\/michelcremerfoundation.eu\/wp-content\/uploads\/2019\/04\/5-km-Endorun-1.png\" sizes=\"(max-width: 517px) 100vw, 517px\" srcset=\"https:\/\/michelcremerfoundation.eu\/wp-content\/uploads\/2019\/04\/5-km-Endorun-1-200x232.png 200w, https:\/\/michelcremerfoundation.eu\/wp-content\/uploads\/2019\/04\/5-km-Endorun-1-259x300.png 259w, https:\/\/michelcremerfoundation.eu\/wp-content\/uploads\/2019\/04\/5-km-Endorun-1-400x464.png 400w, https:\/\/michelcremerfoundation.eu\/wp-content\/uploads\/2019\/04\/5-km-Endorun-1.png 517w\" alt=\"\" width=\"517\" height=\"600\" \/><br \/>\n<img loading=\"lazy\" decoding=\"async\" src=\"https:\/\/michelcremerfoundation.eu\/wp-content\/uploads\/2019\/04\/10-km-Endorun-1.png\" sizes=\"(max-width: 517px) 100vw, 517px\" srcset=\"https:\/\/michelcremerfoundation.eu\/wp-content\/uploads\/2019\/04\/10-km-Endorun-1-200x232.png 200w, https:\/\/michelcremerfoundation.eu\/wp-content\/uploads\/2019\/04\/10-km-Endorun-1-259x300.png 259w, https:\/\/michelcremerfoundation.eu\/wp-content\/uploads\/2019\/04\/10-km-Endorun-1-400x464.png 400w, https:\/\/michelcremerfoundation.eu\/wp-content\/uploads\/2019\/04\/10-km-Endorun-1.png 517w\" alt=\"\" width=\"517\" height=\"600\" \/><\/p>\n<h3>Parcours v\u00e9lo &#8211; 20 km<\/h3>\n<p><a role=\"button\" href=\"https:\/\/michelcremerfoundation.eu\/wp-content\/uploads\/2019\/04\/Parcours-velo-Endorun-2019-09-15-mapimage-1.jpg\t\"><br \/>\nParcours v\u00e9lo d\u00e9taill\u00e9<br \/>\n<\/a><br \/>\n<img loading=\"lazy\" decoding=\"async\" src=\"https:\/\/michelcremerfoundation.eu\/wp-content\/uploads\/2019\/04\/Parcours-velo-Endorun-2019-09-15-mapimage-1-1024x778.jpg\" sizes=\"(max-width: 1024px) 100vw, 1024px\" srcset=\"https:\/\/michelcremerfoundation.eu\/wp-content\/uploads\/2019\/04\/Parcours-velo-Endorun-2019-09-15-mapimage-1-200x152.jpg 200w, https:\/\/michelcremerfoundation.eu\/wp-content\/uploads\/2019\/04\/Parcours-velo-Endorun-2019-09-15-mapimage-1-300x228.jpg 300w, https:\/\/michelcremerfoundation.eu\/wp-content\/uploads\/2019\/04\/Parcours-velo-Endorun-2019-09-15-mapimage-1-400x304.jpg 400w, https:\/\/michelcremerfoundation.eu\/wp-content\/uploads\/2019\/04\/Parcours-velo-Endorun-2019-09-15-mapimage-1-600x456.jpg 600w, https:\/\/michelcremerfoundation.eu\/wp-content\/uploads\/2019\/04\/Parcours-velo-Endorun-2019-09-15-mapimage-1-700x532.jpg 700w, https:\/\/michelcremerfoundation.eu\/wp-content\/uploads\/2019\/04\/Parcours-velo-Endorun-2019-09-15-mapimage-1-768x584.jpg 768w, https:\/\/michelcremerfoundation.eu\/wp-content\/uploads\/2019\/04\/Parcours-velo-Endorun-2019-09-15-mapimage-1-800x608.jpg 800w, https:\/\/michelcremerfoundation.eu\/wp-content\/uploads\/2019\/04\/Parcours-velo-Endorun-2019-09-15-mapimage-1-1024x778.jpg 1024w, https:\/\/michelcremerfoundation.eu\/wp-content\/uploads\/2019\/04\/Parcours-velo-Endorun-2019-09-15-mapimage-1-1200x912.jpg 1200w\" alt=\"\" width=\"1024\" height=\"778\" \/><\/p>\n<h4 style=\"text-align: center;\" data-fontsize=\"13\" data-lineheight=\"19\">MERCI DE BIEN VOULOIR PARTAGER L\u2019INFORMATION ET LA RELAYER L\u2019INFORMATION VIA LES R\u00c9SEAUX SOCIAUX.<\/h4>\n<p><a target=\"_blank\" rel=\"noopener noreferrer\"><br \/>\nFacebook<br \/>\n<\/a><br \/>\n<a target=\"_blank\" rel=\"noopener noreferrer\"><br \/>\nLinkedin<br \/>\n<\/a><br \/>\n<a target=\"_blank\" rel=\"noopener noreferrer\"><br \/>\nTwitter<br \/>\n<\/a><\/p>\n","protected":false},"excerpt":{"rendered":"<p>Je marche, je cours ou je roule aujourd&rsquo;hui pour sauver des vies demain.<\/p>\n","protected":false},"author":8,"featured_media":2057,"comment_status":"open","ping_status":"closed","template":"","tags":[],"mec_category":[159,169],"class_list":["post-4838","mec-events","type-mec-events","status-publish","has-post-thumbnail","hentry","mec_category-nouvelles-de-la-fondation-michel-cremer","mec_category-sport"],"yoast_head":"<!-- This site is optimized with the Yoast SEO plugin v27.5 - https:\/\/yoast.com\/product\/yoast-seo-wordpress\/ -->\n<title>Endorun - Rejoignez-nous pour un moment convivial dimanche 15\/09 d\u00e8s 9h30 - Fondation Michel Cremer<\/title>\n<meta name=\"description\" content=\"Je marche, je cours ou je roule aujourd&#039;hui pour sauver des vies demain.\" \/>\n<meta name=\"robots\" content=\"index, follow, max-snippet:-1, max-image-preview:large, max-video-preview:-1\" \/>\n<link rel=\"canonical\" href=\"https:\/\/michelcremerfoundation.eu\/index.php\/mec-events\/endorun-rejoignez-nous-pour-un-moment-convivial-dimanche-15-09-des-9h30\/\" \/>\n<meta property=\"og:locale\" content=\"fr_FR\" \/>\n<meta property=\"og:type\" content=\"article\" \/>\n<meta property=\"og:title\" content=\"Endorun - Rejoignez-nous pour un moment convivial dimanche 15\/09 d\u00e8s 9h30 - Fondation Michel Cremer\" \/>\n<meta property=\"og:description\" content=\"Je marche, je cours ou je roule aujourd&#039;hui pour sauver des vies demain.\" \/>\n<meta property=\"og:url\" content=\"https:\/\/michelcremerfoundation.eu\/index.php\/mec-events\/endorun-rejoignez-nous-pour-un-moment-convivial-dimanche-15-09-des-9h30\/\" \/>\n<meta property=\"og:site_name\" content=\"Fondation Michel Cremer\" \/>\n<meta property=\"article:publisher\" content=\"https:\/\/www.facebook.com\/fondationmichelcremer\" \/>\n<meta property=\"article:modified_time\" content=\"2023-10-09T11:51:17+00:00\" \/>\n<meta property=\"og:image\" content=\"https:\/\/michelcremerfoundation.eu\/wp-content\/uploads\/2019\/04\/Affiche_V3-1-729x1024.png\" \/>\n\t<meta property=\"og:image:width\" content=\"729\" \/>\n\t<meta property=\"og:image:height\" content=\"1024\" \/>\n\t<meta property=\"og:image:type\" content=\"image\/png\" \/>\n<meta name=\"twitter:card\" content=\"summary_large_image\" \/>\n<meta name=\"twitter:label1\" content=\"Dur\u00e9e de lecture estim\u00e9e\" \/>\n\t<meta name=\"twitter:data1\" content=\"4 minutes\" \/>\n<script type=\"application\/ld+json\" class=\"yoast-schema-graph\">{\"@context\":\"https:\\\/\\\/schema.org\",\"@graph\":[{\"@type\":\"WebPage\",\"@id\":\"https:\\\/\\\/michelcremerfoundation.eu\\\/index.php\\\/mec-events\\\/endorun-rejoignez-nous-pour-un-moment-convivial-dimanche-15-09-des-9h30\\\/\",\"url\":\"https:\\\/\\\/michelcremerfoundation.eu\\\/index.php\\\/mec-events\\\/endorun-rejoignez-nous-pour-un-moment-convivial-dimanche-15-09-des-9h30\\\/\",\"name\":\"Endorun - Rejoignez-nous pour un moment convivial dimanche 15\\\/09 d\u00e8s 9h30 - Fondation Michel Cremer\",\"isPartOf\":{\"@id\":\"https:\\\/\\\/michelcremerfoundation.eu\\\/#website\"},\"primaryImageOfPage\":{\"@id\":\"https:\\\/\\\/michelcremerfoundation.eu\\\/index.php\\\/mec-events\\\/endorun-rejoignez-nous-pour-un-moment-convivial-dimanche-15-09-des-9h30\\\/#primaryimage\"},\"image\":{\"@id\":\"https:\\\/\\\/michelcremerfoundation.eu\\\/index.php\\\/mec-events\\\/endorun-rejoignez-nous-pour-un-moment-convivial-dimanche-15-09-des-9h30\\\/#primaryimage\"},\"thumbnailUrl\":\"https:\\\/\\\/michelcremerfoundation.eu\\\/wp-content\\\/uploads\\\/2019\\\/04\\\/Affiche_V3-1.png\",\"datePublished\":\"2021-02-28T19:39:02+00:00\",\"dateModified\":\"2023-10-09T11:51:17+00:00\",\"description\":\"Je marche, je cours ou je roule aujourd'hui pour sauver des vies demain.\",\"breadcrumb\":{\"@id\":\"https:\\\/\\\/michelcremerfoundation.eu\\\/index.php\\\/mec-events\\\/endorun-rejoignez-nous-pour-un-moment-convivial-dimanche-15-09-des-9h30\\\/#breadcrumb\"},\"inLanguage\":\"fr-FR\",\"potentialAction\":[{\"@type\":\"ReadAction\",\"target\":[\"https:\\\/\\\/michelcremerfoundation.eu\\\/index.php\\\/mec-events\\\/endorun-rejoignez-nous-pour-un-moment-convivial-dimanche-15-09-des-9h30\\\/\"]}]},{\"@type\":\"ImageObject\",\"inLanguage\":\"fr-FR\",\"@id\":\"https:\\\/\\\/michelcremerfoundation.eu\\\/index.php\\\/mec-events\\\/endorun-rejoignez-nous-pour-un-moment-convivial-dimanche-15-09-des-9h30\\\/#primaryimage\",\"url\":\"https:\\\/\\\/michelcremerfoundation.eu\\\/wp-content\\\/uploads\\\/2019\\\/04\\\/Affiche_V3-1.png\",\"contentUrl\":\"https:\\\/\\\/michelcremerfoundation.eu\\\/wp-content\\\/uploads\\\/2019\\\/04\\\/Affiche_V3-1.png\",\"width\":1587,\"height\":2230},{\"@type\":\"BreadcrumbList\",\"@id\":\"https:\\\/\\\/michelcremerfoundation.eu\\\/index.php\\\/mec-events\\\/endorun-rejoignez-nous-pour-un-moment-convivial-dimanche-15-09-des-9h30\\\/#breadcrumb\",\"itemListElement\":[{\"@type\":\"ListItem\",\"position\":1,\"name\":\"Accueil\",\"item\":\"https:\\\/\\\/michelcremerfoundation.eu\\\/\"},{\"@type\":\"ListItem\",\"position\":2,\"name\":\"Events\",\"item\":\"https:\\\/\\\/michelcremerfoundation.eu\\\/index.php\\\/nl\\\/mec-events\\\/\"},{\"@type\":\"ListItem\",\"position\":3,\"name\":\"Endorun &#8211; Rejoignez-nous pour un moment convivial dimanche 15\\\/09 d\u00e8s 9h30\"}]},{\"@type\":\"WebSite\",\"@id\":\"https:\\\/\\\/michelcremerfoundation.eu\\\/#website\",\"url\":\"https:\\\/\\\/michelcremerfoundation.eu\\\/\",\"name\":\"Fondation Michel Cremer\",\"description\":\"Ensemble, vers la m\u00e9decine du futur\",\"publisher\":{\"@id\":\"https:\\\/\\\/michelcremerfoundation.eu\\\/#organization\"},\"potentialAction\":[{\"@type\":\"SearchAction\",\"target\":{\"@type\":\"EntryPoint\",\"urlTemplate\":\"https:\\\/\\\/michelcremerfoundation.eu\\\/?s={search_term_string}\"},\"query-input\":{\"@type\":\"PropertyValueSpecification\",\"valueRequired\":true,\"valueName\":\"search_term_string\"}}],\"inLanguage\":\"fr-FR\"},{\"@type\":\"Organization\",\"@id\":\"https:\\\/\\\/michelcremerfoundation.eu\\\/#organization\",\"name\":\"Fondation Michel Cremer\",\"url\":\"https:\\\/\\\/michelcremerfoundation.eu\\\/\",\"logo\":{\"@type\":\"ImageObject\",\"inLanguage\":\"fr-FR\",\"@id\":\"https:\\\/\\\/michelcremerfoundation.eu\\\/#\\\/schema\\\/logo\\\/image\\\/\",\"url\":\"https:\\\/\\\/michelcremerfoundation.eu\\\/wp-content\\\/uploads\\\/2018\\\/03\\\/Logo-FMC-e1520765525490.jpg\",\"contentUrl\":\"https:\\\/\\\/michelcremerfoundation.eu\\\/wp-content\\\/uploads\\\/2018\\\/03\\\/Logo-FMC-e1520765525490.jpg\",\"width\":100,\"height\":66,\"caption\":\"Fondation Michel Cremer\"},\"image\":{\"@id\":\"https:\\\/\\\/michelcremerfoundation.eu\\\/#\\\/schema\\\/logo\\\/image\\\/\"},\"sameAs\":[\"https:\\\/\\\/www.facebook.com\\\/fondationmichelcremer\",\"https:\\\/\\\/www.linkedin.com\\\/company\\\/18897844\"]}]}<\/script>\n<!-- \/ Yoast SEO plugin. -->","yoast_head_json":{"title":"Endorun - Rejoignez-nous pour un moment convivial dimanche 15\/09 d\u00e8s 9h30 - Fondation Michel Cremer","description":"Je marche, je cours ou je roule aujourd'hui pour sauver des vies demain.","robots":{"index":"index","follow":"follow","max-snippet":"max-snippet:-1","max-image-preview":"max-image-preview:large","max-video-preview":"max-video-preview:-1"},"canonical":"https:\/\/michelcremerfoundation.eu\/index.php\/mec-events\/endorun-rejoignez-nous-pour-un-moment-convivial-dimanche-15-09-des-9h30\/","og_locale":"fr_FR","og_type":"article","og_title":"Endorun - Rejoignez-nous pour un moment convivial dimanche 15\/09 d\u00e8s 9h30 - Fondation Michel Cremer","og_description":"Je marche, je cours ou je roule aujourd'hui pour sauver des vies demain.","og_url":"https:\/\/michelcremerfoundation.eu\/index.php\/mec-events\/endorun-rejoignez-nous-pour-un-moment-convivial-dimanche-15-09-des-9h30\/","og_site_name":"Fondation Michel Cremer","article_publisher":"https:\/\/www.facebook.com\/fondationmichelcremer","article_modified_time":"2023-10-09T11:51:17+00:00","og_image":[{"width":729,"height":1024,"url":"https:\/\/michelcremerfoundation.eu\/wp-content\/uploads\/2019\/04\/Affiche_V3-1-729x1024.png","type":"image\/png"}],"twitter_card":"summary_large_image","twitter_misc":{"Dur\u00e9e de lecture estim\u00e9e":"4 minutes"},"schema":{"@context":"https:\/\/schema.org","@graph":[{"@type":"WebPage","@id":"https:\/\/michelcremerfoundation.eu\/index.php\/mec-events\/endorun-rejoignez-nous-pour-un-moment-convivial-dimanche-15-09-des-9h30\/","url":"https:\/\/michelcremerfoundation.eu\/index.php\/mec-events\/endorun-rejoignez-nous-pour-un-moment-convivial-dimanche-15-09-des-9h30\/","name":"Endorun - Rejoignez-nous pour un moment convivial dimanche 15\/09 d\u00e8s 9h30 - Fondation Michel Cremer","isPartOf":{"@id":"https:\/\/michelcremerfoundation.eu\/#website"},"primaryImageOfPage":{"@id":"https:\/\/michelcremerfoundation.eu\/index.php\/mec-events\/endorun-rejoignez-nous-pour-un-moment-convivial-dimanche-15-09-des-9h30\/#primaryimage"},"image":{"@id":"https:\/\/michelcremerfoundation.eu\/index.php\/mec-events\/endorun-rejoignez-nous-pour-un-moment-convivial-dimanche-15-09-des-9h30\/#primaryimage"},"thumbnailUrl":"https:\/\/michelcremerfoundation.eu\/wp-content\/uploads\/2019\/04\/Affiche_V3-1.png","datePublished":"2021-02-28T19:39:02+00:00","dateModified":"2023-10-09T11:51:17+00:00","description":"Je marche, je cours ou je roule aujourd'hui pour sauver des vies demain.","breadcrumb":{"@id":"https:\/\/michelcremerfoundation.eu\/index.php\/mec-events\/endorun-rejoignez-nous-pour-un-moment-convivial-dimanche-15-09-des-9h30\/#breadcrumb"},"inLanguage":"fr-FR","potentialAction":[{"@type":"ReadAction","target":["https:\/\/michelcremerfoundation.eu\/index.php\/mec-events\/endorun-rejoignez-nous-pour-un-moment-convivial-dimanche-15-09-des-9h30\/"]}]},{"@type":"ImageObject","inLanguage":"fr-FR","@id":"https:\/\/michelcremerfoundation.eu\/index.php\/mec-events\/endorun-rejoignez-nous-pour-un-moment-convivial-dimanche-15-09-des-9h30\/#primaryimage","url":"https:\/\/michelcremerfoundation.eu\/wp-content\/uploads\/2019\/04\/Affiche_V3-1.png","contentUrl":"https:\/\/michelcremerfoundation.eu\/wp-content\/uploads\/2019\/04\/Affiche_V3-1.png","width":1587,"height":2230},{"@type":"BreadcrumbList","@id":"https:\/\/michelcremerfoundation.eu\/index.php\/mec-events\/endorun-rejoignez-nous-pour-un-moment-convivial-dimanche-15-09-des-9h30\/#breadcrumb","itemListElement":[{"@type":"ListItem","position":1,"name":"Accueil","item":"https:\/\/michelcremerfoundation.eu\/"},{"@type":"ListItem","position":2,"name":"Events","item":"https:\/\/michelcremerfoundation.eu\/index.php\/nl\/mec-events\/"},{"@type":"ListItem","position":3,"name":"Endorun &#8211; Rejoignez-nous pour un moment convivial dimanche 15\/09 d\u00e8s 9h30"}]},{"@type":"WebSite","@id":"https:\/\/michelcremerfoundation.eu\/#website","url":"https:\/\/michelcremerfoundation.eu\/","name":"Fondation Michel Cremer","description":"Ensemble, vers la m\u00e9decine du futur","publisher":{"@id":"https:\/\/michelcremerfoundation.eu\/#organization"},"potentialAction":[{"@type":"SearchAction","target":{"@type":"EntryPoint","urlTemplate":"https:\/\/michelcremerfoundation.eu\/?s={search_term_string}"},"query-input":{"@type":"PropertyValueSpecification","valueRequired":true,"valueName":"search_term_string"}}],"inLanguage":"fr-FR"},{"@type":"Organization","@id":"https:\/\/michelcremerfoundation.eu\/#organization","name":"Fondation Michel Cremer","url":"https:\/\/michelcremerfoundation.eu\/","logo":{"@type":"ImageObject","inLanguage":"fr-FR","@id":"https:\/\/michelcremerfoundation.eu\/#\/schema\/logo\/image\/","url":"https:\/\/michelcremerfoundation.eu\/wp-content\/uploads\/2018\/03\/Logo-FMC-e1520765525490.jpg","contentUrl":"https:\/\/michelcremerfoundation.eu\/wp-content\/uploads\/2018\/03\/Logo-FMC-e1520765525490.jpg","width":100,"height":66,"caption":"Fondation Michel Cremer"},"image":{"@id":"https:\/\/michelcremerfoundation.eu\/#\/schema\/logo\/image\/"},"sameAs":["https:\/\/www.facebook.com\/fondationmichelcremer","https:\/\/www.linkedin.com\/company\/18897844"]}]}},"jetpack_sharing_enabled":true,"_links":{"self":[{"href":"https:\/\/michelcremerfoundation.eu\/index.php\/wp-json\/wp\/v2\/mec-events\/4838","targetHints":{"allow":["GET"]}}],"collection":[{"href":"https:\/\/michelcremerfoundation.eu\/index.php\/wp-json\/wp\/v2\/mec-events"}],"about":[{"href":"https:\/\/michelcremerfoundation.eu\/index.php\/wp-json\/wp\/v2\/types\/mec-events"}],"author":[{"embeddable":true,"href":"https:\/\/michelcremerfoundation.eu\/index.php\/wp-json\/wp\/v2\/users\/8"}],"replies":[{"embeddable":true,"href":"https:\/\/michelcremerfoundation.eu\/index.php\/wp-json\/wp\/v2\/comments?post=4838"}],"version-history":[{"count":1,"href":"https:\/\/michelcremerfoundation.eu\/index.php\/wp-json\/wp\/v2\/mec-events\/4838\/revisions"}],"predecessor-version":[{"id":12934,"href":"https:\/\/michelcremerfoundation.eu\/index.php\/wp-json\/wp\/v2\/mec-events\/4838\/revisions\/12934"}],"wp:featuredmedia":[{"embeddable":true,"href":"https:\/\/michelcremerfoundation.eu\/index.php\/wp-json\/wp\/v2\/media\/2057"}],"wp:attachment":[{"href":"https:\/\/michelcremerfoundation.eu\/index.php\/wp-json\/wp\/v2\/media?parent=4838"}],"wp:term":[{"taxonomy":"post_tag","embeddable":true,"href":"https:\/\/michelcremerfoundation.eu\/index.php\/wp-json\/wp\/v2\/tags?post=4838"},{"taxonomy":"mec_category","embeddable":true,"href":"https:\/\/michelcremerfoundation.eu\/index.php\/wp-json\/wp\/v2\/mec_category?post=4838"}],"curies":[{"name":"wp","href":"https:\/\/api.w.org\/{rel}","templated":true}]}}