{"id":16031,"date":"2025-10-14T16:25:41","date_gmt":"2025-10-14T14:25:41","guid":{"rendered":"https:\/\/michelcremerfoundation.eu\/?post_type=mec-events&#038;p=16031"},"modified":"2025-11-10T17:54:56","modified_gmt":"2025-11-10T16:54:56","slug":"expo-sur-la-renaissance-avec-da-vinci-botticelli-titien","status":"publish","type":"mec-events","link":"https:\/\/michelcremerfoundation.eu\/index.php\/mec-events\/expo-sur-la-renaissance-avec-da-vinci-botticelli-titien\/","title":{"rendered":"Expo sur la Renaissance avec des \u0153uvres de Da Vinci &#8211; Botticelli &#8211; Titien -&#8230;"},"content":{"rendered":"\t\t<div data-elementor-type=\"wp-post\" data-elementor-id=\"16031\" class=\"elementor elementor-16031\">\n\t\t\t\t\t\t<section class=\"elementor-section elementor-top-section elementor-element elementor-element-cd8860b elementor-section-boxed elementor-section-height-default elementor-section-height-default\" data-id=\"cd8860b\" data-element_type=\"section\" data-e-type=\"section\">\n\t\t\t\t\t\t<div class=\"elementor-container elementor-column-gap-default\">\n\t\t\t\t\t<div class=\"elementor-column elementor-col-100 elementor-top-column elementor-element elementor-element-de9c5ab\" data-id=\"de9c5ab\" data-element_type=\"column\" data-e-type=\"column\">\n\t\t\t<div class=\"elementor-widget-wrap elementor-element-populated\">\n\t\t\t\t\t\t<div class=\"elementor-element elementor-element-cb2575b elementor-widget elementor-widget-heading\" data-id=\"cb2575b\" data-element_type=\"widget\" data-e-type=\"widget\" data-widget_type=\"heading.default\">\n\t\t\t\t<div class=\"elementor-widget-container\">\n\t\t\t\t\t<h2 class=\"elementor-heading-title elementor-size-default\">visite guidee de l'Exposition sur\nBellezza e Bruttezza - beaut\u00e9 et laideur a la renaissance\ndimanche 15 mars 2026<br>a bozar<br><\/h2>\t\t\t\t<\/div>\n\t\t\t\t<\/div>\n\t\t\t\t\t<\/div>\n\t\t<\/div>\n\t\t\t\t\t<\/div>\n\t\t<\/section>\n\t\t\t\t<section class=\"elementor-section elementor-top-section elementor-element elementor-element-06ad80f elementor-section-boxed elementor-section-height-default elementor-section-height-default\" data-id=\"06ad80f\" data-element_type=\"section\" data-e-type=\"section\">\n\t\t\t\t\t\t<div class=\"elementor-container elementor-column-gap-default\">\n\t\t\t\t\t<div class=\"elementor-column elementor-col-50 elementor-top-column elementor-element elementor-element-0f35c28\" data-id=\"0f35c28\" data-element_type=\"column\" data-e-type=\"column\" data-settings=\"{&quot;background_background&quot;:&quot;gradient&quot;}\">\n\t\t\t<div class=\"elementor-widget-wrap elementor-element-populated\">\n\t\t\t\t\t\t<div class=\"elementor-element elementor-element-244e4f4 elementor-widget elementor-widget-text-editor\" data-id=\"244e4f4\" data-element_type=\"widget\" data-e-type=\"widget\" data-widget_type=\"text-editor.default\">\n\t\t\t\t<div class=\"elementor-widget-container\">\n\t\t\t\t\t\t\t\t\t<p style=\"text-align: left;\"><span style=\"color: #ffffff;\"><b style=\"text-align: justify; background-color: transparent; letter-spacing: 0px;\"><span style=\"font-size: 11pt; font-family: 'Lato Medium', sans-serif;\">Beaut\u00e9 et Laideur \u00e0 la Renaissance \u2014 une exploration fascinante<\/span><\/b><\/span><\/p><p class=\"MsoNormal\"><span style=\"font-size: 11pt; font-family: 'Lato Medium', sans-serif; color: #ffffff;\">La beaut\u00e9 et la laideur\u2026 deux notions intemporelles, universelles, mais dont les formes et les go\u00fbts varient selon les \u00e9poques. Comment \u00e9taient-elles per\u00e7ues \u00e0 la Renaissance ? C\u2019est ce que propose de d\u00e9couvrir cette exposition exceptionnelle.<\/span><\/p>\t\t\t\t\t\t\t\t<\/div>\n\t\t\t\t<\/div>\n\t\t\t\t<div class=\"elementor-element elementor-element-5136f7d elementor-widget elementor-widget-text-editor\" data-id=\"5136f7d\" data-element_type=\"widget\" data-e-type=\"widget\" data-widget_type=\"text-editor.default\">\n\t\t\t\t<div class=\"elementor-widget-container\">\n\t\t\t\t\t\t\t\t\t<p style=\"text-align: center;\"><strong><span style=\"color: #ffffff;\">Dimanche 7 d\u00e9cembre 2025 \u00e0 13h30\u00a0<\/span><\/strong><b style=\"color: #ffffff; background-color: transparent; letter-spacing: 0px;\">\u00e0 BOZAR<\/b><\/p>\t\t\t\t\t\t\t\t<\/div>\n\t\t\t\t<\/div>\n\t\t\t\t<div class=\"elementor-element elementor-element-844b33f elementor-widget elementor-widget-text-editor\" data-id=\"844b33f\" data-element_type=\"widget\" data-e-type=\"widget\" data-widget_type=\"text-editor.default\">\n\t\t\t\t<div class=\"elementor-widget-container\">\n\t\t\t\t\t\t\t\t\t<p style=\"text-align: left;\"><span style=\"color: #ffffff; text-align: justify; background-color: transparent; letter-spacing: 0px;\">A travers un parcours in\u00e9dit, elle retrace l\u2019\u00e9volution des canons esth\u00e9tiques entre le XVe et le XVIe si\u00e8cle, en confrontant les visions des\u00a0grands ma\u00eetres italiens\u00a0et\u00a0nord-europ\u00e9ens. De L\u00e9onard de Vinci \u00e0 Botticelli, de Titien \u00e0 Tintoretto, de Cranach \u00e0 Matsys, chaque \u0153uvre r\u00e9v\u00e8le une facette de cette dualit\u00e9 entre perfection et difformit\u00e9.<\/span><\/p>\t\t\t\t\t\t\t\t<\/div>\n\t\t\t\t<\/div>\n\t\t\t\t\t<\/div>\n\t\t<\/div>\n\t\t\t\t<div class=\"elementor-column elementor-col-50 elementor-top-column elementor-element elementor-element-8b681b0\" data-id=\"8b681b0\" data-element_type=\"column\" data-e-type=\"column\">\n\t\t\t<div class=\"elementor-widget-wrap elementor-element-populated\">\n\t\t\t\t\t\t<div class=\"elementor-element elementor-element-262ee5a elementor-widget elementor-widget-image\" data-id=\"262ee5a\" data-element_type=\"widget\" data-e-type=\"widget\" data-widget_type=\"image.default\">\n\t\t\t\t<div class=\"elementor-widget-container\">\n\t\t\t\t\t\t\t\t\t\t\t\t\t\t\t<img fetchpriority=\"high\" decoding=\"async\" width=\"990\" height=\"557\" src=\"https:\/\/michelcremerfoundation.eu\/wp-content\/uploads\/2025\/10\/2025-03-15-BOZAR-RENAISSANCE-PHOTO.jpg\" class=\"attachment-large size-large wp-image-16032\" alt=\"\" srcset=\"https:\/\/michelcremerfoundation.eu\/wp-content\/uploads\/2025\/10\/2025-03-15-BOZAR-RENAISSANCE-PHOTO-200x113.jpg 200w, https:\/\/michelcremerfoundation.eu\/wp-content\/uploads\/2025\/10\/2025-03-15-BOZAR-RENAISSANCE-PHOTO-400x225.jpg 400w, https:\/\/michelcremerfoundation.eu\/wp-content\/uploads\/2025\/10\/2025-03-15-BOZAR-RENAISSANCE-PHOTO-600x338.jpg 600w, https:\/\/michelcremerfoundation.eu\/wp-content\/uploads\/2025\/10\/2025-03-15-BOZAR-RENAISSANCE-PHOTO-768x432.jpg 768w, https:\/\/michelcremerfoundation.eu\/wp-content\/uploads\/2025\/10\/2025-03-15-BOZAR-RENAISSANCE-PHOTO-800x450.jpg 800w, https:\/\/michelcremerfoundation.eu\/wp-content\/uploads\/2025\/10\/2025-03-15-BOZAR-RENAISSANCE-PHOTO.jpg 990w\" sizes=\"(max-width: 990px) 100vw, 990px\" \/>\t\t\t\t\t\t\t\t\t\t\t\t\t\t\t<\/div>\n\t\t\t\t<\/div>\n\t\t\t\t\t<\/div>\n\t\t<\/div>\n\t\t\t\t\t<\/div>\n\t\t<\/section>\n\t\t\t\t<section class=\"elementor-section elementor-top-section elementor-element elementor-element-cfa7d25 elementor-section-boxed elementor-section-height-default elementor-section-height-default\" data-id=\"cfa7d25\" data-element_type=\"section\" data-e-type=\"section\">\n\t\t\t\t\t\t<div class=\"elementor-container elementor-column-gap-default\">\n\t\t\t\t\t<div class=\"elementor-column elementor-col-50 elementor-top-column elementor-element elementor-element-4dda6d8\" data-id=\"4dda6d8\" data-element_type=\"column\" data-e-type=\"column\">\n\t\t\t<div class=\"elementor-widget-wrap elementor-element-populated\">\n\t\t\t\t\t\t<div class=\"elementor-element elementor-element-674f194 elementor-widget elementor-widget-image\" data-id=\"674f194\" data-element_type=\"widget\" data-e-type=\"widget\" data-widget_type=\"image.default\">\n\t\t\t\t<div class=\"elementor-widget-container\">\n\t\t\t\t\t\t\t\t\t\t\t\t\t\t\t<img decoding=\"async\" width=\"283\" height=\"178\" src=\"https:\/\/michelcremerfoundation.eu\/wp-content\/uploads\/2025\/10\/Botticelli-Le-printemps.jpeg\" class=\"attachment-large size-large wp-image-16035\" alt=\"\" srcset=\"https:\/\/michelcremerfoundation.eu\/wp-content\/uploads\/2025\/10\/Botticelli-Le-printemps-200x126.jpeg 200w, https:\/\/michelcremerfoundation.eu\/wp-content\/uploads\/2025\/10\/Botticelli-Le-printemps.jpeg 283w\" sizes=\"(max-width: 283px) 100vw, 283px\" \/>\t\t\t\t\t\t\t\t\t\t\t\t\t\t\t<\/div>\n\t\t\t\t<\/div>\n\t\t\t\t\t<\/div>\n\t\t<\/div>\n\t\t\t\t<div class=\"elementor-column elementor-col-50 elementor-top-column elementor-element elementor-element-a487f3d\" data-id=\"a487f3d\" data-element_type=\"column\" data-e-type=\"column\" data-settings=\"{&quot;background_background&quot;:&quot;gradient&quot;}\">\n\t\t\t<div class=\"elementor-widget-wrap elementor-element-populated\">\n\t\t\t\t\t\t<div class=\"elementor-element elementor-element-89f4f1b elementor-widget elementor-widget-text-editor\" data-id=\"89f4f1b\" data-element_type=\"widget\" data-e-type=\"widget\" data-widget_type=\"text-editor.default\">\n\t\t\t\t<div class=\"elementor-widget-container\">\n\t\t\t\t\t\t\t\t\t<p style=\"text-align: left;\"><span style=\"color: #ffffff; text-align: justify; background-color: transparent; letter-spacing: 0px;\">L\u2019exposition met \u00e9galement en lumi\u00e8re la naissance d\u2019une culture de la beaut\u00e9 \u00e0 la Renaissance \u2014 des recettes pour\u00a0 \u00a0 \u00ab se faire belle \u00bb aux premi\u00e8res r\u00e9flexions sur l\u2019image de soi \u2014 tandis que la laideur, elle aussi, trouve de nouvelles expressions et significations.<\/span><\/p><p><span style=\"color: #ffffff;\">Une plong\u00e9e passionnante dans l\u2019esth\u00e9tique, la soci\u00e9t\u00e9 et les mentalit\u00e9s d\u2019une \u00e9poque qui a red\u00e9fini notre rapport \u00e0 l\u2019image et \u00e0 l\u2019humain.<\/span><\/p>\t\t\t\t\t\t\t\t<\/div>\n\t\t\t\t<\/div>\n\t\t\t\t\t<\/div>\n\t\t<\/div>\n\t\t\t\t\t<\/div>\n\t\t<\/section>\n\t\t\t\t<section class=\"elementor-section elementor-top-section elementor-element elementor-element-b4d27bc elementor-section-boxed elementor-section-height-default elementor-section-height-default\" data-id=\"b4d27bc\" data-element_type=\"section\" data-e-type=\"section\">\n\t\t\t\t\t\t<div class=\"elementor-container elementor-column-gap-default\">\n\t\t\t\t\t<div class=\"elementor-column elementor-col-50 elementor-top-column elementor-element elementor-element-7c89508\" data-id=\"7c89508\" data-element_type=\"column\" data-e-type=\"column\" data-settings=\"{&quot;background_background&quot;:&quot;gradient&quot;}\">\n\t\t\t<div class=\"elementor-widget-wrap elementor-element-populated\">\n\t\t\t\t\t\t<div class=\"elementor-element elementor-element-2500e3b elementor-widget elementor-widget-text-editor\" data-id=\"2500e3b\" data-element_type=\"widget\" data-e-type=\"widget\" data-widget_type=\"text-editor.default\">\n\t\t\t\t<div class=\"elementor-widget-container\">\n\t\t\t\t\t\t\t\t\t<h3><span style=\"color: #ffffff;\"><strong>I<\/strong><b>nfos<\/b><strong> pratiques<\/strong><\/span><\/h3>\n<ul>\n<li style=\"color: #ffffff;\"><span style=\"color: #ffffff;\"><b style=\"background-color: transparent; letter-spacing: 0px;\">Accueil : d\u00e8s&nbsp;<\/b><span style=\"background-color: transparent; letter-spacing: 0px;\">13h30 devant les guichets dans le couloir de l&rsquo;entr\u00e9e<\/span><\/span><\/li>\n<li style=\"color: #ffffff;\"><span style=\"color: #ffffff; background-color: transparent; letter-spacing: 0px;\"><b>D\u00e9but de la visite guid\u00e9e&nbsp;<\/b>: 14h00<\/span><\/li>\n<li style=\"color: #ffffff;\"><span style=\"color: #ffffff;\"><b style=\"background-color: transparent; letter-spacing: 0px;\">Dur\u00e9e : <\/b><span style=\"background-color: transparent; letter-spacing: 0px;\">+\/- 1h30<\/span><\/span><\/li>\n<li style=\"color: #ffffff;\"><span style=\"color: #ffffff;\"><b style=\"background-color: transparent; letter-spacing: 0px;\"><span style=\"color: #ffffff;\">I<\/span>nscription : <\/b>obligatoire via le <\/span><span style=\"color: #ffffff;\"><a href=\"https:\/\/docs.google.com\/forms\/d\/e\/1FAIpQLSeosxhe5L3qYYSMa2dQi8xD94QzL71ZmgTu6Gsys3PNIElJVw\/viewform?usp=header\"><span style=\"text-decoration: underline; color: #ff99cc;\"><strong>GOOGLE FORM<\/strong><\/span>&nbsp;<\/a>et le payement <\/span><\/li>\n<li style=\"color: #ffffff;\"><b style=\"color: #ffffff; background-color: transparent; letter-spacing: 0px;\">Cl\u00f4ture des inscriptions : jeudi 19 f\u00e9vrier 2026<\/b><\/li>\n<\/ul>\n<h4 style=\"text-align: center;\"><span style=\"color: #ffffff; background-color: transparent; letter-spacing: 0px;\"><img decoding=\"async\" class=\"emoji\" role=\"img\" draggable=\"false\" src=\"https:\/\/s.w.org\/images\/core\/emoji\/16.0.1\/svg\/26a0.svg\" alt=\"\u26a0\">&nbsp;<b style=\"background-color: transparent; letter-spacing: 0px; font-family: Roboto, Arial, sans-serif; font-size: 14.6667px; text-align: start;\">Attention :<\/b><span style=\"background-color: transparent; letter-spacing: 0px; font-family: Roboto, Arial, sans-serif; font-size: 14.6667px; text-align: start;\">&nbsp;nombre de places limit\u00e9es<\/span><\/span><\/h4>\n<ul>\n<li style=\"color: #ffffff;\"><span style=\"color: #ffffff;\"><b style=\"background-color: transparent; letter-spacing: 0px;\">Co\u00fbt<\/b><\/span>\n<ul>\n<li style=\"color: #ffffff;\"><span style=\"color: #ffffff;\"><span style=\"background-color: transparent; letter-spacing: 0px;\">30 \u20ac\/personne pour l&rsquo;entr\u00e9e \u00e0 l&rsquo;expo et la visite guid\u00e9e<\/span><\/span><\/li>\n<li style=\"color: #ffffff;\"><span style=\"background-color: transparent; letter-spacing: 0px; color: #ffffff;\">15 \u20ac\/personne pour la visite guid\u00e9e, pour les d\u00e9tenteurs du Museum Pass<\/span><\/li>\n<li style=\"color: #ffffff;\"><span style=\"color: #ffffff; background-color: transparent; letter-spacing: 0px;\">sur le compte de la Fondation BE35 0689 1098 6237 en indiquant Bozar xpo Renaissance<\/span><\/li>\n<\/ul>\n<\/li>\n<li style=\"color: #ffffff;\"><span style=\"color: #ffffff;\"><strong>Adresse :&nbsp;<\/strong>Palais des Beaux-Arts &#8211; Bozar Bruxelles &#8211; Rue Ravenstein 23&nbsp;&#8211; 1000 Bruxelles&nbsp;<\/span><\/li>\n<\/ul>\t\t\t\t\t\t\t\t<\/div>\n\t\t\t\t<\/div>\n\t\t\t\t<div class=\"elementor-element elementor-element-7dcc7fe elementor-widget elementor-widget-text-editor\" data-id=\"7dcc7fe\" data-element_type=\"widget\" data-e-type=\"widget\" data-widget_type=\"text-editor.default\">\n\t\t\t\t<div class=\"elementor-widget-container\">\n\t\t\t\t\t\t\t\t\t<p style=\"text-align: left;\"><span style=\"color: #ffffff;\">Si vous ne pouvez assister \u00e0 la visite, nous vous remercions de nous en informer afin de faire b\u00e9n\u00e9ficier d&rsquo;autres personnes int\u00e9ress\u00e9es par vos places.\u00a0<\/span><\/p>\t\t\t\t\t\t\t\t<\/div>\n\t\t\t\t<\/div>\n\t\t\t\t\t<\/div>\n\t\t<\/div>\n\t\t\t\t<div class=\"elementor-column elementor-col-50 elementor-top-column elementor-element elementor-element-bfd0906\" data-id=\"bfd0906\" data-element_type=\"column\" data-e-type=\"column\">\n\t\t\t<div class=\"elementor-widget-wrap elementor-element-populated\">\n\t\t\t\t\t\t<div class=\"elementor-element elementor-element-871c071 elementor-widget elementor-widget-image\" data-id=\"871c071\" data-element_type=\"widget\" data-e-type=\"widget\" data-widget_type=\"image.default\">\n\t\t\t\t<div class=\"elementor-widget-container\">\n\t\t\t\t\t\t\t\t\t\t\t\t\t\t\t<img decoding=\"async\" width=\"179\" height=\"281\" src=\"https:\/\/michelcremerfoundation.eu\/wp-content\/uploads\/2025\/10\/DA-VINCI-1.jpeg\" class=\"attachment-large size-large wp-image-16036\" alt=\"\" \/>\t\t\t\t\t\t\t\t\t\t\t\t\t\t\t<\/div>\n\t\t\t\t<\/div>\n\t\t\t\t\t<\/div>\n\t\t<\/div>\n\t\t\t\t\t<\/div>\n\t\t<\/section>\n\t\t\t\t<section class=\"elementor-section elementor-top-section elementor-element elementor-element-872fda8 elementor-section-boxed elementor-section-height-default elementor-section-height-default\" data-id=\"872fda8\" data-element_type=\"section\" data-e-type=\"section\">\n\t\t\t\t\t\t<div class=\"elementor-container elementor-column-gap-default\">\n\t\t\t\t\t<div class=\"elementor-column elementor-col-50 elementor-top-column elementor-element elementor-element-ab8ab98\" data-id=\"ab8ab98\" data-element_type=\"column\" data-e-type=\"column\">\n\t\t\t<div class=\"elementor-widget-wrap elementor-element-populated\">\n\t\t\t\t\t\t<div class=\"elementor-element elementor-element-eeab1d5 elementor-widget elementor-widget-image\" data-id=\"eeab1d5\" data-element_type=\"widget\" data-e-type=\"widget\" data-widget_type=\"image.default\">\n\t\t\t\t<div class=\"elementor-widget-container\">\n\t\t\t\t\t\t\t\t\t\t\t\t\t\t\t<img loading=\"lazy\" decoding=\"async\" width=\"474\" height=\"355\" src=\"https:\/\/michelcremerfoundation.eu\/wp-content\/uploads\/2023\/11\/PHOTO-ACCES-BOZAR.jpg\" class=\"attachment-large size-large wp-image-13004\" alt=\"\" srcset=\"https:\/\/michelcremerfoundation.eu\/wp-content\/uploads\/2023\/11\/PHOTO-ACCES-BOZAR-200x150.jpg 200w, https:\/\/michelcremerfoundation.eu\/wp-content\/uploads\/2023\/11\/PHOTO-ACCES-BOZAR-400x300.jpg 400w, https:\/\/michelcremerfoundation.eu\/wp-content\/uploads\/2023\/11\/PHOTO-ACCES-BOZAR.jpg 474w\" sizes=\"(max-width: 474px) 100vw, 474px\" \/>\t\t\t\t\t\t\t\t\t\t\t\t\t\t\t<\/div>\n\t\t\t\t<\/div>\n\t\t\t\t\t<\/div>\n\t\t<\/div>\n\t\t\t\t<div class=\"elementor-column elementor-col-50 elementor-top-column elementor-element elementor-element-831e318\" data-id=\"831e318\" data-element_type=\"column\" data-e-type=\"column\" data-settings=\"{&quot;background_background&quot;:&quot;gradient&quot;}\">\n\t\t\t<div class=\"elementor-widget-wrap elementor-element-populated\">\n\t\t\t\t\t\t<div class=\"elementor-element elementor-element-ecf775d elementor-widget elementor-widget-text-editor\" data-id=\"ecf775d\" data-element_type=\"widget\" data-e-type=\"widget\" data-widget_type=\"text-editor.default\">\n\t\t\t\t<div class=\"elementor-widget-container\">\n\t\t\t\t\t\t\t\t\t<h3><span style=\"color: #ffffff;\"><b style=\"background-color: transparent; letter-spacing: 0px;\">ACCES<\/b><\/span><\/h3>\n<ul>\n \t<li style=\"color: #ffffff;\"><span style=\"color: #ffffff;\"><strong>\u00a0<span style=\"background-color: transparent; letter-spacing: 0px;\">Train <\/span><\/strong><\/span>\n<ul>\n \t<li style=\"color: #ffffff;\"><span style=\"color: #ffffff;\">Gare centrale Bruxelles<\/span><\/li>\n \t<li style=\"color: #ffffff;\"><span style=\"color: #ffffff;\"> Plus d\u2019information sur le site de la\u00a0<span style=\"text-decoration: underline;\"><strong><a style=\"color: #ffffff; text-decoration: underline;\" href=\"https:\/\/www.belgiantrain.be\/fr\">SNCB<\/a><\/strong><\/span><\/span><\/li>\n<\/ul>\n<\/li>\n \t<li style=\"color: #ffffff;\"><span style=\"color: #ffffff;\"><strong>M\u00e9tro<\/strong><\/span>\n<ul>\n \t<li style=\"color: #ffffff;\"><span style=\"color: #ffffff;\">Les stations de m\u00e9tro \u00ab\u00a0Gare Centrale\u00a0\u00bb et \u00ab\u00a0Parc\u00a0\u00bb lignes 1 \u2013 5 sont situ\u00e9es \u00e0 proximit\u00e9 du Palis des Beaux-Arts<\/span><\/li>\n<\/ul>\n<\/li>\n \t<li style=\"color: #ffffff;\"><span style=\"color: #ffffff;\"><strong>Tram<\/strong><\/span>\n<ul>\n \t<li style=\"color: #ffffff;\"><span style=\"color: #ffffff;\">lignes 92 \u2013 93 (arr\u00eat \u00ab\u00a0Palais\u00a0\u00bb)<\/span><\/li>\n<\/ul>\n<\/li>\n \t<li style=\"color: #ffffff;\"><span style=\"color: #ffffff;\"><strong>Bus<\/strong><\/span>\n<ul>\n \t<li><span style=\"color: #ffffff;\">lignes 27\u00a0\u2013 29 \u2013 34 \u2013 38 \u2013 63 \u2013 65 \u2013 66 \u2013 71 \u2013 71N \u2013 95 (arr\u00eat \u00ab\u00a0Bozar\u00a0\u00bb)<\/span><\/li>\n<\/ul>\n<\/li>\n<\/ul>\t\t\t\t\t\t\t\t<\/div>\n\t\t\t\t<\/div>\n\t\t\t\t\t<\/div>\n\t\t<\/div>\n\t\t\t\t\t<\/div>\n\t\t<\/section>\n\t\t\t\t<section class=\"elementor-section elementor-top-section elementor-element elementor-element-5ad9e31 elementor-section-boxed elementor-section-height-default elementor-section-height-default\" data-id=\"5ad9e31\" data-element_type=\"section\" data-e-type=\"section\">\n\t\t\t\t\t\t<div class=\"elementor-container elementor-column-gap-default\">\n\t\t\t\t\t<div class=\"elementor-column elementor-col-50 elementor-top-column elementor-element elementor-element-4dcf4b9\" data-id=\"4dcf4b9\" data-element_type=\"column\" data-e-type=\"column\" data-settings=\"{&quot;background_background&quot;:&quot;gradient&quot;}\">\n\t\t\t<div class=\"elementor-widget-wrap elementor-element-populated\">\n\t\t\t\t\t\t<div class=\"elementor-element elementor-element-8c1aef5 elementor-widget elementor-widget-text-editor\" data-id=\"8c1aef5\" data-element_type=\"widget\" data-e-type=\"widget\" data-widget_type=\"text-editor.default\">\n\t\t\t\t<div class=\"elementor-widget-container\">\n\t\t\t\t\t\t\t\t\t<h3><span style=\"color: #ffffff;\"><strong>Parkings<\/strong><\/span><\/h3>\n<span style=\"color: #ffffff;\">Consultez le code QR ci-contre qui vous indique les parkings publics dans une zone de 5 \u00e0 10 minutes autour du Palais des Beaux-Arts.<\/span>\n<ul>\n \n \t<li style=\"color: #ffffff;\"><span style=\"color: #ffffff;\"><strong>Albertine<\/strong> (rue des Sols &amp; place de la Justice)<\/span><\/li>\n \t<li style=\"color: #ffffff;\"><span style=\"color: #ffffff;\"><strong>Parking 2 Portes<\/strong> (rue de Namur &amp; Bld de Waterloo)<\/span><\/li>\n \t<li style=\"color: #ffffff;\"><span style=\"color: #ffffff;\"><strong>Parking Poelaert<\/strong> (place Poelaert)<\/span><\/li>\n<\/ul>\n<\/li>\n<\/ul>\t\t\t\t\t\t\t\t<\/div>\n\t\t\t\t<\/div>\n\t\t\t\t\t<\/div>\n\t\t<\/div>\n\t\t\t\t<div class=\"elementor-column elementor-col-50 elementor-top-column elementor-element elementor-element-eabfa08\" data-id=\"eabfa08\" data-element_type=\"column\" data-e-type=\"column\">\n\t\t\t<div class=\"elementor-widget-wrap elementor-element-populated\">\n\t\t\t\t\t\t<div class=\"elementor-element elementor-element-6b8c29b elementor-widget elementor-widget-image\" data-id=\"6b8c29b\" data-element_type=\"widget\" data-e-type=\"widget\" data-widget_type=\"image.default\">\n\t\t\t\t<div class=\"elementor-widget-container\">\n\t\t\t\t\t\t\t\t\t\t\t\t\t\t\t<img loading=\"lazy\" decoding=\"async\" width=\"300\" height=\"300\" src=\"https:\/\/michelcremerfoundation.eu\/wp-content\/uploads\/2023\/11\/qrcode_www.bozar_.be_-300x300.png\" class=\"attachment-thumblist size-thumblist wp-image-13003\" alt=\"\" srcset=\"https:\/\/michelcremerfoundation.eu\/wp-content\/uploads\/2023\/11\/qrcode_www.bozar_.be_-66x66.png 66w, https:\/\/michelcremerfoundation.eu\/wp-content\/uploads\/2023\/11\/qrcode_www.bozar_.be_-150x150.png 150w, https:\/\/michelcremerfoundation.eu\/wp-content\/uploads\/2023\/11\/qrcode_www.bozar_.be_-200x200.png 200w, https:\/\/michelcremerfoundation.eu\/wp-content\/uploads\/2023\/11\/qrcode_www.bozar_.be_-300x300.png 300w, https:\/\/michelcremerfoundation.eu\/wp-content\/uploads\/2023\/11\/qrcode_www.bozar_.be_-400x400.png 400w, https:\/\/michelcremerfoundation.eu\/wp-content\/uploads\/2023\/11\/qrcode_www.bozar_.be_.png 450w\" sizes=\"(max-width: 300px) 100vw, 300px\" \/>\t\t\t\t\t\t\t\t\t\t\t\t\t\t\t<\/div>\n\t\t\t\t<\/div>\n\t\t\t\t\t<\/div>\n\t\t<\/div>\n\t\t\t\t\t<\/div>\n\t\t<\/section>\n\t\t\t\t<section class=\"elementor-section elementor-top-section elementor-element elementor-element-12e966c elementor-section-full_width elementor-section-stretched elementor-section-height-default elementor-section-height-default\" data-id=\"12e966c\" data-element_type=\"section\" data-e-type=\"section\" data-settings=\"{&quot;stretch_section&quot;:&quot;section-stretched&quot;}\">\n\t\t\t\t\t\t<div class=\"elementor-container elementor-column-gap-default\">\n\t\t\t\t\t<div class=\"elementor-column elementor-col-100 elementor-top-column elementor-element elementor-element-987458f\" data-id=\"987458f\" data-element_type=\"column\" data-e-type=\"column\">\n\t\t\t<div class=\"elementor-widget-wrap elementor-element-populated\">\n\t\t\t\t\t\t<div class=\"elementor-element elementor-element-ff3a5c7 elementor-widget-divider--view-line elementor-widget elementor-widget-divider\" data-id=\"ff3a5c7\" data-element_type=\"widget\" data-e-type=\"widget\" data-widget_type=\"divider.default\">\n\t\t\t\t<div class=\"elementor-widget-container\">\n\t\t\t\t\t\t\t<div class=\"elementor-divider\">\n\t\t\t<span class=\"elementor-divider-separator\">\n\t\t\t\t\t\t<\/span>\n\t\t<\/div>\n\t\t\t\t\t\t<\/div>\n\t\t\t\t<\/div>\n\t\t\t\t<div class=\"elementor-element elementor-element-e806026 elementor-widget elementor-widget-text-editor\" data-id=\"e806026\" data-element_type=\"widget\" data-e-type=\"widget\" data-widget_type=\"text-editor.default\">\n\t\t\t\t<div class=\"elementor-widget-container\">\n\t\t\t\t\t\t\t\t\t<p style=\"text-align: center;\"><span style=\"color: #0e76bc; font-weight: normal;\">Votre aide est pr\u00e9cieuse !<\/span><\/p>\t\t\t\t\t\t\t\t<\/div>\n\t\t\t\t<\/div>\n\t\t\t\t<div class=\"elementor-element elementor-element-f932a07 elementor-align-justify elementor-widget elementor-widget-button\" data-id=\"f932a07\" data-element_type=\"widget\" data-e-type=\"widget\" data-widget_type=\"button.default\">\n\t\t\t\t<div class=\"elementor-widget-container\">\n\t\t\t\t\t\t\t\t\t<div class=\"elementor-button-wrapper\">\n\t\t\t\t\t<a class=\"elementor-button elementor-button-link elementor-size-xl\" href=\"\">\n\t\t\t\t\t\t<span class=\"elementor-button-content-wrapper\">\n\t\t\t\t\t\t\t\t\t<span class=\"elementor-button-text\">Faites un don<\/span>\n\t\t\t\t\t<\/span>\n\t\t\t\t\t<\/a>\n\t\t\t\t<\/div>\n\t\t\t\t\t\t\t\t<\/div>\n\t\t\t\t<\/div>\n\t\t\t\t<div class=\"elementor-element elementor-element-2f1a704 elementor-widget elementor-widget-text-editor\" data-id=\"2f1a704\" data-element_type=\"widget\" data-e-type=\"widget\" data-widget_type=\"text-editor.default\">\n\t\t\t\t<div class=\"elementor-widget-container\">\n\t\t\t\t\t\t\t\t\t<p><span style=\"color: #0e76bc;\">\u2764\ufe0fNos actions ont encore et toujours besoin de vous.\u00a0 \u00a0\u2764\ufe0f\u00a0<\/span><\/p><h6 style=\"text-align: center;\"><span style=\"color: #0e76bc;\"><span style=\"font-size: 25px; font-weight: 400;\">\u2764\ufe0f <\/span><span style=\"font-size: 25px; font-weight: normal;\">En effectuant un geste financier, vous pouvez vraiment contribuer au d\u00e9veloppement de nouveaux dispositifs m\u00e9dicaux au service de toutes et tous.<\/span><span style=\"font-size: 25px; font-weight: 400;\"> \u2764\ufe0f<\/span><\/span><\/h6><h6 style=\"text-align: left;\"><span style=\"color: #0e76bc;\"><span style=\"font-size: 16px; font-weight: 400; text-align: justify; text-transform: none;\">Tout don est d\u00e9ductible fiscalement d\u00e8s <\/span><span style=\"font-size: 16px; text-align: justify; text-transform: none;\"><span style=\"font-weight: 400;\">40 \u20ac\/an (ou 5 \u20ac\/mois) en indiquant \u00ab\u00a0DON\u00a0\u00bb en communicatio<\/span><span style=\"font-weight: normal;\">n du virement sur le compte BE 35 0689 4098 623<\/span><\/span><span style=\"font-weight: normal;\">\u00a0<\/span><span style=\"font-size: 20px; font-weight: 400; letter-spacing: 0px;\">\u00a0<\/span><\/span><\/h6>\t\t\t\t\t\t\t\t<\/div>\n\t\t\t\t<\/div>\n\t\t\t\t\t<\/div>\n\t\t<\/div>\n\t\t\t\t\t<\/div>\n\t\t<\/section>\n\t\t\t\t<section class=\"elementor-section elementor-top-section elementor-element elementor-element-20cf5bc elementor-section-boxed elementor-section-height-default elementor-section-height-default\" data-id=\"20cf5bc\" data-element_type=\"section\" data-e-type=\"section\">\n\t\t\t\t\t\t<div class=\"elementor-container elementor-column-gap-default\">\n\t\t\t\t\t<div class=\"elementor-column elementor-col-100 elementor-top-column elementor-element elementor-element-2835313\" data-id=\"2835313\" data-element_type=\"column\" data-e-type=\"column\">\n\t\t\t<div class=\"elementor-widget-wrap elementor-element-populated\">\n\t\t\t\t\t\t<div class=\"elementor-element elementor-element-b5caf28 elementor-widget elementor-widget-text-editor\" data-id=\"b5caf28\" data-element_type=\"widget\" data-e-type=\"widget\" data-widget_type=\"text-editor.default\">\n\t\t\t\t<div class=\"elementor-widget-container\">\n\t\t\t\t\t\t\t\t\t<p style=\"text-align: center;\"><span style=\"color: #0e76bc; font-weight: normal;\">Merci de relayer l&rsquo;information via les r\u00e9seaux sociaux<\/span><\/p>\t\t\t\t\t\t\t\t<\/div>\n\t\t\t\t<\/div>\n\t\t\t\t<div class=\"elementor-element elementor-element-0519080 elementor-shape-rounded elementor-grid-0 e-grid-align-center elementor-widget elementor-widget-social-icons\" data-id=\"0519080\" data-element_type=\"widget\" data-e-type=\"widget\" data-widget_type=\"social-icons.default\">\n\t\t\t\t<div class=\"elementor-widget-container\">\n\t\t\t\t\t\t\t<div class=\"elementor-social-icons-wrapper elementor-grid\" role=\"list\">\n\t\t\t\t\t\t\t<span class=\"elementor-grid-item\" role=\"listitem\">\n\t\t\t\t\t<a class=\"elementor-icon elementor-social-icon elementor-social-icon-facebook elementor-repeater-item-03d2a6f\" href=\"https:\/\/www.linkedin.com\/company\/18897844\/admin\/\" target=\"_blank\">\n\t\t\t\t\t\t<span class=\"elementor-screen-only\">Facebook<\/span>\n\t\t\t\t\t\t<i aria-hidden=\"true\" class=\"fab fa-facebook\"><\/i>\t\t\t\t\t<\/a>\n\t\t\t\t<\/span>\n\t\t\t\t\t\t\t<span class=\"elementor-grid-item\" role=\"listitem\">\n\t\t\t\t\t<a class=\"elementor-icon elementor-social-icon elementor-social-icon-twitter elementor-repeater-item-24fd4e2\" href=\"https:\/\/twitter.com\/cremer_michel\/status\/1242421221318418434\" target=\"_blank\">\n\t\t\t\t\t\t<span class=\"elementor-screen-only\">Twitter<\/span>\n\t\t\t\t\t\t<i aria-hidden=\"true\" class=\"fab fa-twitter\"><\/i>\t\t\t\t\t<\/a>\n\t\t\t\t<\/span>\n\t\t\t\t\t\t\t<span class=\"elementor-grid-item\" role=\"listitem\">\n\t\t\t\t\t<a class=\"elementor-icon elementor-social-icon elementor-social-icon-linkedin elementor-repeater-item-82759d4\" href=\"https:\/\/www.linkedin.com\/company\/18897844\/admin\/\" target=\"_blank\">\n\t\t\t\t\t\t<span class=\"elementor-screen-only\">Linkedin<\/span>\n\t\t\t\t\t\t<i aria-hidden=\"true\" class=\"fab fa-linkedin\"><\/i>\t\t\t\t\t<\/a>\n\t\t\t\t<\/span>\n\t\t\t\t\t\t\t<span class=\"elementor-grid-item\" role=\"listitem\">\n\t\t\t\t\t<a class=\"elementor-icon elementor-social-icon elementor-social-icon-instagram elementor-repeater-item-6d26280\" href=\"https:\/\/www.instagram.com\/csztalb\/\" target=\"_blank\">\n\t\t\t\t\t\t<span class=\"elementor-screen-only\">Instagram<\/span>\n\t\t\t\t\t\t<i aria-hidden=\"true\" class=\"fab fa-instagram\"><\/i>\t\t\t\t\t<\/a>\n\t\t\t\t<\/span>\n\t\t\t\t\t<\/div>\n\t\t\t\t\t\t<\/div>\n\t\t\t\t<\/div>\n\t\t\t\t\t<\/div>\n\t\t<\/div>\n\t\t\t\t\t<\/div>\n\t\t<\/section>\n\t\t\t\t<section class=\"elementor-section elementor-top-section elementor-element elementor-element-ab7a6ce elementor-section-boxed elementor-section-height-default elementor-section-height-default\" data-id=\"ab7a6ce\" data-element_type=\"section\" data-e-type=\"section\">\n\t\t\t\t\t\t<div class=\"elementor-container elementor-column-gap-default\">\n\t\t\t\t\t<div class=\"elementor-column elementor-col-100 elementor-top-column elementor-element elementor-element-4623684\" data-id=\"4623684\" data-element_type=\"column\" data-e-type=\"column\">\n\t\t\t<div class=\"elementor-widget-wrap elementor-element-populated\">\n\t\t\t\t\t\t\t<\/div>\n\t\t<\/div>\n\t\t\t\t\t<\/div>\n\t\t<\/section>\n\t\t\t\t<section class=\"elementor-section elementor-top-section elementor-element elementor-element-082ef98 elementor-section-boxed elementor-section-height-default elementor-section-height-default\" data-id=\"082ef98\" data-element_type=\"section\" data-e-type=\"section\">\n\t\t\t\t\t\t<div class=\"elementor-container elementor-column-gap-default\">\n\t\t\t\t\t<div class=\"elementor-column elementor-col-100 elementor-top-column elementor-element elementor-element-5f9991e\" data-id=\"5f9991e\" data-element_type=\"column\" data-e-type=\"column\">\n\t\t\t<div class=\"elementor-widget-wrap elementor-element-populated\">\n\t\t\t\t\t\t\t<\/div>\n\t\t<\/div>\n\t\t\t\t\t<\/div>\n\t\t<\/section>\n\t\t\t\t<\/div>\n\t\t","protected":false},"excerpt":{"rendered":"<p>Visite guid\u00e9e de l&rsquo;Expo sur la Renaissance avec des \u0153uvres de Da Vinci &#8211; Botticelli -Titien&#8230; \u00e0 Bozar Dimanche 15 mars 2026<\/p>\n","protected":false},"author":2,"featured_media":16032,"comment_status":"open","ping_status":"closed","template":"","tags":[],"mec_category":[491,159],"class_list":["post-16031","mec-events","type-mec-events","status-publish","has-post-thumbnail","hentry","mec_category-exposition-fr","mec_category-nouvelles-de-la-fondation-michel-cremer"],"yoast_head":"<!-- This site is optimized with the Yoast SEO plugin v27.5 - https:\/\/yoast.com\/product\/yoast-seo-wordpress\/ -->\n<title>Expo sur la Renaissance avec Da Vinci - Botticelli -Titien ... \u00e0 Bozar<\/title>\n<meta name=\"description\" content=\"Visite guid\u00e9e de l&#039;Expo sur la Renaissance avec des \u0153uvres de Da Vinci - Botticelli -Titien... \u00e0 Bozar Dimanche 15 mars 2026\" \/>\n<meta name=\"robots\" content=\"index, follow, max-snippet:-1, max-image-preview:large, max-video-preview:-1\" \/>\n<link rel=\"canonical\" href=\"https:\/\/michelcremerfoundation.eu\/index.php\/mec-events\/expo-sur-la-renaissance-avec-da-vinci-botticelli-titien\/\" \/>\n<meta property=\"og:locale\" content=\"fr_FR\" \/>\n<meta property=\"og:type\" content=\"article\" \/>\n<meta property=\"og:title\" content=\"Expo sur la Renaissance avec Da Vinci - Botticelli -Titien ... \u00e0 Bozar\" \/>\n<meta property=\"og:description\" content=\"Visite guid\u00e9e de l&#039;Expo sur la Renaissance avec des \u0153uvres de Da Vinci - Botticelli -Titien... \u00e0 Bozar Dimanche 15 mars 2026\" \/>\n<meta property=\"og:url\" content=\"https:\/\/michelcremerfoundation.eu\/index.php\/mec-events\/expo-sur-la-renaissance-avec-da-vinci-botticelli-titien\/\" \/>\n<meta property=\"og:site_name\" content=\"Fondation Michel Cremer\" \/>\n<meta property=\"article:publisher\" content=\"https:\/\/www.facebook.com\/fondationmichelcremer\" \/>\n<meta property=\"article:modified_time\" content=\"2025-11-10T16:54:56+00:00\" \/>\n<meta property=\"og:image\" content=\"https:\/\/michelcremerfoundation.eu\/wp-content\/uploads\/2025\/10\/2025-03-15-BOZAR-RENAISSANCE-PHOTO.jpg\" \/>\n\t<meta property=\"og:image:width\" content=\"990\" \/>\n\t<meta property=\"og:image:height\" content=\"557\" \/>\n\t<meta property=\"og:image:type\" content=\"image\/jpeg\" \/>\n<meta name=\"twitter:card\" content=\"summary_large_image\" \/>\n<meta name=\"twitter:label1\" content=\"Dur\u00e9e de lecture estim\u00e9e\" \/>\n\t<meta name=\"twitter:data1\" content=\"4 minutes\" \/>\n<script type=\"application\/ld+json\" class=\"yoast-schema-graph\">{\"@context\":\"https:\\\/\\\/schema.org\",\"@graph\":[{\"@type\":\"WebPage\",\"@id\":\"https:\\\/\\\/michelcremerfoundation.eu\\\/index.php\\\/mec-events\\\/expo-sur-la-renaissance-avec-da-vinci-botticelli-titien\\\/\",\"url\":\"https:\\\/\\\/michelcremerfoundation.eu\\\/index.php\\\/mec-events\\\/expo-sur-la-renaissance-avec-da-vinci-botticelli-titien\\\/\",\"name\":\"Expo sur la Renaissance avec Da Vinci - Botticelli -Titien ... \u00e0 Bozar\",\"isPartOf\":{\"@id\":\"https:\\\/\\\/michelcremerfoundation.eu\\\/#website\"},\"primaryImageOfPage\":{\"@id\":\"https:\\\/\\\/michelcremerfoundation.eu\\\/index.php\\\/mec-events\\\/expo-sur-la-renaissance-avec-da-vinci-botticelli-titien\\\/#primaryimage\"},\"image\":{\"@id\":\"https:\\\/\\\/michelcremerfoundation.eu\\\/index.php\\\/mec-events\\\/expo-sur-la-renaissance-avec-da-vinci-botticelli-titien\\\/#primaryimage\"},\"thumbnailUrl\":\"https:\\\/\\\/michelcremerfoundation.eu\\\/wp-content\\\/uploads\\\/2025\\\/10\\\/2025-03-15-BOZAR-RENAISSANCE-PHOTO.jpg\",\"datePublished\":\"2025-10-14T14:25:41+00:00\",\"dateModified\":\"2025-11-10T16:54:56+00:00\",\"description\":\"Visite guid\u00e9e de l'Expo sur la Renaissance avec des \u0153uvres de Da Vinci - Botticelli -Titien... \u00e0 Bozar Dimanche 15 mars 2026\",\"breadcrumb\":{\"@id\":\"https:\\\/\\\/michelcremerfoundation.eu\\\/index.php\\\/mec-events\\\/expo-sur-la-renaissance-avec-da-vinci-botticelli-titien\\\/#breadcrumb\"},\"inLanguage\":\"fr-FR\",\"potentialAction\":[{\"@type\":\"ReadAction\",\"target\":[\"https:\\\/\\\/michelcremerfoundation.eu\\\/index.php\\\/mec-events\\\/expo-sur-la-renaissance-avec-da-vinci-botticelli-titien\\\/\"]}]},{\"@type\":\"ImageObject\",\"inLanguage\":\"fr-FR\",\"@id\":\"https:\\\/\\\/michelcremerfoundation.eu\\\/index.php\\\/mec-events\\\/expo-sur-la-renaissance-avec-da-vinci-botticelli-titien\\\/#primaryimage\",\"url\":\"https:\\\/\\\/michelcremerfoundation.eu\\\/wp-content\\\/uploads\\\/2025\\\/10\\\/2025-03-15-BOZAR-RENAISSANCE-PHOTO.jpg\",\"contentUrl\":\"https:\\\/\\\/michelcremerfoundation.eu\\\/wp-content\\\/uploads\\\/2025\\\/10\\\/2025-03-15-BOZAR-RENAISSANCE-PHOTO.jpg\",\"width\":990,\"height\":557},{\"@type\":\"BreadcrumbList\",\"@id\":\"https:\\\/\\\/michelcremerfoundation.eu\\\/index.php\\\/mec-events\\\/expo-sur-la-renaissance-avec-da-vinci-botticelli-titien\\\/#breadcrumb\",\"itemListElement\":[{\"@type\":\"ListItem\",\"position\":1,\"name\":\"Accueil\",\"item\":\"https:\\\/\\\/michelcremerfoundation.eu\\\/\"},{\"@type\":\"ListItem\",\"position\":2,\"name\":\"Events\",\"item\":\"https:\\\/\\\/michelcremerfoundation.eu\\\/index.php\\\/nl\\\/mec-events\\\/\"},{\"@type\":\"ListItem\",\"position\":3,\"name\":\"Expo sur la Renaissance avec des \u0153uvres de Da Vinci &#8211; Botticelli &#8211; Titien -&#8230;\"}]},{\"@type\":\"WebSite\",\"@id\":\"https:\\\/\\\/michelcremerfoundation.eu\\\/#website\",\"url\":\"https:\\\/\\\/michelcremerfoundation.eu\\\/\",\"name\":\"Fondation Michel Cremer\",\"description\":\"Ensemble, vers la m\u00e9decine du futur\",\"publisher\":{\"@id\":\"https:\\\/\\\/michelcremerfoundation.eu\\\/#organization\"},\"potentialAction\":[{\"@type\":\"SearchAction\",\"target\":{\"@type\":\"EntryPoint\",\"urlTemplate\":\"https:\\\/\\\/michelcremerfoundation.eu\\\/?s={search_term_string}\"},\"query-input\":{\"@type\":\"PropertyValueSpecification\",\"valueRequired\":true,\"valueName\":\"search_term_string\"}}],\"inLanguage\":\"fr-FR\"},{\"@type\":\"Organization\",\"@id\":\"https:\\\/\\\/michelcremerfoundation.eu\\\/#organization\",\"name\":\"Fondation Michel Cremer\",\"url\":\"https:\\\/\\\/michelcremerfoundation.eu\\\/\",\"logo\":{\"@type\":\"ImageObject\",\"inLanguage\":\"fr-FR\",\"@id\":\"https:\\\/\\\/michelcremerfoundation.eu\\\/#\\\/schema\\\/logo\\\/image\\\/\",\"url\":\"https:\\\/\\\/michelcremerfoundation.eu\\\/wp-content\\\/uploads\\\/2018\\\/03\\\/Logo-FMC-e1520765525490.jpg\",\"contentUrl\":\"https:\\\/\\\/michelcremerfoundation.eu\\\/wp-content\\\/uploads\\\/2018\\\/03\\\/Logo-FMC-e1520765525490.jpg\",\"width\":100,\"height\":66,\"caption\":\"Fondation Michel Cremer\"},\"image\":{\"@id\":\"https:\\\/\\\/michelcremerfoundation.eu\\\/#\\\/schema\\\/logo\\\/image\\\/\"},\"sameAs\":[\"https:\\\/\\\/www.facebook.com\\\/fondationmichelcremer\",\"https:\\\/\\\/www.linkedin.com\\\/company\\\/18897844\"]}]}<\/script>\n<!-- \/ Yoast SEO plugin. -->","yoast_head_json":{"title":"Expo sur la Renaissance avec Da Vinci - Botticelli -Titien ... \u00e0 Bozar","description":"Visite guid\u00e9e de l'Expo sur la Renaissance avec des \u0153uvres de Da Vinci - Botticelli -Titien... \u00e0 Bozar Dimanche 15 mars 2026","robots":{"index":"index","follow":"follow","max-snippet":"max-snippet:-1","max-image-preview":"max-image-preview:large","max-video-preview":"max-video-preview:-1"},"canonical":"https:\/\/michelcremerfoundation.eu\/index.php\/mec-events\/expo-sur-la-renaissance-avec-da-vinci-botticelli-titien\/","og_locale":"fr_FR","og_type":"article","og_title":"Expo sur la Renaissance avec Da Vinci - Botticelli -Titien ... \u00e0 Bozar","og_description":"Visite guid\u00e9e de l'Expo sur la Renaissance avec des \u0153uvres de Da Vinci - Botticelli -Titien... \u00e0 Bozar Dimanche 15 mars 2026","og_url":"https:\/\/michelcremerfoundation.eu\/index.php\/mec-events\/expo-sur-la-renaissance-avec-da-vinci-botticelli-titien\/","og_site_name":"Fondation Michel Cremer","article_publisher":"https:\/\/www.facebook.com\/fondationmichelcremer","article_modified_time":"2025-11-10T16:54:56+00:00","og_image":[{"width":990,"height":557,"url":"https:\/\/michelcremerfoundation.eu\/wp-content\/uploads\/2025\/10\/2025-03-15-BOZAR-RENAISSANCE-PHOTO.jpg","type":"image\/jpeg"}],"twitter_card":"summary_large_image","twitter_misc":{"Dur\u00e9e de lecture estim\u00e9e":"4 minutes"},"schema":{"@context":"https:\/\/schema.org","@graph":[{"@type":"WebPage","@id":"https:\/\/michelcremerfoundation.eu\/index.php\/mec-events\/expo-sur-la-renaissance-avec-da-vinci-botticelli-titien\/","url":"https:\/\/michelcremerfoundation.eu\/index.php\/mec-events\/expo-sur-la-renaissance-avec-da-vinci-botticelli-titien\/","name":"Expo sur la Renaissance avec Da Vinci - Botticelli -Titien ... \u00e0 Bozar","isPartOf":{"@id":"https:\/\/michelcremerfoundation.eu\/#website"},"primaryImageOfPage":{"@id":"https:\/\/michelcremerfoundation.eu\/index.php\/mec-events\/expo-sur-la-renaissance-avec-da-vinci-botticelli-titien\/#primaryimage"},"image":{"@id":"https:\/\/michelcremerfoundation.eu\/index.php\/mec-events\/expo-sur-la-renaissance-avec-da-vinci-botticelli-titien\/#primaryimage"},"thumbnailUrl":"https:\/\/michelcremerfoundation.eu\/wp-content\/uploads\/2025\/10\/2025-03-15-BOZAR-RENAISSANCE-PHOTO.jpg","datePublished":"2025-10-14T14:25:41+00:00","dateModified":"2025-11-10T16:54:56+00:00","description":"Visite guid\u00e9e de l'Expo sur la Renaissance avec des \u0153uvres de Da Vinci - Botticelli -Titien... \u00e0 Bozar Dimanche 15 mars 2026","breadcrumb":{"@id":"https:\/\/michelcremerfoundation.eu\/index.php\/mec-events\/expo-sur-la-renaissance-avec-da-vinci-botticelli-titien\/#breadcrumb"},"inLanguage":"fr-FR","potentialAction":[{"@type":"ReadAction","target":["https:\/\/michelcremerfoundation.eu\/index.php\/mec-events\/expo-sur-la-renaissance-avec-da-vinci-botticelli-titien\/"]}]},{"@type":"ImageObject","inLanguage":"fr-FR","@id":"https:\/\/michelcremerfoundation.eu\/index.php\/mec-events\/expo-sur-la-renaissance-avec-da-vinci-botticelli-titien\/#primaryimage","url":"https:\/\/michelcremerfoundation.eu\/wp-content\/uploads\/2025\/10\/2025-03-15-BOZAR-RENAISSANCE-PHOTO.jpg","contentUrl":"https:\/\/michelcremerfoundation.eu\/wp-content\/uploads\/2025\/10\/2025-03-15-BOZAR-RENAISSANCE-PHOTO.jpg","width":990,"height":557},{"@type":"BreadcrumbList","@id":"https:\/\/michelcremerfoundation.eu\/index.php\/mec-events\/expo-sur-la-renaissance-avec-da-vinci-botticelli-titien\/#breadcrumb","itemListElement":[{"@type":"ListItem","position":1,"name":"Accueil","item":"https:\/\/michelcremerfoundation.eu\/"},{"@type":"ListItem","position":2,"name":"Events","item":"https:\/\/michelcremerfoundation.eu\/index.php\/nl\/mec-events\/"},{"@type":"ListItem","position":3,"name":"Expo sur la Renaissance avec des \u0153uvres de Da Vinci &#8211; Botticelli &#8211; Titien -&#8230;"}]},{"@type":"WebSite","@id":"https:\/\/michelcremerfoundation.eu\/#website","url":"https:\/\/michelcremerfoundation.eu\/","name":"Fondation Michel Cremer","description":"Ensemble, vers la m\u00e9decine du futur","publisher":{"@id":"https:\/\/michelcremerfoundation.eu\/#organization"},"potentialAction":[{"@type":"SearchAction","target":{"@type":"EntryPoint","urlTemplate":"https:\/\/michelcremerfoundation.eu\/?s={search_term_string}"},"query-input":{"@type":"PropertyValueSpecification","valueRequired":true,"valueName":"search_term_string"}}],"inLanguage":"fr-FR"},{"@type":"Organization","@id":"https:\/\/michelcremerfoundation.eu\/#organization","name":"Fondation Michel Cremer","url":"https:\/\/michelcremerfoundation.eu\/","logo":{"@type":"ImageObject","inLanguage":"fr-FR","@id":"https:\/\/michelcremerfoundation.eu\/#\/schema\/logo\/image\/","url":"https:\/\/michelcremerfoundation.eu\/wp-content\/uploads\/2018\/03\/Logo-FMC-e1520765525490.jpg","contentUrl":"https:\/\/michelcremerfoundation.eu\/wp-content\/uploads\/2018\/03\/Logo-FMC-e1520765525490.jpg","width":100,"height":66,"caption":"Fondation Michel Cremer"},"image":{"@id":"https:\/\/michelcremerfoundation.eu\/#\/schema\/logo\/image\/"},"sameAs":["https:\/\/www.facebook.com\/fondationmichelcremer","https:\/\/www.linkedin.com\/company\/18897844"]}]}},"jetpack_sharing_enabled":true,"_links":{"self":[{"href":"https:\/\/michelcremerfoundation.eu\/index.php\/wp-json\/wp\/v2\/mec-events\/16031","targetHints":{"allow":["GET"]}}],"collection":[{"href":"https:\/\/michelcremerfoundation.eu\/index.php\/wp-json\/wp\/v2\/mec-events"}],"about":[{"href":"https:\/\/michelcremerfoundation.eu\/index.php\/wp-json\/wp\/v2\/types\/mec-events"}],"author":[{"embeddable":true,"href":"https:\/\/michelcremerfoundation.eu\/index.php\/wp-json\/wp\/v2\/users\/2"}],"replies":[{"embeddable":true,"href":"https:\/\/michelcremerfoundation.eu\/index.php\/wp-json\/wp\/v2\/comments?post=16031"}],"version-history":[{"count":12,"href":"https:\/\/michelcremerfoundation.eu\/index.php\/wp-json\/wp\/v2\/mec-events\/16031\/revisions"}],"predecessor-version":[{"id":16181,"href":"https:\/\/michelcremerfoundation.eu\/index.php\/wp-json\/wp\/v2\/mec-events\/16031\/revisions\/16181"}],"wp:featuredmedia":[{"embeddable":true,"href":"https:\/\/michelcremerfoundation.eu\/index.php\/wp-json\/wp\/v2\/media\/16032"}],"wp:attachment":[{"href":"https:\/\/michelcremerfoundation.eu\/index.php\/wp-json\/wp\/v2\/media?parent=16031"}],"wp:term":[{"taxonomy":"post_tag","embeddable":true,"href":"https:\/\/michelcremerfoundation.eu\/index.php\/wp-json\/wp\/v2\/tags?post=16031"},{"taxonomy":"mec_category","embeddable":true,"href":"https:\/\/michelcremerfoundation.eu\/index.php\/wp-json\/wp\/v2\/mec_category?post=16031"}],"curies":[{"name":"wp","href":"https:\/\/api.w.org\/{rel}","templated":true}]}}