{"version":"1.0","provider_name":"Fondation Michel Cremer","provider_url":"https:\/\/michelcremerfoundation.eu","author_name":"Nicolas Tiamoulakis","author_url":"https:\/\/michelcremerfoundation.eu\/index.php\/author\/nicolas-tiamoulakis\/","title":"LA FONDATION S\u2019ASSOCIE AU 10\u00e8me ANNIVERSAIRE DE LA FILIERE BIOMEDICALE - Fondation Michel Cremer","type":"rich","width":600,"height":338,"html":"<blockquote class=\"wp-embedded-content\" data-secret=\"sfOGTZ9AWC\"><a href=\"https:\/\/michelcremerfoundation.eu\/index.php\/2018\/10\/04\/anniversaire-filiere-biomedicale\/\">LA FONDATION S\u2019ASSOCIE AU 10\u00e8me ANNIVERSAIRE DE LA FILIERE BIOMEDICALE<\/a><\/blockquote><iframe sandbox=\"allow-scripts\" security=\"restricted\" src=\"https:\/\/michelcremerfoundation.eu\/index.php\/2018\/10\/04\/anniversaire-filiere-biomedicale\/embed\/#?secret=sfOGTZ9AWC\" width=\"600\" height=\"338\" title=\"\u00ab\u00a0LA FONDATION S\u2019ASSOCIE AU 10\u00e8me ANNIVERSAIRE DE LA FILIERE BIOMEDICALE\u00a0\u00bb &#8212; Fondation Michel Cremer\" data-secret=\"sfOGTZ9AWC\" frameborder=\"0\" marginwidth=\"0\" marginheight=\"0\" scrolling=\"no\" class=\"wp-embedded-content\"><\/iframe><script type=\"text\/javascript\">\n\/* <![CDATA[ *\/\n\/*! This file is auto-generated *\/\n!function(d,l){\"use strict\";l.querySelector&&d.addEventListener&&\"undefined\"!=typeof URL&&(d.wp=d.wp||{},d.wp.receiveEmbedMessage||(d.wp.receiveEmbedMessage=function(e){var t=e.data;if((t||t.secret||t.message||t.value)&&!\/[^a-zA-Z0-9]\/.test(t.secret)){for(var s,r,n,a=l.querySelectorAll('iframe[data-secret=\"'+t.secret+'\"]'),o=l.querySelectorAll('blockquote[data-secret=\"'+t.secret+'\"]'),c=new RegExp(\"^https?:$\",\"i\"),i=0;i<o.length;i++)o[i].style.display=\"none\";for(i=0;i<a.length;i++)s=a[i],e.source===s.contentWindow&&(s.removeAttribute(\"style\"),\"height\"===t.message?(1e3<(r=parseInt(t.value,10))?r=1e3:~~r<200&&(r=200),s.height=r):\"link\"===t.message&&(r=new URL(s.getAttribute(\"src\")),n=new URL(t.value),c.test(n.protocol))&&n.host===r.host&&l.activeElement===s&&(d.top.location.href=t.value))}},d.addEventListener(\"message\",d.wp.receiveEmbedMessage,!1),l.addEventListener(\"DOMContentLoaded\",function(){for(var e,t,s=l.querySelectorAll(\"iframe.wp-embedded-content\"),r=0;r<s.length;r++)(t=(e=s[r]).getAttribute(\"data-secret\"))||(t=Math.random().toString(36).substring(2,12),e.src+=\"#?secret=\"+t,e.setAttribute(\"data-secret\",t)),e.contentWindow.postMessage({message:\"ready\",secret:t},\"*\")},!1)))}(window,document);\n\/\/# sourceURL=https:\/\/michelcremerfoundation.eu\/wp-includes\/js\/wp-embed.min.js\n\/* ]]> *\/\n<\/script>\n","thumbnail_url":"https:\/\/michelcremerfoundation.eu\/wp-content\/uploads\/2018\/10\/Specificites_960x920.jpg","thumbnail_width":960,"thumbnail_height":920,"description":"Vous \u00eates les bienvenus La Fondation Michel Cremer s\u2019associe \u00e0 la fili\u00e8re biom\u00e9dicale de l\u2019Ecole polytechnique de l\u2019ULB pour f\u00eater ses 10 ans d\u2019existence : vous \u00eates cordialement invit\u00e9 \/ invit\u00e9e \u00e0 la s\u00e9ance acad\u00e9mique \u00e0 l\u2019occasion de cet anniversaire le jeudi 11\/10\/2018 \u00e0 17h Nous serons pr\u00e9sents \u00e0 cette s\u00e9ance et esp\u00e9rons avoir le plaisir de vous y rencontrer Adresse: EEBIC, all\u00e9e de la Recherche 12 , Erasmus scientific Park, Anderlecht &#8211; M\u00e9tro Erasme Cette fili\u00e8re de formation a \u00e9t\u00e9 cr\u00e9\u00e9e il y a 10 ans notamment \u00e0 partir de la collaboration de recherche initi\u00e9e entre le service de gastroent\u00e9rologie de l\u2019h\u00f4pital Erasme et l\u2019Ecole polytechnique. Ce sera l\u2019occasion de d\u00e9couvrir tous les partenaires de la Fondation : les acteurs de la recherche et de la formation, de l\u2019h\u00f4pital, les chercheurs ; leurs r\u00e9alisations et leurs projets Int\u00e9r\u00e9s\u00e9.e ? Pour la bonne organisation, nous vous demandons de bien vouloir vous inscrire via le formulaire sur la page Contact. S&rsquo;inscrire"}